{"id":1158,"date":"2023-02-09T13:57:44","date_gmt":"2023-02-09T12:57:44","guid":{"rendered":"https:\/\/www.forumsevilla.es\/oktoberfest\/"},"modified":"2025-11-02T23:43:50","modified_gmt":"2025-11-02T22:43:50","slug":"oktoberfest","status":"publish","type":"page","link":"https:\/\/www.forumsevilla.com\/es\/oktoberfest\/","title":{"rendered":"Oktoberfest"},"content":{"rendered":"\t\t<div data-elementor-type=\"wp-page\" data-elementor-id=\"1158\" class=\"elementor elementor-1158 elementor-480\" data-elementor-post-type=\"page\">\n\t\t\t\t\t\t<section class=\"elementor-section elementor-top-section elementor-element elementor-element-2b1b1194 elementor-section-full_width elementor-section-height-min-height elementor-section-height-default elementor-section-items-middle\" data-id=\"2b1b1194\" data-element_type=\"section\" id=\"top\" data-settings=\"{&quot;background_background&quot;:&quot;classic&quot;}\">\n\t\t\t\t\t\t\t<div class=\"elementor-background-overlay\"><\/div>\n\t\t\t\t\t\t\t<div class=\"elementor-container elementor-column-gap-default\">\n\t\t\t\t\t<div class=\"elementor-column elementor-col-100 elementor-top-column elementor-element elementor-element-2a506a59\" data-id=\"2a506a59\" data-element_type=\"column\">\n\t\t\t<div class=\"elementor-widget-wrap elementor-element-populated\">\n\t\t\t\t\t\t<section class=\"elementor-section elementor-inner-section elementor-element elementor-element-b3e5a elementor-reverse-mobile elementor-section-boxed elementor-section-height-default elementor-section-height-default\" data-id=\"b3e5a\" data-element_type=\"section\">\n\t\t\t\t\t\t<div class=\"elementor-container elementor-column-gap-default\">\n\t\t\t\t\t<div class=\"elementor-column elementor-col-100 elementor-inner-column elementor-element elementor-element-56038e2e\" data-id=\"56038e2e\" data-element_type=\"column\">\n\t\t\t<div class=\"elementor-widget-wrap elementor-element-populated\">\n\t\t\t\t\t\t<div class=\"elementor-element elementor-element-580b34dc elementor-widget elementor-widget-heading\" data-id=\"580b34dc\" data-element_type=\"widget\" data-widget_type=\"heading.default\">\n\t\t\t\t<div class=\"elementor-widget-container\">\n\t\t\t<h1 class=\"elementor-heading-title elementor-size-default\">Oktoberfest 2026 - <br \/>\u00a1Volveremos el 17\/10\/2026!<\/h1>\t\t<\/div>\n\t\t\t\t<\/div>\n\t\t\t\t\t<\/div>\n\t\t<\/div>\n\t\t\t\t\t<\/div>\n\t\t<\/section>\n\t\t\t\t\t<\/div>\n\t\t<\/div>\n\t\t\t\t\t<\/div>\n\t\t<\/section>\n\t\t\t\t<section class=\"elementor-section elementor-top-section elementor-element elementor-element-9f51472 elementor-section-boxed elementor-section-height-default elementor-section-height-default\" data-id=\"9f51472\" data-element_type=\"section\">\n\t\t\t\t\t\t<div class=\"elementor-container elementor-column-gap-default\">\n\t\t\t\t\t<div class=\"elementor-column elementor-col-100 elementor-top-column elementor-element elementor-element-1c5a202\" data-id=\"1c5a202\" data-element_type=\"column\">\n\t\t\t<div class=\"elementor-widget-wrap elementor-element-populated\">\n\t\t\t\t\t\t<section class=\"elementor-section elementor-inner-section elementor-element elementor-element-d02ee6a elementor-section-content-top elementor-section-boxed elementor-section-height-default elementor-section-height-default\" data-id=\"d02ee6a\" data-element_type=\"section\">\n\t\t\t\t\t\t<div class=\"elementor-container elementor-column-gap-custom\">\n\t\t\t\t\t<div class=\"elementor-column elementor-col-100 elementor-inner-column elementor-element elementor-element-856e4e9\" data-id=\"856e4e9\" data-element_type=\"column\">\n\t\t\t<div class=\"elementor-widget-wrap elementor-element-populated\">\n\t\t\t\t\t\t<div class=\"elementor-element elementor-element-54cbc80 elementor-widget elementor-widget-text-editor\" data-id=\"54cbc80\" data-element_type=\"widget\" data-widget_type=\"text-editor.default\">\n\t\t\t\t<div class=\"elementor-widget-container\">\n\t\t\t\t\t\t\t<div dir=\"auto\">\n\n<p><strong>Queridos miembros y amigos del fOrum:<\/strong><\/p>\n<p>El s\u00e1bado el 18 de octubre de 2025 celebramos nuestra tradicional Oktoberfest en el Parque Alamillo. Desde las 14 horas m\u00e1s de 200 personas acudieron para festejarlo juntos en un d\u00eda espl\u00e9ndido oto\u00f1al.<\/p>\n<p>Nos alegr\u00f3 especialmente que muchas familias con ni\u00f1os aprovecharon la oportunidad para conocer m\u00e1s de cerca esta tradici\u00f3n b\u00e1vara y fortalecer los lazos con otras personas y familias. Tambi\u00e9n nos ha complacido mucho la gran participaci\u00f3n de nuestros amigos espa\u00f1oles, que, como en a\u00f1os anteriores, representaron la mayor\u00eda de los asistentes. As\u00ed, nuestra fiesta no solo fomenta el intercambio social sino tambi\u00e9n el cultural.<\/p>\n<p>Por ello, hemos comenzado ya con los preparativos para nuestra 8\u00aa Oktoberfest. En 2026 queremos seguir con esta tradici\u00f3n y organizar nuevamente una fiesta familiar, intercultural y \u00fanica para todos, celebrando juntos nuestra propia \u201cWiesn\u00a0sevillana\u201d.<\/p>\n<div class=\" hurrytimer-campaign hurryt-loading hurrytimer-campaign-3138\" data-config=\"{&quot;id&quot;:3138,&quot;run_in_background&quot;:false,&quot;sticky&quot;:false,&quot;product_ids&quot;:[],&quot;actions&quot;:[{&quot;id&quot;:1,&quot;redirectUrl&quot;:&quot;&quot;,&quot;message&quot;:&quot;&quot;,&quot;coupon&quot;:&quot;&quot;,&quot;wcStockStatus&quot;:&quot;instock&quot;}],&quot;template&quot;:&quot;&lt;div class=\\&quot;hurrytimer-timer-block \\&quot;&gt;&lt;div class=\\&quot;hurrytimer-timer-digit \\&quot;&gt;%m&lt;\\\/div&gt;&lt;div class=\\&quot;hurrytimer-timer-label \\&quot; &gt;meses&lt;\\\/div&gt;&lt;\\\/div&gt;&lt;div class=\\&quot; hurrytimer-timer-sep\\&quot;&gt;:&lt;\\\/div&gt;&lt;div class=\\&quot;hurrytimer-timer-block \\&quot;&gt;&lt;div class=\\&quot;hurrytimer-timer-digit \\&quot;&gt;%n&lt;\\\/div&gt;&lt;div class=\\&quot;hurrytimer-timer-label \\&quot; &gt;dias&lt;\\\/div&gt;&lt;\\\/div&gt;&lt;div class=\\&quot; hurrytimer-timer-sep\\&quot;&gt;:&lt;\\\/div&gt;&lt;div class=\\&quot;hurrytimer-timer-block \\&quot;&gt;&lt;div class=\\&quot;hurrytimer-timer-digit \\&quot;&gt;%H&lt;\\\/div&gt;&lt;div class=\\&quot;hurrytimer-timer-label \\&quot; &gt;horas&lt;\\\/div&gt;&lt;\\\/div&gt;&lt;div class=\\&quot; hurrytimer-timer-sep\\&quot;&gt;:&lt;\\\/div&gt;&lt;div class=\\&quot;hurrytimer-timer-block \\&quot;&gt;&lt;div class=\\&quot;hurrytimer-timer-digit \\&quot;&gt;%M&lt;\\\/div&gt;&lt;div class=\\&quot;hurrytimer-timer-label \\&quot; &gt;minutos&lt;\\\/div&gt;&lt;\\\/div&gt;&quot;,&quot;methods&quot;:[1,2],&quot;mode&quot;:&quot;one_time&quot;,&quot;sticky_bar_hide_timeout&quot;:7,&quot;recurr&quot;:false,&quot;timeToNextRecurrence&quot;:0,&quot;isRegular&quot;:true,&quot;endDate&quot;:1792238400000}\" ><div class=\" hurrytimer-headline\"><span style=\"color: #505050;\">Cuenta atr\u00e1s para el Oktoberfest 2026<\/span><\/div><div class=\" hurrytimer-timer\"><\/div><\/div>\n<!--El s\u00e1bado 18 de octubre,\u00a0<strong>fOrum Sevilla<\/strong>\u00a0celebra la\u00a0<strong>s\u00e9ptima edici\u00f3n de la Oktoberfest<\/strong>\u00a0con aut\u00e9ntica cerveza\u00a0<strong>Paulaner<\/strong>, cocina b\u00e1vara tradicional (salchichas, ensaladas, O\u2019bazda, etc.) y animada\u00a0<strong>m\u00fasica en directo<\/strong>. Para nuestros peque\u00f1os invitados hemos organizado\u00a0<strong>juegos infantiles<\/strong>.\n\n\u00a1Animamos a todos a venir con el traje t\u00edpico b\u00e1varo! Tambi\u00e9n estaremos encantados de recibir\u00a0<strong>tartas caseras<\/strong>\u00a0para nuestro gran buffet de pasteles.\n\nEst\u00e1 invitado todo aquel que disfrute de la <strong>cordialidad b\u00e1vara<\/strong> en un contexto germano-andaluz.\n\nLa fiesta comenzar\u00e1 a las\u00a0<strong>14:00 horas<\/strong>, en un\u00a0<strong>prado a 100 m al sur del Cortijo del Alamillo<\/strong>\u00a0(se recomienda aparcar en la entrada norte del parque) y terminar\u00e1 con el\u00a0<strong>cierre del parque a las 22:00 horas<\/strong>.\n\nLa\u00a0<strong>contribuci\u00f3n<\/strong>\u00a0(incluye todas las comidas y bebidas) es de:\n<ul>\n \t<li><strong>40 \u20ac para adultos<\/strong>\u00a0(a partir de 18 a\u00f1os),<\/li>\n \t<li><strong>20 \u20ac para j\u00f3venes<\/strong>\u00a0(de 14 a 17 a\u00f1os),<\/li>\n \t<li><strong>10 \u20ac para ni\u00f1os<\/strong>\u00a0(de 6 a 13 a\u00f1os).<\/li>\n \t<li><strong>Entrada gratuita<\/strong>\u00a0para ni\u00f1os menores de 6 a\u00f1os.<\/li>\n<\/ul>\n<div><\/div>\n<p style=\"margin-top: 20px; font-weight: bold;\">Las entradas para la Oktoberfest son limitadas y deben comprarse por adelantado a trav\u00e9s de este sitio web.<\/p>\n\n<div style=\"margin-top: 40px; clear: left; text-align: center;\"><a class=\"ticket-button\" href=\"https:\/\/www.tickettailor.com\/events\/forumsevilla\/1833990\" target=\"_blank\" rel=\"noopener\">comprar entradas<\/a><\/div>\n<div><\/div>\n-->\n\n<\/div>\t\t\t\t\t\t<\/div>\n\t\t\t\t<\/div>\n\t\t\t\t<div class=\"elementor-element elementor-element-e1f50c3 elementor-widget elementor-widget-text-editor\" data-id=\"e1f50c3\" data-element_type=\"widget\" data-widget_type=\"text-editor.default\">\n\t\t\t\t<div class=\"elementor-widget-container\">\n\t\t\t\t\t\t\t<p style=\"margin-top: 50px;\">Impresiones de la \u00faltima Oktoberfest<\/p>\t\t\t\t\t\t<\/div>\n\t\t\t\t<\/div>\n\t\t\t\t<div class=\"elementor-element elementor-element-b28eaf6 elementor-widget elementor-widget-owl-carousel-elementor\" data-id=\"b28eaf6\" data-element_type=\"widget\" data-widget_type=\"owl-carousel-elementor.default\">\n\t\t\t\t<div class=\"elementor-widget-container\">\n\t\t\t<div class='js-owce-carousel-container owce-carousel-container  owce-carousel-no-nav-tablet owce-carousel-no-nav-mobile owce-carousel-b28eaf6'><div id=\"owce-carousel-b28eaf6\" class=\"owl-carousel owl-theme js-owce-carousel owce-carousel owce-carousel-basic owce-carousel-basic-one\" data-options=\"{&quot;field_prefix&quot;:&quot;carousel_&quot;,&quot;layout&quot;:&quot;basic&quot;,&quot;rtl&quot;:false,&quot;items_count&quot;:3,&quot;items_count_tablet&quot;:null,&quot;items_count_mobile&quot;:null,&quot;items_slideby&quot;:1,&quot;items_slideby_tablet&quot;:null,&quot;items_slideby_mobile&quot;:null,&quot;margin&quot;:10,&quot;margin_tablet&quot;:0,&quot;margin_mobile&quot;:0,&quot;nav&quot;:&quot;yes&quot;,&quot;nav_tablet&quot;:null,&quot;nav_mobile&quot;:null,&quot;dots&quot;:&quot;yes&quot;,&quot;dots_tablet&quot;:null,&quot;dots_mobile&quot;:null,&quot;autoplay&quot;:&quot;yes&quot;,&quot;autoplay_timeout&quot;:5000,&quot;autoplay_hover_pause&quot;:false,&quot;animate_in&quot;:&quot;&quot;,&quot;animate_out&quot;:&quot;&quot;,&quot;rewind&quot;:&quot;&quot;,&quot;loop&quot;:&quot;yes&quot;,&quot;loop_tablet&quot;:null,&quot;loop_mobile&quot;:null,&quot;smart_speed&quot;:500,&quot;lazyLoad&quot;:&quot;&quot;,&quot;auto_height&quot;:&quot;&quot;,&quot;mouse_drag&quot;:&quot;yes&quot;,&quot;touch_drag&quot;:&quot;yes&quot;}\">            \t\t\t<div class=\"item carousel-item-fb72c5b elementor-animation-float\">\n                <div class=\"owl-thumb\">\n    <img fetchpriority=\"high\" decoding=\"async\" width=\"450\" height=\"450\" src=\"https:\/\/www.forumsevilla.com\/wp-content\/uploads\/Oktoberfest-Slider-1-1-450x450.jpg\" class=\"attachment-owl_elementor_thumbnail size-owl_elementor_thumbnail wp-image-3036\" alt=\"Frauen im Dirndl auf dem Oktoberfest in Sevilla\" srcset=\"https:\/\/www.forumsevilla.com\/wp-content\/uploads\/Oktoberfest-Slider-1-1-450x450.jpg 450w, https:\/\/www.forumsevilla.com\/wp-content\/uploads\/Oktoberfest-Slider-1-1-768x768.jpg 768w, https:\/\/www.forumsevilla.com\/wp-content\/uploads\/Oktoberfest-Slider-1-1-100x100.jpg 100w, https:\/\/www.forumsevilla.com\/wp-content\/uploads\/Oktoberfest-Slider-1-1.jpg 900w\" sizes=\"(max-width: 450px) 100vw, 450px\" \/><\/div>\n<p class=\"owl-content\" data-setting=\"item_content\"><\/p>\t\t\t<\/div>\n\t\t            \t\t\t<div class=\"item carousel-item-643250d elementor-animation-float\">\n                <div class=\"owl-thumb\">\n    <img decoding=\"async\" width=\"450\" height=\"450\" src=\"https:\/\/www.forumsevilla.com\/wp-content\/uploads\/Oktoberfest-Slider-2-1-450x450.jpg\" class=\"attachment-owl_elementor_thumbnail size-owl_elementor_thumbnail wp-image-3038\" alt=\"Besucher auf dem Oktoberfest in Sevilla\" srcset=\"https:\/\/www.forumsevilla.com\/wp-content\/uploads\/Oktoberfest-Slider-2-1-450x450.jpg 450w, https:\/\/www.forumsevilla.com\/wp-content\/uploads\/Oktoberfest-Slider-2-1-768x768.jpg 768w, https:\/\/www.forumsevilla.com\/wp-content\/uploads\/Oktoberfest-Slider-2-1-100x100.jpg 100w, https:\/\/www.forumsevilla.com\/wp-content\/uploads\/Oktoberfest-Slider-2-1.jpg 900w\" sizes=\"(max-width: 450px) 100vw, 450px\" \/><\/div>\n<p class=\"owl-content\" data-setting=\"item_content\"><\/p>\t\t\t<\/div>\n\t\t            \t\t\t<div class=\"item carousel-item-6e3c2d9 elementor-animation-float\">\n                <div class=\"owl-thumb\">\n    <img decoding=\"async\" width=\"450\" height=\"450\" src=\"https:\/\/www.forumsevilla.com\/wp-content\/uploads\/Oktoberfest-Slider-3-1-450x450.jpg\" class=\"attachment-owl_elementor_thumbnail size-owl_elementor_thumbnail wp-image-3040\" alt=\"Ansprache des Vorstands des fOrum beim Oktoberfest in Sevilla\" srcset=\"https:\/\/www.forumsevilla.com\/wp-content\/uploads\/Oktoberfest-Slider-3-1-450x450.jpg 450w, https:\/\/www.forumsevilla.com\/wp-content\/uploads\/Oktoberfest-Slider-3-1-768x768.jpg 768w, https:\/\/www.forumsevilla.com\/wp-content\/uploads\/Oktoberfest-Slider-3-1-100x100.jpg 100w, https:\/\/www.forumsevilla.com\/wp-content\/uploads\/Oktoberfest-Slider-3-1.jpg 900w\" sizes=\"(max-width: 450px) 100vw, 450px\" \/><\/div>\n<p class=\"owl-content\" data-setting=\"item_content\"><\/p>\t\t\t<\/div>\n\t\t            \t\t\t<div class=\"item carousel-item-ca18e74 elementor-animation-float\">\n                <div class=\"owl-thumb\">\n    <img loading=\"lazy\" decoding=\"async\" width=\"450\" height=\"450\" src=\"https:\/\/www.forumsevilla.com\/wp-content\/uploads\/Oktoberfest-Slider-4-1-450x450.jpg\" class=\"attachment-owl_elementor_thumbnail size-owl_elementor_thumbnail wp-image-3042\" alt=\"Livemusik beim Oktoberfest in Sevilla\" srcset=\"https:\/\/www.forumsevilla.com\/wp-content\/uploads\/Oktoberfest-Slider-4-1-450x450.jpg 450w, https:\/\/www.forumsevilla.com\/wp-content\/uploads\/Oktoberfest-Slider-4-1-768x768.jpg 768w, https:\/\/www.forumsevilla.com\/wp-content\/uploads\/Oktoberfest-Slider-4-1-100x100.jpg 100w, https:\/\/www.forumsevilla.com\/wp-content\/uploads\/Oktoberfest-Slider-4-1.jpg 900w\" sizes=\"(max-width: 450px) 100vw, 450px\" \/><\/div>\n<p class=\"owl-content\" data-setting=\"item_content\"><\/p>\t\t\t<\/div>\n\t\t            \t\t\t<div class=\"item carousel-item-ab052ff elementor-animation-float\">\n                <div class=\"owl-thumb\">\n    <img loading=\"lazy\" decoding=\"async\" width=\"450\" height=\"450\" src=\"https:\/\/www.forumsevilla.com\/wp-content\/uploads\/Oktoberfest-Slider-5-1-450x450.jpg\" class=\"attachment-owl_elementor_thumbnail size-owl_elementor_thumbnail wp-image-3044\" alt=\"Tanzende G\u00e4ste beim Oktoberfest in Sevilla\" srcset=\"https:\/\/www.forumsevilla.com\/wp-content\/uploads\/Oktoberfest-Slider-5-1-450x450.jpg 450w, https:\/\/www.forumsevilla.com\/wp-content\/uploads\/Oktoberfest-Slider-5-1-768x768.jpg 768w, https:\/\/www.forumsevilla.com\/wp-content\/uploads\/Oktoberfest-Slider-5-1-100x100.jpg 100w, https:\/\/www.forumsevilla.com\/wp-content\/uploads\/Oktoberfest-Slider-5-1.jpg 900w\" sizes=\"(max-width: 450px) 100vw, 450px\" \/><\/div>\n<p class=\"owl-content\" data-setting=\"item_content\"><\/p>\t\t\t<\/div>\n\t\t            \t\t\t<div class=\"item carousel-item-cbe5faf elementor-animation-float\">\n                <div class=\"owl-thumb\">\n    <img loading=\"lazy\" decoding=\"async\" width=\"450\" height=\"450\" src=\"https:\/\/www.forumsevilla.com\/wp-content\/uploads\/Oktoberfest-Slider-6-1-450x450.jpg\" class=\"attachment-owl_elementor_thumbnail size-owl_elementor_thumbnail wp-image-3046\" alt=\"Ausgelassene Stimmung beim Oktoberfest in Sevilla\" srcset=\"https:\/\/www.forumsevilla.com\/wp-content\/uploads\/Oktoberfest-Slider-6-1-450x450.jpg 450w, https:\/\/www.forumsevilla.com\/wp-content\/uploads\/Oktoberfest-Slider-6-1-768x768.jpg 768w, https:\/\/www.forumsevilla.com\/wp-content\/uploads\/Oktoberfest-Slider-6-1-100x100.jpg 100w, https:\/\/www.forumsevilla.com\/wp-content\/uploads\/Oktoberfest-Slider-6-1.jpg 900w\" sizes=\"(max-width: 450px) 100vw, 450px\" \/><\/div>\n<p class=\"owl-content\" data-setting=\"item_content\"><\/p>\t\t\t<\/div>\n\t\t            \t\t\t<div class=\"item carousel-item-e183909 elementor-animation-float\">\n                <div class=\"owl-thumb\">\n    <img loading=\"lazy\" decoding=\"async\" width=\"450\" height=\"450\" src=\"https:\/\/www.forumsevilla.com\/wp-content\/uploads\/Oktoberfest-Slider-7-1-450x450.jpg\" class=\"attachment-owl_elementor_thumbnail size-owl_elementor_thumbnail wp-image-3048\" alt=\"Gro\u00dfer Andrang beim Bierausschank beim Oktoberfest in Sevilla\" srcset=\"https:\/\/www.forumsevilla.com\/wp-content\/uploads\/Oktoberfest-Slider-7-1-450x450.jpg 450w, https:\/\/www.forumsevilla.com\/wp-content\/uploads\/Oktoberfest-Slider-7-1-768x768.jpg 768w, https:\/\/www.forumsevilla.com\/wp-content\/uploads\/Oktoberfest-Slider-7-1-100x100.jpg 100w, https:\/\/www.forumsevilla.com\/wp-content\/uploads\/Oktoberfest-Slider-7-1.jpg 900w\" sizes=\"(max-width: 450px) 100vw, 450px\" \/><\/div>\n<p class=\"owl-content\" data-setting=\"item_content\"><\/p>\t\t\t<\/div>\n\t\t            \t\t\t<div class=\"item carousel-item-9efc42a elementor-animation-float\">\n                <div class=\"owl-thumb\">\n    <img loading=\"lazy\" decoding=\"async\" width=\"450\" height=\"450\" src=\"https:\/\/www.forumsevilla.com\/wp-content\/uploads\/Oktoberfest-Slider-8-1-450x450.jpg\" class=\"attachment-owl_elementor_thumbnail size-owl_elementor_thumbnail wp-image-3050\" alt=\"Bierausschank beim Oktoberfest in Sevilla\" srcset=\"https:\/\/www.forumsevilla.com\/wp-content\/uploads\/Oktoberfest-Slider-8-1-450x450.jpg 450w, https:\/\/www.forumsevilla.com\/wp-content\/uploads\/Oktoberfest-Slider-8-1-768x768.jpg 768w, https:\/\/www.forumsevilla.com\/wp-content\/uploads\/Oktoberfest-Slider-8-1-100x100.jpg 100w, https:\/\/www.forumsevilla.com\/wp-content\/uploads\/Oktoberfest-Slider-8-1.jpg 900w\" sizes=\"(max-width: 450px) 100vw, 450px\" \/><\/div>\n<p class=\"owl-content\" data-setting=\"item_content\"><\/p>\t\t\t<\/div>\n\t\t            \t\t\t<div class=\"item carousel-item-b647ff0 elementor-animation-float\">\n                <div class=\"owl-thumb\">\n    <img loading=\"lazy\" decoding=\"async\" width=\"450\" height=\"450\" src=\"https:\/\/www.forumsevilla.com\/wp-content\/uploads\/Oktoberfest-Slider-9-1-450x450.jpg\" class=\"attachment-owl_elementor_thumbnail size-owl_elementor_thumbnail wp-image-3052\" alt=\"G\u00e4ste in traditioneller Tracht beim Oktoberfest in Sevilla\" srcset=\"https:\/\/www.forumsevilla.com\/wp-content\/uploads\/Oktoberfest-Slider-9-1-450x450.jpg 450w, https:\/\/www.forumsevilla.com\/wp-content\/uploads\/Oktoberfest-Slider-9-1-768x768.jpg 768w, https:\/\/www.forumsevilla.com\/wp-content\/uploads\/Oktoberfest-Slider-9-1-100x100.jpg 100w, https:\/\/www.forumsevilla.com\/wp-content\/uploads\/Oktoberfest-Slider-9-1.jpg 900w\" sizes=\"(max-width: 450px) 100vw, 450px\" \/><\/div>\n<p class=\"owl-content\" data-setting=\"item_content\"><\/p>\t\t\t<\/div>\n\t\t            \t\t\t<div class=\"item carousel-item-53c9486 elementor-animation-float\">\n                <div class=\"owl-thumb\">\n    <img loading=\"lazy\" decoding=\"async\" width=\"450\" height=\"450\" src=\"https:\/\/www.forumsevilla.com\/wp-content\/uploads\/Oktoberfest-Slider-10-1-450x450.jpg\" class=\"attachment-owl_elementor_thumbnail size-owl_elementor_thumbnail wp-image-3054\" alt=\"Feiernde G\u00e4ste in Tracht beim Oktoberfest in Sevilla\" srcset=\"https:\/\/www.forumsevilla.com\/wp-content\/uploads\/Oktoberfest-Slider-10-1-450x450.jpg 450w, https:\/\/www.forumsevilla.com\/wp-content\/uploads\/Oktoberfest-Slider-10-1-768x768.jpg 768w, https:\/\/www.forumsevilla.com\/wp-content\/uploads\/Oktoberfest-Slider-10-1-100x100.jpg 100w, https:\/\/www.forumsevilla.com\/wp-content\/uploads\/Oktoberfest-Slider-10-1.jpg 900w\" sizes=\"(max-width: 450px) 100vw, 450px\" \/><\/div>\n<p class=\"owl-content\" data-setting=\"item_content\"><\/p>\t\t\t<\/div>\n\t\t            \t\t\t<div class=\"item carousel-item-fbbe3c0 elementor-animation-float\">\n                <div class=\"owl-thumb\">\n    <img loading=\"lazy\" decoding=\"async\" width=\"450\" height=\"450\" src=\"https:\/\/www.forumsevilla.com\/wp-content\/uploads\/Oktoberfest-Slider-11-1-450x450.jpg\" class=\"attachment-owl_elementor_thumbnail size-owl_elementor_thumbnail wp-image-3056\" alt=\"Bestes Wetter beim Oktoberfest in Sevilla\" srcset=\"https:\/\/www.forumsevilla.com\/wp-content\/uploads\/Oktoberfest-Slider-11-1-450x450.jpg 450w, https:\/\/www.forumsevilla.com\/wp-content\/uploads\/Oktoberfest-Slider-11-1-768x768.jpg 768w, https:\/\/www.forumsevilla.com\/wp-content\/uploads\/Oktoberfest-Slider-11-1-100x100.jpg 100w, https:\/\/www.forumsevilla.com\/wp-content\/uploads\/Oktoberfest-Slider-11-1.jpg 900w\" sizes=\"(max-width: 450px) 100vw, 450px\" \/><\/div>\n<p class=\"owl-content\" data-setting=\"item_content\"><\/p>\t\t\t<\/div>\n\t\t            \t\t\t<div class=\"item carousel-item-438ddec elementor-animation-float\">\n                <div class=\"owl-thumb\">\n    <img loading=\"lazy\" decoding=\"async\" width=\"450\" height=\"450\" src=\"https:\/\/www.forumsevilla.com\/wp-content\/uploads\/Oktoberfest-Slider-12-1-450x450.jpg\" class=\"attachment-owl_elementor_thumbnail size-owl_elementor_thumbnail wp-image-3058\" alt=\"Familien mit Kindern beim Oktoberfest in Sevilla\" srcset=\"https:\/\/www.forumsevilla.com\/wp-content\/uploads\/Oktoberfest-Slider-12-1-450x450.jpg 450w, https:\/\/www.forumsevilla.com\/wp-content\/uploads\/Oktoberfest-Slider-12-1-768x768.jpg 768w, https:\/\/www.forumsevilla.com\/wp-content\/uploads\/Oktoberfest-Slider-12-1-100x100.jpg 100w, https:\/\/www.forumsevilla.com\/wp-content\/uploads\/Oktoberfest-Slider-12-1.jpg 900w\" sizes=\"(max-width: 450px) 100vw, 450px\" \/><\/div>\n<p class=\"owl-content\" data-setting=\"item_content\"><\/p>\t\t\t<\/div>\n\t\t            \t\t\t<div class=\"item carousel-item-65f9823 elementor-animation-float\">\n                <div class=\"owl-thumb\">\n    <img loading=\"lazy\" decoding=\"async\" width=\"450\" height=\"450\" src=\"https:\/\/www.forumsevilla.com\/wp-content\/uploads\/Oktoberfest-Slider-13-1-450x450.jpg\" class=\"attachment-owl_elementor_thumbnail size-owl_elementor_thumbnail wp-image-3060\" alt=\"Gute Stimmung beim Oktoberfest in Sevilla\" srcset=\"https:\/\/www.forumsevilla.com\/wp-content\/uploads\/Oktoberfest-Slider-13-1-450x450.jpg 450w, https:\/\/www.forumsevilla.com\/wp-content\/uploads\/Oktoberfest-Slider-13-1-768x768.jpg 768w, https:\/\/www.forumsevilla.com\/wp-content\/uploads\/Oktoberfest-Slider-13-1-100x100.jpg 100w, https:\/\/www.forumsevilla.com\/wp-content\/uploads\/Oktoberfest-Slider-13-1.jpg 1150w\" sizes=\"(max-width: 450px) 100vw, 450px\" \/><\/div>\n<p class=\"owl-content\" data-setting=\"item_content\"><\/p>\t\t\t<\/div>\n\t\t            \t\t\t<div class=\"item carousel-item-a15a0b6 elementor-animation-float\">\n                <div class=\"owl-thumb\">\n    <img loading=\"lazy\" decoding=\"async\" width=\"450\" height=\"450\" src=\"https:\/\/www.forumsevilla.com\/wp-content\/uploads\/Oktoberfest-Slider-14-1-450x450.jpg\" class=\"attachment-owl_elementor_thumbnail size-owl_elementor_thumbnail wp-image-3062\" alt=\"Spielende Kinder beim Oktoberfest in Sevilla\" srcset=\"https:\/\/www.forumsevilla.com\/wp-content\/uploads\/Oktoberfest-Slider-14-1-450x450.jpg 450w, https:\/\/www.forumsevilla.com\/wp-content\/uploads\/Oktoberfest-Slider-14-1-768x768.jpg 768w, https:\/\/www.forumsevilla.com\/wp-content\/uploads\/Oktoberfest-Slider-14-1-100x100.jpg 100w, https:\/\/www.forumsevilla.com\/wp-content\/uploads\/Oktoberfest-Slider-14-1.jpg 900w\" sizes=\"(max-width: 450px) 100vw, 450px\" \/><\/div>\n<p class=\"owl-content\" data-setting=\"item_content\"><\/p>\t\t\t<\/div>\n\t\t<\/div><\/div>\t\t<\/div>\n\t\t\t\t<\/div>\n\t\t\t\t\t<\/div>\n\t\t<\/div>\n\t\t\t\t\t<\/div>\n\t\t<\/section>\n\t\t\t\t\t<\/div>\n\t\t<\/div>\n\t\t\t\t\t<\/div>\n\t\t<\/section>\n\t\t\t\t<section class=\"elementor-section elementor-top-section elementor-element elementor-element-b0dbea4 elementor-section-boxed elementor-section-height-default elementor-section-height-default\" data-id=\"b0dbea4\" data-element_type=\"section\" data-settings=\"{&quot;background_background&quot;:&quot;classic&quot;}\">\n\t\t\t\t\t\t<div class=\"elementor-container elementor-column-gap-default\">\n\t\t\t\t\t<div class=\"elementor-column elementor-col-100 elementor-top-column elementor-element elementor-element-200fa2a\" data-id=\"200fa2a\" data-element_type=\"column\">\n\t\t\t<div class=\"elementor-widget-wrap elementor-element-populated\">\n\t\t\t\t\t\t<section class=\"elementor-section elementor-inner-section elementor-element elementor-element-83a3462 elementor-section-content-middle elementor-section-boxed elementor-section-height-default elementor-section-height-default\" data-id=\"83a3462\" data-element_type=\"section\">\n\t\t\t\t\t\t<div class=\"elementor-container elementor-column-gap-default\">\n\t\t\t\t\t<div class=\"elementor-column elementor-col-50 elementor-inner-column elementor-element elementor-element-79a033b\" data-id=\"79a033b\" data-element_type=\"column\">\n\t\t\t<div class=\"elementor-widget-wrap elementor-element-populated\">\n\t\t\t\t\t\t<div class=\"elementor-element elementor-element-10222dd elementor-widget elementor-widget-image\" data-id=\"10222dd\" data-element_type=\"widget\" data-widget_type=\"image.default\">\n\t\t\t\t<div class=\"elementor-widget-container\">\n\t\t\t\t\t\t\t\t\t\t\t\t\t<img decoding=\"async\" src=\"https:\/\/www.forumsevilla.com\/wp-content\/uploads\/elementor\/thumbs\/image11-1-qay2gr2asd4uu37mawiw2uru7vxi72uldqudch06w2.png\" title=\"image11.png\" alt=\"\" loading=\"lazy\" \/>\t\t\t\t\t\t\t\t\t\t\t\t\t<\/div>\n\t\t\t\t<\/div>\n\t\t\t\t\t<\/div>\n\t\t<\/div>\n\t\t\t\t<div class=\"elementor-column elementor-col-50 elementor-inner-column elementor-element elementor-element-858ba5d\" data-id=\"858ba5d\" data-element_type=\"column\">\n\t\t\t<div class=\"elementor-widget-wrap elementor-element-populated\">\n\t\t\t\t\t\t<div class=\"elementor-element elementor-element-9c9fa21 elementor-widget__width-initial elementor-widget elementor-widget-text-editor\" data-id=\"9c9fa21\" data-element_type=\"widget\" data-widget_type=\"text-editor.default\">\n\t\t\t\t<div class=\"elementor-widget-container\">\n\t\t\t\t\t\t\t<p>El prestigioso centro cultural existe desde hace m\u00e1s de 40 a\u00f1os, cientos de miles de estudiantes de m\u00e1s de 60 pa\u00edses han adquirido habilidades ling\u00fc\u00edsticas aqu\u00ed.\u00a0CLIC\u00a0es tambi\u00e9n un lugar de encuentro habitual para conferencias y eventos para el fOrum. Desde la primera hora CLIC patrocina la fiesta con un generoso gesto econ\u00f3mico.<\/p>\t\t\t\t\t\t<\/div>\n\t\t\t\t<\/div>\n\t\t\t\t\t<\/div>\n\t\t<\/div>\n\t\t\t\t\t<\/div>\n\t\t<\/section>\n\t\t\t\t\t<\/div>\n\t\t<\/div>\n\t\t\t\t\t<\/div>\n\t\t<\/section>\n\t\t\t\t<section class=\"elementor-section elementor-top-section elementor-element elementor-element-6116d4a elementor-section-boxed elementor-section-height-default elementor-section-height-default\" data-id=\"6116d4a\" data-element_type=\"section\" data-settings=\"{&quot;background_background&quot;:&quot;classic&quot;}\">\n\t\t\t\t\t\t<div class=\"elementor-container elementor-column-gap-default\">\n\t\t\t\t\t<div class=\"elementor-column elementor-col-100 elementor-top-column elementor-element elementor-element-232bb9d\" data-id=\"232bb9d\" data-element_type=\"column\">\n\t\t\t<div class=\"elementor-widget-wrap elementor-element-populated\">\n\t\t\t\t\t\t<section class=\"elementor-section elementor-inner-section elementor-element elementor-element-5048042 elementor-section-content-middle elementor-section-boxed elementor-section-height-default elementor-section-height-default\" data-id=\"5048042\" data-element_type=\"section\">\n\t\t\t\t\t\t<div class=\"elementor-container elementor-column-gap-default\">\n\t\t\t\t\t<div class=\"elementor-column elementor-col-50 elementor-inner-column elementor-element elementor-element-d241d94\" data-id=\"d241d94\" data-element_type=\"column\">\n\t\t\t<div class=\"elementor-widget-wrap elementor-element-populated\">\n\t\t\t\t\t\t<div class=\"elementor-element elementor-element-4d77279 elementor-widget elementor-widget-image\" data-id=\"4d77279\" data-element_type=\"widget\" data-widget_type=\"image.default\">\n\t\t\t\t<div class=\"elementor-widget-container\">\n\t\t\t\t\t\t\t\t\t\t\t\t\t<img decoding=\"async\" src=\"https:\/\/www.forumsevilla.com\/wp-content\/uploads\/elementor\/thumbs\/logo-deutscheschuleoktober-1-qay2i6rf893mkn4ix0vddzq6w2uoyfjtwuq2qovk2k.webp\" title=\"logo-deutscheschuleoktober.webp\" alt=\"\" loading=\"lazy\" \/>\t\t\t\t\t\t\t\t\t\t\t\t\t<\/div>\n\t\t\t\t<\/div>\n\t\t\t\t\t<\/div>\n\t\t<\/div>\n\t\t\t\t<div class=\"elementor-column elementor-col-50 elementor-inner-column elementor-element elementor-element-b7cf265\" data-id=\"b7cf265\" data-element_type=\"column\">\n\t\t\t<div class=\"elementor-widget-wrap elementor-element-populated\">\n\t\t\t\t\t\t<div class=\"elementor-element elementor-element-7e1e1b0 elementor-widget__width-initial elementor-widget elementor-widget-text-editor\" data-id=\"7e1e1b0\" data-element_type=\"widget\" data-widget_type=\"text-editor.default\">\n\t\t\t\t<div class=\"elementor-widget-container\">\n\t\t\t\t\t\t\t<p>El\u00a0COLEGIO ALEM\u00c1N &#8216;ALBERTO DURERO&#8217; DE SEVILLA\u00a0es un\u00a0centro educativo privado y biling\u00fce\u00a0con Perfil Alem\u00e1n.\u00a0\u00a0Nuestro\u00a0Colegio,\u00a0que acaba de cumplir 100 a\u00f1os,\u00a0presta una atenci\u00f3n\u00a0espec\u00edfica\u00a0a la ense\u00f1anza de idiomas,\u00a0especialmente a\u00a0la lengua y la cultura alemana en todos los nivele educativos,\u00a0impartiendo\u00a0ense\u00f1anza biling\u00fce en alem\u00e1n en varias materias del curr\u00edculo. Destaca\u00a0por los excelentes resultados en los diplomas oficiales de alem\u00e1n de la Conferencia de Ministros de Educaci\u00f3n y Cultura de Alemania y la\u00a0posibilidad de generar un\u00a0curr\u00edculum paralelo\u00a0gracias a los distintos programas de intercambio, de pr\u00e1cticas en empresas, as\u00ed como de proyectos nacionales e internacionales.\u00a0<\/p>\t\t\t\t\t\t<\/div>\n\t\t\t\t<\/div>\n\t\t\t\t\t<\/div>\n\t\t<\/div>\n\t\t\t\t\t<\/div>\n\t\t<\/section>\n\t\t\t\t\t<\/div>\n\t\t<\/div>\n\t\t\t\t\t<\/div>\n\t\t<\/section>\n\t\t\t\t<section class=\"elementor-section elementor-top-section elementor-element elementor-element-610e203 elementor-section-boxed elementor-section-height-default elementor-section-height-default\" data-id=\"610e203\" data-element_type=\"section\" data-settings=\"{&quot;background_background&quot;:&quot;classic&quot;}\">\n\t\t\t\t\t\t<div class=\"elementor-container elementor-column-gap-default\">\n\t\t\t\t\t<div class=\"elementor-column elementor-col-100 elementor-top-column elementor-element elementor-element-f163ab2\" data-id=\"f163ab2\" data-element_type=\"column\">\n\t\t\t<div class=\"elementor-widget-wrap elementor-element-populated\">\n\t\t\t\t\t\t<section class=\"elementor-section elementor-inner-section elementor-element elementor-element-f99c0cd elementor-section-content-middle elementor-section-boxed elementor-section-height-default elementor-section-height-default\" data-id=\"f99c0cd\" data-element_type=\"section\">\n\t\t\t\t\t\t<div class=\"elementor-container elementor-column-gap-default\">\n\t\t\t\t\t<div class=\"elementor-column elementor-col-50 elementor-inner-column elementor-element elementor-element-a799bb5\" data-id=\"a799bb5\" data-element_type=\"column\">\n\t\t\t<div class=\"elementor-widget-wrap elementor-element-populated\">\n\t\t\t\t\t\t<div class=\"elementor-element elementor-element-e8d1916 elementor-widget elementor-widget-image\" data-id=\"e8d1916\" data-element_type=\"widget\" data-widget_type=\"image.default\">\n\t\t\t\t<div class=\"elementor-widget-container\">\n\t\t\t\t\t\t\t\t\t\t\t\t\t<img decoding=\"async\" src=\"https:\/\/www.forumsevilla.com\/wp-content\/uploads\/elementor\/thumbs\/logo-efe-oktober-1-qay2hbqqypx5xidky5golpjzad3kwf4osl71wk5jrw.webp\" title=\"logo-efe-oktober.webp\" alt=\"\" loading=\"lazy\" \/>\t\t\t\t\t\t\t\t\t\t\t\t\t<\/div>\n\t\t\t\t<\/div>\n\t\t\t\t\t<\/div>\n\t\t<\/div>\n\t\t\t\t<div class=\"elementor-column elementor-col-50 elementor-inner-column elementor-element elementor-element-b36585f\" data-id=\"b36585f\" data-element_type=\"column\">\n\t\t\t<div class=\"elementor-widget-wrap elementor-element-populated\">\n\t\t\t\t\t\t<div class=\"elementor-element elementor-element-1c20908 elementor-widget__width-initial elementor-widget elementor-widget-text-editor\" data-id=\"1c20908\" data-element_type=\"widget\" data-widget_type=\"text-editor.default\">\n\t\t\t\t<div class=\"elementor-widget-container\">\n\t\t\t\t\t\t\t<p><strong>CENTRO OPERATIVO DE GESTI\u00d3N Y DESARROLLO DE PROYECTOS<\/strong><\/p><p>Subvenciones\u00a0y apoyos de organismos europeos para formaci\u00f3n y empleo en Alemania. Convenios con instituciones gubernamentales y empresas privadas con\u00a0contratos laborales. Programas formativos de\u00a0innovaci\u00f3n y educaci\u00f3n integrativa.<\/p>\t\t\t\t\t\t<\/div>\n\t\t\t\t<\/div>\n\t\t\t\t\t<\/div>\n\t\t<\/div>\n\t\t\t\t\t<\/div>\n\t\t<\/section>\n\t\t\t\t\t<\/div>\n\t\t<\/div>\n\t\t\t\t\t<\/div>\n\t\t<\/section>\n\t\t\t\t<section class=\"elementor-section elementor-top-section elementor-element elementor-element-8e31b7b elementor-section-boxed elementor-section-height-default elementor-section-height-default\" data-id=\"8e31b7b\" data-element_type=\"section\" data-settings=\"{&quot;background_background&quot;:&quot;classic&quot;}\">\n\t\t\t\t\t\t<div class=\"elementor-container elementor-column-gap-default\">\n\t\t\t\t\t<div class=\"elementor-column elementor-col-100 elementor-top-column elementor-element elementor-element-f9d1de7\" data-id=\"f9d1de7\" data-element_type=\"column\">\n\t\t\t<div class=\"elementor-widget-wrap elementor-element-populated\">\n\t\t\t\t\t\t<section class=\"elementor-section elementor-inner-section elementor-element elementor-element-c0f72f6 elementor-section-content-middle elementor-section-boxed elementor-section-height-default elementor-section-height-default\" data-id=\"c0f72f6\" data-element_type=\"section\">\n\t\t\t\t\t\t<div class=\"elementor-container elementor-column-gap-default\">\n\t\t\t\t\t<div class=\"elementor-column elementor-col-50 elementor-inner-column elementor-element elementor-element-68e6d6a\" data-id=\"68e6d6a\" data-element_type=\"column\">\n\t\t\t<div class=\"elementor-widget-wrap elementor-element-populated\">\n\t\t\t\t\t\t<div class=\"elementor-element elementor-element-f9db06a elementor-widget elementor-widget-image\" data-id=\"f9db06a\" data-element_type=\"widget\" data-widget_type=\"image.default\">\n\t\t\t\t<div class=\"elementor-widget-container\">\n\t\t\t\t\t\t\t\t\t\t\t\t\t<img decoding=\"async\" src=\"https:\/\/www.forumsevilla.com\/wp-content\/uploads\/elementor\/thumbs\/logo-lidl-1-qay2g7bo6wzwhklkgqwdc08zf1r30i1ynvli7fucbs.webp\" title=\"logo-lidl.webp\" alt=\"\" loading=\"lazy\" \/>\t\t\t\t\t\t\t\t\t\t\t\t\t<\/div>\n\t\t\t\t<\/div>\n\t\t\t\t\t<\/div>\n\t\t<\/div>\n\t\t\t\t<div class=\"elementor-column elementor-col-50 elementor-inner-column elementor-element elementor-element-896f003\" data-id=\"896f003\" data-element_type=\"column\">\n\t\t\t<div class=\"elementor-widget-wrap elementor-element-populated\">\n\t\t\t\t\t\t<div class=\"elementor-element elementor-element-9ef157d elementor-widget__width-initial elementor-widget elementor-widget-text-editor\" data-id=\"9ef157d\" data-element_type=\"widget\" data-widget_type=\"text-editor.default\">\n\t\t\t\t<div class=\"elementor-widget-container\">\n\t\t\t\t\t\t\t<p>LIDL, una de las principales cadenas de supermercados del pa\u00eds patrocina el Oktoberfest con una generosa donaci\u00f3n de alimentos y bebidas t\u00edpicas alemanas.\u00a0El modelo de negocio de LIDL se caracteriza por ofrecer los productos de mayor calidad al mejor precio del mercado, a trav\u00e9s de una apuesta decidida por la sostenibilidad y la creaci\u00f3n de valor compartido para la sociedad espa\u00f1ola.<\/p>\t\t\t\t\t\t<\/div>\n\t\t\t\t<\/div>\n\t\t\t\t\t<\/div>\n\t\t<\/div>\n\t\t\t\t\t<\/div>\n\t\t<\/section>\n\t\t\t\t\t<\/div>\n\t\t<\/div>\n\t\t\t\t\t<\/div>\n\t\t<\/section>\n\t\t\t\t<section class=\"elementor-section elementor-top-section elementor-element elementor-element-5385ddc elementor-section-boxed elementor-section-height-default elementor-section-height-default\" data-id=\"5385ddc\" data-element_type=\"section\" data-settings=\"{&quot;background_background&quot;:&quot;classic&quot;}\">\n\t\t\t\t\t\t<div class=\"elementor-container elementor-column-gap-default\">\n\t\t\t\t\t<div class=\"elementor-column elementor-col-100 elementor-top-column elementor-element elementor-element-122c00d\" data-id=\"122c00d\" data-element_type=\"column\">\n\t\t\t<div class=\"elementor-widget-wrap elementor-element-populated\">\n\t\t\t\t\t\t<section class=\"elementor-section elementor-inner-section elementor-element elementor-element-40683e0 elementor-section-content-middle elementor-section-boxed elementor-section-height-default elementor-section-height-default\" data-id=\"40683e0\" data-element_type=\"section\">\n\t\t\t\t\t\t<div class=\"elementor-container elementor-column-gap-default\">\n\t\t\t\t\t<div class=\"elementor-column elementor-col-50 elementor-inner-column elementor-element elementor-element-a6468de\" data-id=\"a6468de\" data-element_type=\"column\">\n\t\t\t<div class=\"elementor-widget-wrap elementor-element-populated\">\n\t\t\t\t\t\t<div class=\"elementor-element elementor-element-18fafdf elementor-widget elementor-widget-image\" data-id=\"18fafdf\" data-element_type=\"widget\" data-widget_type=\"image.default\">\n\t\t\t\t<div class=\"elementor-widget-container\">\n\t\t\t\t\t\t\t\t\t\t\t\t\t<img decoding=\"async\" src=\"https:\/\/www.forumsevilla.com\/wp-content\/uploads\/elementor\/thumbs\/logo-mg97-1-qay2irfvelvxo2ahk9t5wuibyk0rnrtxbp2ras0w9o.webp\" title=\"logo-mg97.webp\" alt=\"\" loading=\"lazy\" \/>\t\t\t\t\t\t\t\t\t\t\t\t\t<\/div>\n\t\t\t\t<\/div>\n\t\t\t\t\t<\/div>\n\t\t<\/div>\n\t\t\t\t<div class=\"elementor-column elementor-col-50 elementor-inner-column elementor-element elementor-element-e26744b\" data-id=\"e26744b\" data-element_type=\"column\">\n\t\t\t<div class=\"elementor-widget-wrap elementor-element-populated\">\n\t\t\t\t\t\t<div class=\"elementor-element elementor-element-121b5e4 elementor-widget__width-initial elementor-widget elementor-widget-text-editor\" data-id=\"121b5e4\" data-element_type=\"widget\" data-widget_type=\"text-editor.default\">\n\t\t\t\t<div class=\"elementor-widget-container\">\n\t\t\t\t\t\t\tMediaci\u00f3n y Gesti\u00f3n 97 es una agencia de seguros exclusiva de la compa\u00f1\u00eda Helvetia; creada por Pedro Torn\u00e9 hace m\u00e1s de 25 a\u00f1os, nace con la misi\u00f3n de explicar el concepto de seguro a sus clientes, a los cuales ayuda para proteger su patrimonio de una manera profesional y cercana. Su lema \u00abTodo con una Compa\u00f1\u00eda, Todo con un Agente, Todo con una llamada\u00bb busca unificar la cartera de seguros de un cliente bajo una misma marca, simplificando las gestiones con la aseguradora y, de paso, ahorrar en costes, adem\u00e1s de tener a un solo mediador para todo. MyG97 tiene su oficina en Mairena del Aljarafe, con la sede social de Helvetia Seguros en Paseo Col\u00f3n (Sevilla capital).\n\t\t\t\t\t\t<\/div>\n\t\t\t\t<\/div>\n\t\t\t\t\t<\/div>\n\t\t<\/div>\n\t\t\t\t\t<\/div>\n\t\t<\/section>\n\t\t\t\t\t<\/div>\n\t\t<\/div>\n\t\t\t\t\t<\/div>\n\t\t<\/section>\n\t\t\t\t<section class=\"elementor-section elementor-top-section elementor-element elementor-element-f1ff040 elementor-section-content-middle elementor-section-boxed elementor-section-height-default elementor-section-height-default\" data-id=\"f1ff040\" data-element_type=\"section\" data-settings=\"{&quot;background_background&quot;:&quot;classic&quot;}\">\n\t\t\t\t\t\t<div class=\"elementor-container elementor-column-gap-default\">\n\t\t\t\t\t<div class=\"elementor-column elementor-col-100 elementor-top-column elementor-element elementor-element-f198a76\" data-id=\"f198a76\" data-element_type=\"column\">\n\t\t\t<div class=\"elementor-widget-wrap elementor-element-populated\">\n\t\t\t\t\t\t<section class=\"elementor-section elementor-inner-section elementor-element elementor-element-5d809ab elementor-section-content-middle elementor-section-boxed elementor-section-height-default elementor-section-height-default\" data-id=\"5d809ab\" data-element_type=\"section\">\n\t\t\t\t\t\t<div class=\"elementor-container elementor-column-gap-default\">\n\t\t\t\t\t<div class=\"elementor-column elementor-col-50 elementor-inner-column elementor-element elementor-element-9920486\" data-id=\"9920486\" data-element_type=\"column\">\n\t\t\t<div class=\"elementor-widget-wrap elementor-element-populated\">\n\t\t\t\t\t\t<div class=\"elementor-element elementor-element-dfeeca3 elementor-widget elementor-widget-image\" data-id=\"dfeeca3\" data-element_type=\"widget\" data-widget_type=\"image.default\">\n\t\t\t\t<div class=\"elementor-widget-container\">\n\t\t\t\t\t\t\t\t\t\t\t\t\t<img decoding=\"async\" src=\"https:\/\/www.forumsevilla.com\/wp-content\/uploads\/elementor\/thumbs\/logo_180px-1-qs99lxz2bf78m3r3twzuf43gldk908v87plx77sbvm.png\" title=\"logo_180px.png\" alt=\"\" loading=\"lazy\" \/>\t\t\t\t\t\t\t\t\t\t\t\t\t<\/div>\n\t\t\t\t<\/div>\n\t\t\t\t\t<\/div>\n\t\t<\/div>\n\t\t\t\t<div class=\"elementor-column elementor-col-50 elementor-inner-column elementor-element elementor-element-70d2e26\" data-id=\"70d2e26\" data-element_type=\"column\">\n\t\t\t<div class=\"elementor-widget-wrap elementor-element-populated\">\n\t\t\t\t\t\t<div class=\"elementor-element elementor-element-8b246a2 elementor-widget elementor-widget-image\" data-id=\"8b246a2\" data-element_type=\"widget\" data-widget_type=\"image.default\">\n\t\t\t\t<div class=\"elementor-widget-container\">\n\t\t\t\t\t\t\t\t\t\t\t\t\t<img decoding=\"async\" src=\"https:\/\/www.forumsevilla.com\/wp-content\/uploads\/logojunta-1-1.webp\" title=\"logojunta-1.webp\" alt=\"Logo de la Junta de Andalucia\" loading=\"lazy\" \/>\t\t\t\t\t\t\t\t\t\t\t\t\t<\/div>\n\t\t\t\t<\/div>\n\t\t\t\t\t<\/div>\n\t\t<\/div>\n\t\t\t\t\t<\/div>\n\t\t<\/section>\n\t\t\t\t\t<\/div>\n\t\t<\/div>\n\t\t\t\t\t<\/div>\n\t\t<\/section>\n\t\t\t\t<section class=\"elementor-section elementor-top-section elementor-element elementor-element-acd33d4 elementor-hidden-desktop elementor-hidden-tablet elementor-hidden-mobile elementor-section-boxed elementor-section-height-default elementor-section-height-default\" data-id=\"acd33d4\" data-element_type=\"section\" data-settings=\"{&quot;background_background&quot;:&quot;classic&quot;}\">\n\t\t\t\t\t\t<div class=\"elementor-container elementor-column-gap-default\">\n\t\t\t\t\t<div class=\"elementor-column elementor-col-100 elementor-top-column elementor-element elementor-element-b3e270e\" data-id=\"b3e270e\" data-element_type=\"column\">\n\t\t\t<div class=\"elementor-widget-wrap elementor-element-populated\">\n\t\t\t\t\t\t<section class=\"elementor-section elementor-inner-section elementor-element elementor-element-ecf601e elementor-section-content-middle elementor-section-boxed elementor-section-height-default elementor-section-height-default\" data-id=\"ecf601e\" data-element_type=\"section\">\n\t\t\t\t\t\t<div class=\"elementor-container elementor-column-gap-default\">\n\t\t\t\t\t<div class=\"elementor-column elementor-col-50 elementor-inner-column elementor-element elementor-element-a97121e\" data-id=\"a97121e\" data-element_type=\"column\">\n\t\t\t<div class=\"elementor-widget-wrap elementor-element-populated\">\n\t\t\t\t\t\t<div class=\"elementor-element elementor-element-2d75a2d elementor-widget elementor-widget-image\" data-id=\"2d75a2d\" data-element_type=\"widget\" data-widget_type=\"image.default\">\n\t\t\t\t<div class=\"elementor-widget-container\">\n\t\t\t\t\t\t\t\t\t\t\t\t\t<img decoding=\"async\" src=\"https:\/\/www.forumsevilla.com\/wp-content\/uploads\/elementor\/thumbs\/logo-sothebys-1-qay2hsntrt6e5saa5xom23s3njwh21dl7re4hbhbs8.webp\" title=\"logo-sothebys.webp\" alt=\"\" loading=\"lazy\" \/>\t\t\t\t\t\t\t\t\t\t\t\t\t<\/div>\n\t\t\t\t<\/div>\n\t\t\t\t\t<\/div>\n\t\t<\/div>\n\t\t\t\t<div class=\"elementor-column elementor-col-50 elementor-inner-column elementor-element elementor-element-0480670\" data-id=\"0480670\" data-element_type=\"column\">\n\t\t\t<div class=\"elementor-widget-wrap elementor-element-populated\">\n\t\t\t\t\t\t<div class=\"elementor-element elementor-element-abd4910 elementor-widget__width-initial elementor-widget elementor-widget-text-editor\" data-id=\"abd4910\" data-element_type=\"widget\" data-widget_type=\"text-editor.default\">\n\t\t\t\t<div class=\"elementor-widget-container\">\n\t\t\t\t\t\t\t<p>Seville Sotheby&#8217;s International Realty es una prestigiosa agencia inmobiliaria especializada en propiedades de alto standing en la ciudad de Sevilla y sus alrededores. Con una amplia experiencia en el mercado inmobiliario, se dedican a brindar un servicio personalizado y de alta calidad a sus clientes.<\/p>\t\t\t\t\t\t<\/div>\n\t\t\t\t<\/div>\n\t\t\t\t\t<\/div>\n\t\t<\/div>\n\t\t\t\t\t<\/div>\n\t\t<\/section>\n\t\t\t\t\t<\/div>\n\t\t<\/div>\n\t\t\t\t\t<\/div>\n\t\t<\/section>\n\t\t\t\t<section class=\"elementor-section elementor-top-section elementor-element elementor-element-299d289 elementor-hidden-desktop elementor-hidden-mobile elementor-section-boxed elementor-section-height-default elementor-section-height-default\" data-id=\"299d289\" data-element_type=\"section\" data-settings=\"{&quot;background_background&quot;:&quot;classic&quot;}\">\n\t\t\t\t\t\t<div class=\"elementor-container elementor-column-gap-default\">\n\t\t\t\t\t<div class=\"elementor-column elementor-col-100 elementor-top-column elementor-element elementor-element-d859a47\" data-id=\"d859a47\" data-element_type=\"column\">\n\t\t\t<div class=\"elementor-widget-wrap elementor-element-populated\">\n\t\t\t\t\t\t<section class=\"elementor-section elementor-inner-section elementor-element elementor-element-f120780 elementor-section-content-middle elementor-section-boxed elementor-section-height-default elementor-section-height-default\" data-id=\"f120780\" data-element_type=\"section\">\n\t\t\t\t\t\t<div class=\"elementor-container elementor-column-gap-default\">\n\t\t\t\t\t<div class=\"elementor-column elementor-col-50 elementor-inner-column elementor-element elementor-element-e260ff9\" data-id=\"e260ff9\" data-element_type=\"column\">\n\t\t\t<div class=\"elementor-widget-wrap elementor-element-populated\">\n\t\t\t\t\t\t<div class=\"elementor-element elementor-element-a714a96 elementor-widget elementor-widget-image\" data-id=\"a714a96\" data-element_type=\"widget\" data-widget_type=\"image.default\">\n\t\t\t\t<div class=\"elementor-widget-container\">\n\t\t\t\t\t\t\t\t\t\t\t\t\t<img decoding=\"async\" src=\"https:\/\/www.forumsevilla.com\/wp-content\/uploads\/elementor\/thumbs\/logo-deutscheschuleoktober-1-qay2i6rf893mkn4ix0vddzq6w2uoyfjtwuq2qovk2k.webp\" title=\"logo-deutscheschuleoktober.webp\" alt=\"\" loading=\"lazy\" \/>\t\t\t\t\t\t\t\t\t\t\t\t\t<\/div>\n\t\t\t\t<\/div>\n\t\t\t\t\t<\/div>\n\t\t<\/div>\n\t\t\t\t<div class=\"elementor-column elementor-col-50 elementor-inner-column elementor-element elementor-element-4d5eea1\" data-id=\"4d5eea1\" data-element_type=\"column\">\n\t\t\t<div class=\"elementor-widget-wrap elementor-element-populated\">\n\t\t\t\t\t\t<div class=\"elementor-element elementor-element-377441b elementor-widget__width-initial elementor-widget elementor-widget-text-editor\" data-id=\"377441b\" data-element_type=\"widget\" data-widget_type=\"text-editor.default\">\n\t\t\t\t<div class=\"elementor-widget-container\">\n\t\t\t\t\t\t\t<p>El\u00a0COLEGIO ALEM\u00c1N &#8216;ALBERTO DURERO&#8217; DE SEVILLA\u00a0es un\u00a0centro educativo privado y biling\u00fce\u00a0con Perfil Alem\u00e1n.\u00a0\u00a0Nuestro\u00a0Colegio,\u00a0que acaba de cumplir 100 a\u00f1os,\u00a0presta una atenci\u00f3n\u00a0espec\u00edfica\u00a0a la ense\u00f1anza de idiomas,\u00a0especialmente a\u00a0la lengua y la cultura alemana en todos los nivele educativos,\u00a0impartiendo\u00a0ense\u00f1anza biling\u00fce en alem\u00e1n en varias materias del curr\u00edculo. Destaca\u00a0por los excelentes resultados en los diplomas oficiales de alem\u00e1n de la Conferencia de Ministros de Educaci\u00f3n y Cultura de Alemania y la\u00a0posibilidad de generar un\u00a0curr\u00edculum paralelo\u00a0gracias a los distintos programas de intercambio, de pr\u00e1cticas en empresas, as\u00ed como de proyectos nacionales e internacionales.\u00a0<\/p>\t\t\t\t\t\t<\/div>\n\t\t\t\t<\/div>\n\t\t\t\t\t<\/div>\n\t\t<\/div>\n\t\t\t\t\t<\/div>\n\t\t<\/section>\n\t\t\t\t\t<\/div>\n\t\t<\/div>\n\t\t\t\t\t<\/div>\n\t\t<\/section>\n\t\t\t\t<section class=\"elementor-section elementor-top-section elementor-element elementor-element-be6e1c4 elementor-hidden-desktop elementor-hidden-tablet elementor-hidden-mobile elementor-section-boxed elementor-section-height-default elementor-section-height-default\" data-id=\"be6e1c4\" data-element_type=\"section\" data-settings=\"{&quot;background_background&quot;:&quot;classic&quot;}\">\n\t\t\t\t\t\t<div class=\"elementor-container elementor-column-gap-default\">\n\t\t\t\t\t<div class=\"elementor-column elementor-col-100 elementor-top-column elementor-element elementor-element-ebcd4ff\" data-id=\"ebcd4ff\" data-element_type=\"column\">\n\t\t\t<div class=\"elementor-widget-wrap elementor-element-populated\">\n\t\t\t\t\t\t<section class=\"elementor-section elementor-inner-section elementor-element elementor-element-23ad8ee elementor-section-content-middle elementor-section-boxed elementor-section-height-default elementor-section-height-default\" data-id=\"23ad8ee\" data-element_type=\"section\">\n\t\t\t\t\t\t<div class=\"elementor-container elementor-column-gap-default\">\n\t\t\t\t\t<div class=\"elementor-column elementor-col-50 elementor-inner-column elementor-element elementor-element-10ceabb\" data-id=\"10ceabb\" data-element_type=\"column\">\n\t\t\t<div class=\"elementor-widget-wrap elementor-element-populated\">\n\t\t\t\t\t\t<div class=\"elementor-element elementor-element-72152a8 elementor-widget elementor-widget-image\" data-id=\"72152a8\" data-element_type=\"widget\" data-widget_type=\"image.default\">\n\t\t\t\t<div class=\"elementor-widget-container\">\n\t\t\t\t\t\t\t\t\t\t\t\t\t<img decoding=\"async\" src=\"https:\/\/www.forumsevilla.com\/wp-content\/uploads\/elementor\/thumbs\/logo-mg97-1-qay2irfvelvxo2ahk9t5wuibyk0rnrtxbp2ras0w9o.webp\" title=\"logo-mg97.webp\" alt=\"\" loading=\"lazy\" \/>\t\t\t\t\t\t\t\t\t\t\t\t\t<\/div>\n\t\t\t\t<\/div>\n\t\t\t\t\t<\/div>\n\t\t<\/div>\n\t\t\t\t<div class=\"elementor-column elementor-col-50 elementor-inner-column elementor-element elementor-element-cfa89d5\" data-id=\"cfa89d5\" data-element_type=\"column\">\n\t\t\t<div class=\"elementor-widget-wrap elementor-element-populated\">\n\t\t\t\t\t\t<div class=\"elementor-element elementor-element-e9050ca elementor-widget__width-initial elementor-widget elementor-widget-text-editor\" data-id=\"e9050ca\" data-element_type=\"widget\" data-widget_type=\"text-editor.default\">\n\t\t\t\t<div class=\"elementor-widget-container\">\n\t\t\t\t\t\t\tMediaci\u00f3n y Gesti\u00f3n 97 es una agencia de seguros exclusiva de la compa\u00f1\u00eda Helvetia; creada por Pedro Torn\u00e9 hace m\u00e1s de 25 a\u00f1os, nace con la misi\u00f3n de explicar el concepto de seguro a sus clientes, a los cuales ayuda para proteger su patrimonio de una manera profesional y cercana. Su lema \u00abTodo con una Compa\u00f1\u00eda, Todo con un Agente, Todo con una llamada\u00bb busca unificar la cartera de seguros de un cliente bajo una misma marca, simplificando las gestiones con la aseguradora y, de paso, ahorrar en costes, adem\u00e1s de tener a un solo mediador para todo. MyG97 tiene su oficina en Mairena del Aljarafe, con la sede social de Helvetia Seguros en Paseo Col\u00f3n (Sevilla capital).\n\t\t\t\t\t\t<\/div>\n\t\t\t\t<\/div>\n\t\t\t\t\t<\/div>\n\t\t<\/div>\n\t\t\t\t\t<\/div>\n\t\t<\/section>\n\t\t\t\t\t<\/div>\n\t\t<\/div>\n\t\t\t\t\t<\/div>\n\t\t<\/section>\n\t\t\t\t<section class=\"elementor-section elementor-top-section elementor-element elementor-element-0590c7d elementor-hidden-desktop elementor-hidden-tablet elementor-hidden-mobile elementor-section-boxed elementor-section-height-default elementor-section-height-default\" data-id=\"0590c7d\" data-element_type=\"section\" data-settings=\"{&quot;background_background&quot;:&quot;classic&quot;}\">\n\t\t\t\t\t\t<div class=\"elementor-container elementor-column-gap-default\">\n\t\t\t\t\t<div class=\"elementor-column elementor-col-100 elementor-top-column elementor-element elementor-element-391024e\" data-id=\"391024e\" data-element_type=\"column\">\n\t\t\t<div class=\"elementor-widget-wrap elementor-element-populated\">\n\t\t\t\t\t\t<section class=\"elementor-section elementor-inner-section elementor-element elementor-element-e1fec9b elementor-section-content-middle elementor-section-boxed elementor-section-height-default elementor-section-height-default\" data-id=\"e1fec9b\" data-element_type=\"section\">\n\t\t\t\t\t\t<div class=\"elementor-container elementor-column-gap-default\">\n\t\t\t\t\t<div class=\"elementor-column elementor-col-50 elementor-inner-column elementor-element elementor-element-067f15b\" data-id=\"067f15b\" data-element_type=\"column\">\n\t\t\t<div class=\"elementor-widget-wrap elementor-element-populated\">\n\t\t\t\t\t\t<div class=\"elementor-element elementor-element-b87bdcb elementor-widget elementor-widget-image\" data-id=\"b87bdcb\" data-element_type=\"widget\" data-widget_type=\"image.default\">\n\t\t\t\t<div class=\"elementor-widget-container\">\n\t\t\t\t\t\t\t\t\t\t\t\t\t<img decoding=\"async\" src=\"https:\/\/www.forumsevilla.com\/wp-content\/uploads\/elementor\/thumbs\/pinapark-qdp5a1m3l2atz3cxkspzi85dtil2i2yngxs7tx73yg.jpeg\" title=\"Pinapark\" alt=\"Pinapark\" loading=\"lazy\" \/>\t\t\t\t\t\t\t\t\t\t\t\t\t<\/div>\n\t\t\t\t<\/div>\n\t\t\t\t\t<\/div>\n\t\t<\/div>\n\t\t\t\t<div class=\"elementor-column elementor-col-50 elementor-inner-column elementor-element elementor-element-5c5141c\" data-id=\"5c5141c\" data-element_type=\"column\">\n\t\t\t<div class=\"elementor-widget-wrap elementor-element-populated\">\n\t\t\t\t\t\t<div class=\"elementor-element elementor-element-2acfbd9 elementor-widget__width-initial elementor-widget elementor-widget-text-editor\" data-id=\"2acfbd9\" data-element_type=\"widget\" data-widget_type=\"text-editor.default\">\n\t\t\t\t<div class=\"elementor-widget-container\">\n\t\t\t\t\t\t\t<p>PinaPark Eventos Activos, una divisi\u00f3n del GRUPO PINAPARK, se especializa en la planificaci\u00f3n, organizaci\u00f3n y producci\u00f3n de una amplia gama de eventos para grupos en entornos urbanos y naturales.<\/p><p>Nuestros servicios abarcan eventos culturales, l\u00fadicos, deportivos, de aventura, y mucho m\u00e1s, dirigidos a clientes del sector MICE, agencias de incentivos, empresas, administraciones p\u00fablicas, asociaciones y grupos diversos. Como proveedores finales, buscamos siempre fomentar la colaboraci\u00f3n, participaci\u00f3n y diversi\u00f3n entre los participantes, garantizando la satisfacci\u00f3n total de nuestros clientes. Nuestro enfoque se basa en la Aventura M\u00e1xima, Sensaciones, Experiencias, Diversi\u00f3n sin L\u00edmite, Trabajo en Equipo, Outdoor Training y el Ocio Dirigido.<\/p>\t\t\t\t\t\t<\/div>\n\t\t\t\t<\/div>\n\t\t\t\t\t<\/div>\n\t\t<\/div>\n\t\t\t\t\t<\/div>\n\t\t<\/section>\n\t\t\t\t\t<\/div>\n\t\t<\/div>\n\t\t\t\t\t<\/div>\n\t\t<\/section>\n\t\t\t\t<section class=\"elementor-section elementor-top-section elementor-element elementor-element-8277ece elementor-section-boxed elementor-section-height-default elementor-section-height-default\" data-id=\"8277ece\" data-element_type=\"section\">\n\t\t\t\t\t\t<div class=\"elementor-container elementor-column-gap-default\">\n\t\t\t\t\t<div class=\"elementor-column elementor-col-100 elementor-top-column elementor-element elementor-element-42959f1\" data-id=\"42959f1\" data-element_type=\"column\">\n\t\t\t<div class=\"elementor-widget-wrap\">\n\t\t\t\t\t\t\t<\/div>\n\t\t<\/div>\n\t\t\t\t\t<\/div>\n\t\t<\/section>\n\t\t\t\t<section class=\"elementor-section elementor-top-section elementor-element elementor-element-954478c elementor-section-boxed elementor-section-height-default elementor-section-height-default\" data-id=\"954478c\" data-element_type=\"section\">\n\t\t\t\t\t\t<div class=\"elementor-container elementor-column-gap-default\">\n\t\t\t\t\t<div class=\"elementor-column elementor-col-100 elementor-top-column elementor-element elementor-element-ec0b517\" data-id=\"ec0b517\" data-element_type=\"column\">\n\t\t\t<div class=\"elementor-widget-wrap\">\n\t\t\t\t\t\t\t<\/div>\n\t\t<\/div>\n\t\t\t\t\t<\/div>\n\t\t<\/section>\n\t\t\t\t<\/div>\n\t\t","protected":false},"excerpt":{"rendered":"<p>Oktoberfest 2026 &#8211; \u00a1Volveremos el 17\/10\/2026! Queridos miembros y amigos del fOrum: El s\u00e1bado el 18 de octubre de 2025 celebramos nuestra tradicional Oktoberfest en el Parque Alamillo. Desde las 14 horas m\u00e1s de 200 personas acudieron para festejarlo juntos en un d\u00eda espl\u00e9ndido oto\u00f1al. Nos alegr\u00f3 especialmente que muchas familias con ni\u00f1os aprovecharon la [&hellip;]<\/p>\n","protected":false},"author":1,"featured_media":0,"parent":0,"menu_order":0,"comment_status":"closed","ping_status":"closed","template":"elementor_header_footer","meta":{"footnotes":""},"class_list":["post-1158","page","type-page","status-publish","hentry"],"rankMath":{"parentDomain":"forumsevilla.com","noFollowDomains":[],"noFollowExcludeDomains":[],"noFollowExternalLinks":false,"featuredImageNotice":"La imagen destacada debe tener al menos 200 por 200 p\u00edxeles para que Facebook y otros sitios de redes sociales puedan escogerla.","pluginReviewed":true,"postSettings":{"linkSuggestions":true,"useFocusKeyword":false},"frontEndScore":false,"postName":"oktoberfest","permalinkFormat":"https:\/\/www.forumsevilla.com\/es\/%pagename%\/","showLockModifiedDate":true,"assessor":{"focusKeywordLink":"https:\/\/www.forumsevilla.com\/wp-admin\/edit.php?focus_keyword=%focus_keyword%&post_type=%post_type%","hasTOCPlugin":true,"primaryTaxonomy":false,"serpData":{"title":"","description":"\u00a1Celebra el Oktoberfest sevillano! Con m\u00fasica, baile, comida y cerveza Paulaner, nuestra fiesta atrae a 350 visitantes cada a\u00f1o. Cont\u00e1ctanos para patrocinar.","focusKeywords":"oktoberfest sevilla","pillarContent":false,"canonicalUrl":"","breadcrumbTitle":"","advancedRobots":{"max-snippet":"-1","max-video-preview":"-1","max-image-preview":"large"},"facebookTitle":"","facebookDescription":"","facebookImage":"","facebookImageID":"","facebookHasOverlay":false,"facebookImageOverlay":"","facebookAuthor":"","twitterCardType":"","twitterUseFacebook":true,"twitterTitle":"","twitterDescription":"","twitterImage":"","twitterImageID":"","twitterHasOverlay":false,"twitterImageOverlay":"","twitterPlayerUrl":"","twitterPlayerSize":"","twitterPlayerStream":"","twitterPlayerStreamCtype":"","twitterAppDescription":"","twitterAppIphoneName":"","twitterAppIphoneID":"","twitterAppIphoneUrl":"","twitterAppIpadName":"","twitterAppIpadID":"","twitterAppIpadUrl":"","twitterAppGoogleplayName":"","twitterAppGoogleplayID":"","twitterAppGoogleplayUrl":"","twitterAppCountry":"","robots":{"index":true},"twitterAuthor":"nombre de usuario","primaryTerm":0,"authorName":"admin","titleTemplate":"%title% %sep% %sitename%","descriptionTemplate":"%excerpt%","showScoreFrontend":true,"lockModifiedDate":false},"powerWords":["incre\u00edble","asombroso","maravilloso","\u00fanico","hermoso","felicidad","brillante","cautivador","carism\u00e1tico","impactante","claro","completamente","confidencial","confianza","significativo","creativo","definitivamente","delicioso","demostrar","apres\u00farate","decidido","digno","din\u00e1mico","impresionante","esencial","inspirador","innovador","intenso","eficaz","m\u00e1gico","magn\u00edfico","hist\u00f3rico","importante","incre\u00edble","indispensable","inolvidable","irresistible","legendario","luminoso","lujo","m\u00e1gico","magn\u00edfico","majestuoso","memorable","maravilloso","milagroso","motivador","necesario","nuevo","oficial","perfecto","apasionado","persuasivo","fenomenal","placer","popular","poder","prestigioso","prodigioso","profundo","pr\u00f3spero","poderoso","calidad","radiante","r\u00e1pido","exitoso","revolucionario","satisfecho","seguridad","sensacional","sereno","suntuoso","espl\u00e9ndido","sublime","sorprendente","talentoso","terror\u00edfico","\u00fanico","valor","vibrante","victorioso","vivo","verdaderamente","celoso","aut\u00e9ntico","aventurero","espectacular","exclusivo","garantizado","extraordinario","fabuloso","fascinante","formidable","genial","grandioso","gratuito","h\u00e1bil","ilimitado","impecable","infalible","infinitamente","influyente","ingenioso","inolvidable","irremplazable","l\u00edder","maestro","notable","novedoso","pionero","poderoso","reconocido","revolucionario","sorprendente","superior","triunfante","ultra","valiente","valioso","vanguardista","vigoroso","visionario","voluntad","vital","triunfo","glorioso","imparable","inigualable","inteligente","invencible","libertad","orgullo","paz","progreso","renovado","sabidur\u00eda","satisfacci\u00f3n","seguro","serenidad","superaci\u00f3n","talento","transcendente","transformador","valent\u00eda","victoria"],"diacritics":{"A":"[\\u0041\\u24B6\\uFF21\\u00C0\\u00C1\\u00C2\\u1EA6\\u1EA4\\u1EAA\\u1EA8\\u00C3\\u0100\\u0102\\u1EB0\\u1EAE\\u1EB4\\u1EB2\\u0226\\u01E0\\u00C4\\u01DE\\u1EA2\\u00C5\\u01FA\\u01CD\\u0200\\u0202\\u1EA0\\u1EAC\\u1EB6\\u1E00\\u0104\\u023A\\u2C6F]","AA":"[\\uA732]","AE":"[\\u00C6\\u01FC\\u01E2]","AO":"[\\uA734]","AU":"[\\uA736]","AV":"[\\uA738\\uA73A]","AY":"[\\uA73C]","B":"[\\u0042\\u24B7\\uFF22\\u1E02\\u1E04\\u1E06\\u0243\\u0182\\u0181]","C":"[\\u0043\\u24B8\\uFF23\\u0106\\u0108\\u010A\\u010C\\u00C7\\u1E08\\u0187\\u023B\\uA73E]","D":"[\\u0044\\u24B9\\uFF24\\u1E0A\\u010E\\u1E0C\\u1E10\\u1E12\\u1E0E\\u0110\\u018B\\u018A\\u0189\\uA779]","DZ":"[\\u01F1\\u01C4]","Dz":"[\\u01F2\\u01C5]","E":"[\\u0045\\u24BA\\uFF25\\u00C8\\u00C9\\u00CA\\u1EC0\\u1EBE\\u1EC4\\u1EC2\\u1EBC\\u0112\\u1E14\\u1E16\\u0114\\u0116\\u00CB\\u1EBA\\u011A\\u0204\\u0206\\u1EB8\\u1EC6\\u0228\\u1E1C\\u0118\\u1E18\\u1E1A\\u0190\\u018E]","F":"[\\u0046\\u24BB\\uFF26\\u1E1E\\u0191\\uA77B]","G":"[\\u0047\\u24BC\\uFF27\\u01F4\\u011C\\u1E20\\u011E\\u0120\\u01E6\\u0122\\u01E4\\u0193\\uA7A0\\uA77D\\uA77E]","H":"[\\u0048\\u24BD\\uFF28\\u0124\\u1E22\\u1E26\\u021E\\u1E24\\u1E28\\u1E2A\\u0126\\u2C67\\u2C75\\uA78D]","I":"[\\u0049\\u24BE\\uFF29\\u00CC\\u00CD\\u00CE\\u0128\\u012A\\u012C\\u0130\\u00CF\\u1E2E\\u1EC8\\u01CF\\u0208\\u020A\\u1ECA\\u012E\\u1E2C\\u0197]","J":"[\\u004A\\u24BF\\uFF2A\\u0134\\u0248]","K":"[\\u004B\\u24C0\\uFF2B\\u1E30\\u01E8\\u1E32\\u0136\\u1E34\\u0198\\u2C69\\uA740\\uA742\\uA744\\uA7A2]","L":"[\\u004C\\u24C1\\uFF2C\\u013F\\u0139\\u013D\\u1E36\\u1E38\\u013B\\u1E3C\\u1E3A\\u0141\\u023D\\u2C62\\u2C60\\uA748\\uA746\\uA780]","LJ":"[\\u01C7]","Lj":"[\\u01C8]","M":"[\\u004D\\u24C2\\uFF2D\\u1E3E\\u1E40\\u1E42\\u2C6E\\u019C]","N":"[\\u004E\\u24C3\\uFF2E\\u01F8\\u0143\\u00D1\\u1E44\\u0147\\u1E46\\u0145\\u1E4A\\u1E48\\u0220\\u019D\\uA790\\uA7A4]","NJ":"[\\u01CA]","Nj":"[\\u01CB]","O":"[\\u004F\\u24C4\\uFF2F\\u00D2\\u00D3\\u00D4\\u1ED2\\u1ED0\\u1ED6\\u1ED4\\u00D5\\u1E4C\\u022C\\u1E4E\\u014C\\u1E50\\u1E52\\u014E\\u022E\\u0230\\u00D6\\u022A\\u1ECE\\u0150\\u01D1\\u020C\\u020E\\u01A0\\u1EDC\\u1EDA\\u1EE0\\u1EDE\\u1EE2\\u1ECC\\u1ED8\\u01EA\\u01EC\\u00D8\\u01FE\\u0186\\u019F\\uA74A\\uA74C]","OI":"[\\u01A2]","OO":"[\\uA74E]","OU":"[\\u0222]","P":"[\\u0050\\u24C5\\uFF30\\u1E54\\u1E56\\u01A4\\u2C63\\uA750\\uA752\\uA754]","Q":"[\\u0051\\u24C6\\uFF31\\uA756\\uA758\\u024A]","R":"[\\u0052\\u24C7\\uFF32\\u0154\\u1E58\\u0158\\u0210\\u0212\\u1E5A\\u1E5C\\u0156\\u1E5E\\u024C\\u2C64\\uA75A\\uA7A6\\uA782]","S":"[\\u0053\\u24C8\\uFF33\\u1E9E\\u015A\\u1E64\\u015C\\u1E60\\u0160\\u1E66\\u1E62\\u1E68\\u0218\\u015E\\u2C7E\\uA7A8\\uA784]","T":"[\\u0054\\u24C9\\uFF34\\u1E6A\\u0164\\u1E6C\\u021A\\u0162\\u1E70\\u1E6E\\u0166\\u01AC\\u01AE\\u023E\\uA786]","TZ":"[\\uA728]","U":"[\\u0055\\u24CA\\uFF35\\u00D9\\u00DA\\u00DB\\u0168\\u1E78\\u016A\\u1E7A\\u016C\\u00DC\\u01DB\\u01D7\\u01D5\\u01D9\\u1EE6\\u016E\\u0170\\u01D3\\u0214\\u0216\\u01AF\\u1EEA\\u1EE8\\u1EEE\\u1EEC\\u1EF0\\u1EE4\\u1E72\\u0172\\u1E76\\u1E74\\u0244]","V":"[\\u0056\\u24CB\\uFF36\\u1E7C\\u1E7E\\u01B2\\uA75E\\u0245]","VY":"[\\uA760]","W":"[\\u0057\\u24CC\\uFF37\\u1E80\\u1E82\\u0174\\u1E86\\u1E84\\u1E88\\u2C72]","X":"[\\u0058\\u24CD\\uFF38\\u1E8A\\u1E8C]","Y":"[\\u0059\\u24CE\\uFF39\\u1EF2\\u00DD\\u0176\\u1EF8\\u0232\\u1E8E\\u0178\\u1EF6\\u1EF4\\u01B3\\u024E\\u1EFE]","Z":"[\\u005A\\u24CF\\uFF3A\\u0179\\u1E90\\u017B\\u017D\\u1E92\\u1E94\\u01B5\\u0224\\u2C7F\\u2C6B\\uA762]","a":"[\\u0061\\u24D0\\uFF41\\u1E9A\\u00E0\\u00E1\\u00E2\\u1EA7\\u1EA5\\u1EAB\\u1EA9\\u00E3\\u0101\\u0103\\u1EB1\\u1EAF\\u1EB5\\u1EB3\\u0227\\u01E1\\u00E4\\u01DF\\u1EA3\\u00E5\\u01FB\\u01CE\\u0201\\u0203\\u1EA1\\u1EAD\\u1EB7\\u1E01\\u0105\\u2C65\\u0250]","aa":"[\\uA733]","ae":"[\\u00E6\\u01FD\\u01E3]","ao":"[\\uA735]","au":"[\\uA737]","av":"[\\uA739\\uA73B]","ay":"[\\uA73D]","b":"[\\u0062\\u24D1\\uFF42\\u1E03\\u1E05\\u1E07\\u0180\\u0183\\u0253]","c":"[\\u0063\\u24D2\\uFF43\\u0107\\u0109\\u010B\\u010D\\u00E7\\u1E09\\u0188\\u023C\\uA73F\\u2184]","d":"[\\u0064\\u24D3\\uFF44\\u1E0B\\u010F\\u1E0D\\u1E11\\u1E13\\u1E0F\\u0111\\u018C\\u0256\\u0257\\uA77A]","dz":"[\\u01F3\\u01C6]","e":"[\\u0065\\u24D4\\uFF45\\u00E8\\u00E9\\u00EA\\u1EC1\\u1EBF\\u1EC5\\u1EC3\\u1EBD\\u0113\\u1E15\\u1E17\\u0115\\u0117\\u00EB\\u1EBB\\u011B\\u0205\\u0207\\u1EB9\\u1EC7\\u0229\\u1E1D\\u0119\\u1E19\\u1E1B\\u0247\\u025B\\u01DD]","f":"[\\u0066\\u24D5\\uFF46\\u1E1F\\u0192\\uA77C]","g":"[\\u0067\\u24D6\\uFF47\\u01F5\\u011D\\u1E21\\u011F\\u0121\\u01E7\\u0123\\u01E5\\u0260\\uA7A1\\u1D79\\uA77F]","h":"[\\u0068\\u24D7\\uFF48\\u0125\\u1E23\\u1E27\\u021F\\u1E25\\u1E29\\u1E2B\\u1E96\\u0127\\u2C68\\u2C76\\u0265]","hv":"[\\u0195]","i":"[\\u0069\\u24D8\\uFF49\\u00EC\\u00ED\\u00EE\\u0129\\u012B\\u012D\\u00EF\\u1E2F\\u1EC9\\u01D0\\u0209\\u020B\\u1ECB\\u012F\\u1E2D\\u0268\\u0131]","j":"[\\u006A\\u24D9\\uFF4A\\u0135\\u01F0\\u0249]","k":"[\\u006B\\u24DA\\uFF4B\\u1E31\\u01E9\\u1E33\\u0137\\u1E35\\u0199\\u2C6A\\uA741\\uA743\\uA745\\uA7A3]","l":"[\\u006C\\u24DB\\uFF4C\\u0140\\u013A\\u013E\\u1E37\\u1E39\\u013C\\u1E3D\\u1E3B\\u017F\\u0142\\u019A\\u026B\\u2C61\\uA749\\uA781\\uA747]","lj":"[\\u01C9]","m":"[\\u006D\\u24DC\\uFF4D\\u1E3F\\u1E41\\u1E43\\u0271\\u026F]","n":"[\\u006E\\u24DD\\uFF4E\\u01F9\\u0144\\u00F1\\u1E45\\u0148\\u1E47\\u0146\\u1E4B\\u1E49\\u019E\\u0272\\u0149\\uA791\\uA7A5]","nj":"[\\u01CC]","o":"[\\u006F\\u24DE\\uFF4F\\u00F2\\u00F3\\u00F4\\u1ED3\\u1ED1\\u1ED7\\u1ED5\\u00F5\\u1E4D\\u022D\\u1E4F\\u014D\\u1E51\\u1E53\\u014F\\u022F\\u0231\\u00F6\\u022B\\u1ECF\\u0151\\u01D2\\u020D\\u020F\\u01A1\\u1EDD\\u1EDB\\u1EE1\\u1EDF\\u1EE3\\u1ECD\\u1ED9\\u01EB\\u01ED\\u00F8\\u01FF\\u0254\\uA74B\\uA74D\\u0275]","oi":"[\\u01A3]","ou":"[\\u0223]","oo":"[\\uA74F]","p":"[\\u0070\\u24DF\\uFF50\\u1E55\\u1E57\\u01A5\\u1D7D\\uA751\\uA753\\uA755]","q":"[\\u0071\\u24E0\\uFF51\\u024B\\uA757\\uA759]","r":"[\\u0072\\u24E1\\uFF52\\u0155\\u1E59\\u0159\\u0211\\u0213\\u1E5B\\u1E5D\\u0157\\u1E5F\\u024D\\u027D\\uA75B\\uA7A7\\uA783]","s":"[\\u0073\\u24E2\\uFF53\\u015B\\u1E65\\u015D\\u1E61\\u0161\\u1E67\\u1E63\\u1E69\\u0219\\u015F\\u023F\\uA7A9\\uA785\\u1E9B]","ss":"[\\u00DF]","t":"[\\u0074\\u24E3\\uFF54\\u1E6B\\u1E97\\u0165\\u1E6D\\u021B\\u0163\\u1E71\\u1E6F\\u0167\\u01AD\\u0288\\u2C66\\uA787]","tz":"[\\uA729]","u":"[\\u0075\\u24E4\\uFF55\\u00F9\\u00FA\\u00FB\\u0169\\u1E79\\u016B\\u1E7B\\u016D\\u00FC\\u01DC\\u01D8\\u01D6\\u01DA\\u1EE7\\u016F\\u0171\\u01D4\\u0215\\u0217\\u01B0\\u1EEB\\u1EE9\\u1EEF\\u1EED\\u1EF1\\u1EE5\\u1E73\\u0173\\u1E77\\u1E75\\u0289]","v":"[\\u0076\\u24E5\\uFF56\\u1E7D\\u1E7F\\u028B\\uA75F\\u028C]","vy":"[\\uA761]","w":"[\\u0077\\u24E6\\uFF57\\u1E81\\u1E83\\u0175\\u1E87\\u1E85\\u1E98\\u1E89\\u2C73]","x":"[\\u0078\\u24E7\\uFF58\\u1E8B\\u1E8D]","y":"[\\u0079\\u24E8\\uFF59\\u1EF3\\u00FD\\u0177\\u1EF9\\u0233\\u1E8F\\u00FF\\u1EF7\\u1E99\\u1EF5\\u01B4\\u024F\\u1EFF]","z":"[\\u007A\\u24E9\\uFF5A\\u017A\\u1E91\\u017C\\u017E\\u1E93\\u1E95\\u01B6\\u0225\\u0240\\u2C6C\\uA763]"},"researchesTests":["contentHasTOC","contentHasShortParagraphs","contentHasAssets","keywordInTitle","keywordInMetaDescription","keywordInPermalink","keywordIn10Percent","keywordInContent","keywordInSubheadings","keywordInImageAlt","keywordDensity","keywordNotUsed","lengthContent","lengthPermalink","linksHasInternal","linksHasExternals","linksNotAllExternals","titleStartWithKeyword","titleSentiment","titleHasPowerWords","titleHasNumber","hasContentAI"],"hasRedirection":false,"hasBreadcrumb":false},"homeUrl":"https:\/\/www.forumsevilla.com\/es\/","objectID":1158,"objectType":"post","locale":"es","localeFull":"es_ES","overlayImages":{"play":{"name":"Icono de reproducci\u00f3n","url":"https:\/\/www.forumsevilla.com\/wp-content\/plugins\/seo-by-rank-math\/assets\/admin\/img\/icon-play.png","path":"\/home\/p262540\/forumsevilla.com\/wp-content\/plugins\/seo-by-rank-math\/assets\/admin\/img\/icon-play.png","position":"middle_center"},"gif":{"name":"Icono GIF","url":"https:\/\/www.forumsevilla.com\/wp-content\/plugins\/seo-by-rank-math\/assets\/admin\/img\/icon-gif.png","path":"\/home\/p262540\/forumsevilla.com\/wp-content\/plugins\/seo-by-rank-math\/assets\/admin\/img\/icon-gif.png","position":"middle_center"}},"defautOgImage":"https:\/\/www.forumsevilla.com\/wp-content\/uploads\/der-vorstand-header1.webp","customPermalinks":true,"isUserRegistered":true,"autoSuggestKeywords":true,"connectSiteUrl":"https:\/\/rankmath.com\/auth?site=https%3A%2F%2Fwww.forumsevilla.com%2Fes%2F&r=https%3A%2F%2Fwww.forumsevilla.com%2Fes%2Fwp-json%2Fwp%2Fv2%2Fpages%2F1158%3Fnonce%3D334eb63181&pro=1","maxTags":100,"trendsIcon":"<svg viewBox=\"0 0 610 610\"><path d=\"M18.85,446,174.32,290.48l58.08,58.08L76.93,504a14.54,14.54,0,0,1-20.55,0L18.83,466.48a14.54,14.54,0,0,1,0-20.55Z\" style=\"fill:#4285f4\"\/><path d=\"M242.65,242.66,377.59,377.6l-47.75,47.75a14.54,14.54,0,0,1-20.55,0L174.37,290.43l47.75-47.75A14.52,14.52,0,0,1,242.65,242.66Z\" style=\"fill:#ea4335\"\/><polygon points=\"319.53 319.53 479.26 159.8 537.34 217.88 377.61 377.62 319.53 319.53\" style=\"fill:#fabb05\"\/><path d=\"M594.26,262.73V118.61h0a16.94,16.94,0,0,0-16.94-16.94H433.2a16.94,16.94,0,0,0-12,28.92L565.34,274.71h0a16.94,16.94,0,0,0,28.92-12Z\" style=\"fill:#34a853\"\/><rect width=\"610\" height=\"610\" style=\"fill:none\"\/><\/svg>","showScore":true,"siteFavIcon":"https:\/\/www.forumsevilla.com\/wp-content\/uploads\/favicon1.webp","canUser":{"general":false,"advanced":false,"snippet":false,"social":false,"analysis":false,"analytics":false,"content_ai":false},"isPro":true,"is_front_page":false,"trendsUpgradeLink":"https:\/\/rankmath.com\/pricing\/?utm_source=Plugin&utm_medium=CE%20General%20Tab%20Trends&utm_campaign=WP","trendsUpgradeLabel":"Actualizar","trendsPreviewImage":"https:\/\/www.forumsevilla.com\/wp-content\/plugins\/seo-by-rank-math\/assets\/admin\/img\/trends-preview.jpg","currentEditor":false,"homepageData":{"assessor":{"powerWords":["incre\u00edble","asombroso","maravilloso","\u00fanico","hermoso","felicidad","brillante","cautivador","carism\u00e1tico","impactante","claro","completamente","confidencial","confianza","significativo","creativo","definitivamente","delicioso","demostrar","apres\u00farate","decidido","digno","din\u00e1mico","impresionante","esencial","inspirador","innovador","intenso","eficaz","m\u00e1gico","magn\u00edfico","hist\u00f3rico","importante","incre\u00edble","indispensable","inolvidable","irresistible","legendario","luminoso","lujo","m\u00e1gico","magn\u00edfico","majestuoso","memorable","maravilloso","milagroso","motivador","necesario","nuevo","oficial","perfecto","apasionado","persuasivo","fenomenal","placer","popular","poder","prestigioso","prodigioso","profundo","pr\u00f3spero","poderoso","calidad","radiante","r\u00e1pido","exitoso","revolucionario","satisfecho","seguridad","sensacional","sereno","suntuoso","espl\u00e9ndido","sublime","sorprendente","talentoso","terror\u00edfico","\u00fanico","valor","vibrante","victorioso","vivo","verdaderamente","celoso","aut\u00e9ntico","aventurero","espectacular","exclusivo","garantizado","extraordinario","fabuloso","fascinante","formidable","genial","grandioso","gratuito","h\u00e1bil","ilimitado","impecable","infalible","infinitamente","influyente","ingenioso","inolvidable","irremplazable","l\u00edder","maestro","notable","novedoso","pionero","poderoso","reconocido","revolucionario","sorprendente","superior","triunfante","ultra","valiente","valioso","vanguardista","vigoroso","visionario","voluntad","vital","triunfo","glorioso","imparable","inigualable","inteligente","invencible","libertad","orgullo","paz","progreso","renovado","sabidur\u00eda","satisfacci\u00f3n","seguro","serenidad","superaci\u00f3n","talento","transcendente","transformador","valent\u00eda","victoria"],"diacritics":true,"researchesTests":["contentHasTOC","contentHasShortParagraphs","contentHasAssets","keywordInTitle","keywordInMetaDescription","keywordInPermalink","keywordIn10Percent","keywordInContent","keywordInSubheadings","keywordInImageAlt","keywordDensity","keywordNotUsed","lengthContent","lengthPermalink","linksHasInternal","linksHasExternals","linksNotAllExternals","titleStartWithKeyword","titleSentiment","titleHasPowerWords","titleHasNumber","hasContentAI"],"hasBreadcrumb":false,"serpData":{"title":"%sitename% %page% %sep% %sitedesc%","description":"","titleTemplate":"%sitename% %page% %sep% %sitedesc%","descriptionTemplate":"","focusKeywords":"","breadcrumbTitle":"Home","robots":{"index":true},"advancedRobots":{"max-snippet":"-1","max-video-preview":"-1","max-image-preview":"large"},"facebookTitle":"","facebookDescription":"","facebookImage":"","facebookImageID":""}}},"isAnalyticsConnected":false,"tocTitle":"Table of Contents","tocExcludeHeadings":[],"listStyle":"ul"},"_links":{"self":[{"href":"https:\/\/www.forumsevilla.com\/es\/wp-json\/wp\/v2\/pages\/1158","targetHints":{"allow":["GET"]}}],"collection":[{"href":"https:\/\/www.forumsevilla.com\/es\/wp-json\/wp\/v2\/pages"}],"about":[{"href":"https:\/\/www.forumsevilla.com\/es\/wp-json\/wp\/v2\/types\/page"}],"author":[{"embeddable":true,"href":"https:\/\/www.forumsevilla.com\/es\/wp-json\/wp\/v2\/users\/1"}],"replies":[{"embeddable":true,"href":"https:\/\/www.forumsevilla.com\/es\/wp-json\/wp\/v2\/comments?post=1158"}],"version-history":[{"count":180,"href":"https:\/\/www.forumsevilla.com\/es\/wp-json\/wp\/v2\/pages\/1158\/revisions"}],"predecessor-version":[{"id":3141,"href":"https:\/\/www.forumsevilla.com\/es\/wp-json\/wp\/v2\/pages\/1158\/revisions\/3141"}],"wp:attachment":[{"href":"https:\/\/www.forumsevilla.com\/es\/wp-json\/wp\/v2\/media?parent=1158"}],"curies":[{"name":"wp","href":"https:\/\/api.w.org\/{rel}","templated":true}]}}