{"id":1708,"date":"2023-02-08T12:41:08","date_gmt":"2023-02-08T11:41:08","guid":{"rendered":"https:\/\/www.forumsevilla.com\/bisherige-aktivitaten\/"},"modified":"2024-10-07T17:48:11","modified_gmt":"2024-10-07T15:48:11","slug":"actividades","status":"publish","type":"page","link":"https:\/\/www.forumsevilla.com\/es\/actividades\/","title":{"rendered":"Actividades"},"content":{"rendered":"\t\t<div data-elementor-type=\"wp-page\" data-elementor-id=\"1708\" class=\"elementor elementor-1708 elementor-192\" data-elementor-post-type=\"page\">\n\t\t\t\t\t\t<section class=\"elementor-section elementor-top-section elementor-element elementor-element-2b1b1194 elementor-section-full_width elementor-section-height-min-height elementor-section-height-default elementor-section-items-middle\" data-id=\"2b1b1194\" data-element_type=\"section\" id=\"top\" data-settings=\"{&quot;background_background&quot;:&quot;classic&quot;}\">\n\t\t\t\t\t\t\t<div class=\"elementor-background-overlay\"><\/div>\n\t\t\t\t\t\t\t<div class=\"elementor-container elementor-column-gap-default\">\n\t\t\t\t\t<div class=\"elementor-column elementor-col-100 elementor-top-column elementor-element elementor-element-2a506a59\" data-id=\"2a506a59\" data-element_type=\"column\">\n\t\t\t<div class=\"elementor-widget-wrap elementor-element-populated\">\n\t\t\t\t\t\t<section class=\"elementor-section elementor-inner-section elementor-element elementor-element-b3e5a elementor-reverse-mobile elementor-section-boxed elementor-section-height-default elementor-section-height-default\" data-id=\"b3e5a\" data-element_type=\"section\">\n\t\t\t\t\t\t<div class=\"elementor-container elementor-column-gap-default\">\n\t\t\t\t\t<div class=\"elementor-column elementor-col-50 elementor-inner-column elementor-element elementor-element-56038e2e\" data-id=\"56038e2e\" data-element_type=\"column\">\n\t\t\t<div class=\"elementor-widget-wrap elementor-element-populated\">\n\t\t\t\t\t\t<div class=\"elementor-element elementor-element-580b34dc elementor-widget elementor-widget-heading\" data-id=\"580b34dc\" data-element_type=\"widget\" data-widget_type=\"heading.default\">\n\t\t\t\t<div class=\"elementor-widget-container\">\n\t\t\t<h1 class=\"elementor-heading-title elementor-size-default\">Actividades<\/h1>\t\t<\/div>\n\t\t\t\t<\/div>\n\t\t\t\t\t<\/div>\n\t\t<\/div>\n\t\t\t\t<div class=\"elementor-column elementor-col-50 elementor-inner-column elementor-element elementor-element-2924705\" data-id=\"2924705\" data-element_type=\"column\" data-settings=\"{&quot;motion_fx_motion_fx_scrolling&quot;:&quot;yes&quot;,&quot;motion_fx_translateY_effect&quot;:&quot;yes&quot;,&quot;motion_fx_translateY_speed&quot;:{&quot;unit&quot;:&quot;px&quot;,&quot;size&quot;:1,&quot;sizes&quot;:[]},&quot;motion_fx_translateY_affectedRange&quot;:{&quot;unit&quot;:&quot;%&quot;,&quot;size&quot;:&quot;&quot;,&quot;sizes&quot;:{&quot;start&quot;:0,&quot;end&quot;:100}},&quot;motion_fx_devices&quot;:[&quot;desktop&quot;,&quot;tablet&quot;,&quot;mobile&quot;]}\">\n\t\t\t<div class=\"elementor-widget-wrap\">\n\t\t\t\t\t\t\t<\/div>\n\t\t<\/div>\n\t\t\t\t\t<\/div>\n\t\t<\/section>\n\t\t\t\t\t<\/div>\n\t\t<\/div>\n\t\t\t\t\t<\/div>\n\t\t<\/section>\n\t\t\t\t<section class=\"elementor-section elementor-top-section elementor-element elementor-element-a2c778d elementor-section-boxed elementor-section-height-default elementor-section-height-default\" data-id=\"a2c778d\" data-element_type=\"section\">\n\t\t\t\t\t\t<div class=\"elementor-container elementor-column-gap-no\">\n\t\t\t\t\t<div class=\"elementor-column elementor-col-100 elementor-top-column elementor-element elementor-element-bfec200\" data-id=\"bfec200\" data-element_type=\"column\">\n\t\t\t<div class=\"elementor-widget-wrap elementor-element-populated\">\n\t\t\t\t\t\t<div class=\"elementor-element elementor-element-1dfe180 elementor-grid-3 elementor-grid-tablet-2 elementor-grid-mobile-1 elementor-posts--thumbnail-top elementor-posts--show-avatar elementor-card-shadow-yes elementor-posts__hover-gradient elementor-widget elementor-widget-posts\" data-id=\"1dfe180\" data-element_type=\"widget\" data-settings=\"{&quot;pagination_type&quot;:&quot;load_more_infinite_scroll&quot;,&quot;cards_columns&quot;:&quot;3&quot;,&quot;cards_columns_tablet&quot;:&quot;2&quot;,&quot;cards_columns_mobile&quot;:&quot;1&quot;,&quot;cards_row_gap&quot;:{&quot;unit&quot;:&quot;px&quot;,&quot;size&quot;:35,&quot;sizes&quot;:[]},&quot;cards_row_gap_tablet&quot;:{&quot;unit&quot;:&quot;px&quot;,&quot;size&quot;:&quot;&quot;,&quot;sizes&quot;:[]},&quot;cards_row_gap_mobile&quot;:{&quot;unit&quot;:&quot;px&quot;,&quot;size&quot;:&quot;&quot;,&quot;sizes&quot;:[]},&quot;load_more_spinner&quot;:{&quot;value&quot;:&quot;fas fa-spinner&quot;,&quot;library&quot;:&quot;fa-solid&quot;}}\" data-widget_type=\"posts.cards\">\n\t\t\t\t<div class=\"elementor-widget-container\">\n\t\t\t\t\t<div class=\"elementor-posts-container elementor-posts elementor-posts--skin-cards elementor-grid\">\n\t\t\t\t<article class=\"elementor-post elementor-grid-item post-3284 post type-post status-publish format-standard has-post-thumbnail hentry category-actividades\">\n\t\t\t<div class=\"elementor-post__card\">\n\t\t\t\t<a class=\"elementor-post__thumbnail__link\" href=\"https:\/\/www.forumsevilla.com\/es\/asamblea-general-del-10-03-2026\/\" tabindex=\"-1\" ><div class=\"elementor-post__thumbnail\"><img fetchpriority=\"high\" decoding=\"async\" width=\"500\" height=\"402\" src=\"https:\/\/www.forumsevilla.com\/wp-content\/uploads\/logo-forum-sevilla.webp\" class=\"attachment-medium size-medium wp-image-820\" alt=\"Forum Sevilla\" \/><\/div><\/a>\n\t\t\t\t<div class=\"elementor-post__avatar\">\n\t\t\t\t\t<\/div>\n\t\t\t\t<div class=\"elementor-post__text\">\n\t\t\t\t<h3 class=\"elementor-post__title\">\n\t\t\t<a href=\"https:\/\/www.forumsevilla.com\/es\/asamblea-general-del-10-03-2026\/\" >\n\t\t\t\tAsamblea general del 10.03.2026\t\t\t<\/a>\n\t\t<\/h3>\n\t\t\t\t<div class=\"elementor-post__excerpt\">\n\t\t\t<p>Estimados miembros y amigos del foro: El 10.03.2026 tuvo lugar nuestra asamblea general en las instalaciones de CLIC. Tras constatarse el qu\u00f3rum necesario, la junta<\/p>\n\t\t<\/div>\n\t\t\n\t\t<a class=\"elementor-post__read-more\" href=\"https:\/\/www.forumsevilla.com\/es\/asamblea-general-del-10-03-2026\/\" aria-label=\"Read more about Asamblea general del 10.03.2026\" tabindex=\"-1\" >\n\t\t\tLeer m\u00e1s\t\t<\/a>\n\n\t\t\t\t<\/div>\n\t\t\t\t<div class=\"elementor-post__meta-data\">\n\t\t\t\t\t<span class=\"elementor-post-date\">\n\t\t\t10\/03\/2026\t\t<\/span>\n\t\t\t\t<span class=\"elementor-post-avatar\">\n\t\t\tNo hay comentarios\t\t<\/span>\n\t\t\t\t<\/div>\n\t\t\t\t\t<\/div>\n\t\t<\/article>\n\t\t\t\t<article class=\"elementor-post elementor-grid-item post-3278 post type-post status-publish format-standard has-post-thumbnail hentry category-actividades\">\n\t\t\t<div class=\"elementor-post__card\">\n\t\t\t\t<a class=\"elementor-post__thumbnail__link\" href=\"https:\/\/www.forumsevilla.com\/es\/25-02-2026-conferencia-tomate-tiempo-para-una-vida-mejor-en-aleman\/\" tabindex=\"-1\" ><div class=\"elementor-post__thumbnail\"><img decoding=\"async\" width=\"954\" height=\"1271\" src=\"https:\/\/www.forumsevilla.com\/wp-content\/uploads\/25-02-26-Vortrag.webp\" class=\"attachment-medium size-medium wp-image-3275\" alt=\"\" srcset=\"https:\/\/www.forumsevilla.com\/wp-content\/uploads\/25-02-26-Vortrag.webp 954w, https:\/\/www.forumsevilla.com\/wp-content\/uploads\/25-02-26-Vortrag-768x1023.webp 768w, https:\/\/www.forumsevilla.com\/wp-content\/uploads\/25-02-26-Vortrag-338x450.webp 338w\" sizes=\"(max-width: 954px) 100vw, 954px\" \/><\/div><\/a>\n\t\t\t\t<div class=\"elementor-post__avatar\">\n\t\t\t\t\t<\/div>\n\t\t\t\t<div class=\"elementor-post__text\">\n\t\t\t\t<h3 class=\"elementor-post__title\">\n\t\t\t<a href=\"https:\/\/www.forumsevilla.com\/es\/25-02-2026-conferencia-tomate-tiempo-para-una-vida-mejor-en-aleman\/\" >\n\t\t\t\t25.02.2026 Conferencia: T\u00f3mate tiempo para una vida \u201cmejor\u201d (en alem\u00e1n)\t\t\t<\/a>\n\t\t<\/h3>\n\t\t\t\t<div class=\"elementor-post__excerpt\">\n\t\t\t<p>\u00bfOs resulta familiar la situaci\u00f3n de proponeros algo nuevo al comenzar el a\u00f1o (por ejemplo, hacer m\u00e1s deporte) y daros cuenta en febrero de que<\/p>\n\t\t<\/div>\n\t\t\n\t\t<a class=\"elementor-post__read-more\" href=\"https:\/\/www.forumsevilla.com\/es\/25-02-2026-conferencia-tomate-tiempo-para-una-vida-mejor-en-aleman\/\" aria-label=\"Read more about 25.02.2026 Conferencia: T\u00f3mate tiempo para una vida \u201cmejor\u201d (en alem\u00e1n)\" tabindex=\"-1\" >\n\t\t\tLeer m\u00e1s\t\t<\/a>\n\n\t\t\t\t<\/div>\n\t\t\t\t<div class=\"elementor-post__meta-data\">\n\t\t\t\t\t<span class=\"elementor-post-date\">\n\t\t\t25\/02\/2026\t\t<\/span>\n\t\t\t\t<span class=\"elementor-post-avatar\">\n\t\t\tNo hay comentarios\t\t<\/span>\n\t\t\t\t<\/div>\n\t\t\t\t\t<\/div>\n\t\t<\/article>\n\t\t\t\t<article class=\"elementor-post elementor-grid-item post-3160 post type-post status-publish format-standard has-post-thumbnail hentry category-actividades\">\n\t\t\t<div class=\"elementor-post__card\">\n\t\t\t\t<a class=\"elementor-post__thumbnail__link\" href=\"https:\/\/www.forumsevilla.com\/es\/visita-guiada-de-arquitectura-espanol-en-25-01-2026\/\" tabindex=\"-1\" ><div class=\"elementor-post__thumbnail\"><img decoding=\"async\" width=\"1600\" height=\"1200\" src=\"https:\/\/www.forumsevilla.com\/wp-content\/uploads\/Fuhrung-26-01-2026.jpg\" class=\"attachment-medium size-medium wp-image-3168\" alt=\"\" srcset=\"https:\/\/www.forumsevilla.com\/wp-content\/uploads\/Fuhrung-26-01-2026.jpg 1600w, https:\/\/www.forumsevilla.com\/wp-content\/uploads\/Fuhrung-26-01-2026-768x576.jpg 768w, https:\/\/www.forumsevilla.com\/wp-content\/uploads\/Fuhrung-26-01-2026-1536x1152.jpg 1536w, https:\/\/www.forumsevilla.com\/wp-content\/uploads\/Fuhrung-26-01-2026-600x450.jpg 600w\" sizes=\"(max-width: 1600px) 100vw, 1600px\" \/><\/div><\/a>\n\t\t\t\t<div class=\"elementor-post__avatar\">\n\t\t\t\t\t<\/div>\n\t\t\t\t<div class=\"elementor-post__text\">\n\t\t\t\t<h3 class=\"elementor-post__title\">\n\t\t\t<a href=\"https:\/\/www.forumsevilla.com\/es\/visita-guiada-de-arquitectura-espanol-en-25-01-2026\/\" >\n\t\t\t\tVisita guiada de Arquitectura (espa\u00f1ol) en 25.01.2026\t\t\t<\/a>\n\t\t<\/h3>\n\t\t\t\t<div class=\"elementor-post__excerpt\">\n\t\t\t<p>Queridos miembros y amigos del fOrum: El 25 de enero, nuestra socia Jule P\u00f6tter realiz\u00f3 una visita guiada de arquitectura en espa\u00f1ol con un grupo<\/p>\n\t\t<\/div>\n\t\t\n\t\t<a class=\"elementor-post__read-more\" href=\"https:\/\/www.forumsevilla.com\/es\/visita-guiada-de-arquitectura-espanol-en-25-01-2026\/\" aria-label=\"Read more about Visita guiada de Arquitectura (espa\u00f1ol) en 25.01.2026\" tabindex=\"-1\" >\n\t\t\tLeer m\u00e1s\t\t<\/a>\n\n\t\t\t\t<\/div>\n\t\t\t\t<div class=\"elementor-post__meta-data\">\n\t\t\t\t\t<span class=\"elementor-post-date\">\n\t\t\t25\/01\/2026\t\t<\/span>\n\t\t\t\t<span class=\"elementor-post-avatar\">\n\t\t\tNo hay comentarios\t\t<\/span>\n\t\t\t\t<\/div>\n\t\t\t\t\t<\/div>\n\t\t<\/article>\n\t\t\t\t<article class=\"elementor-post elementor-grid-item post-3177 post type-post status-publish format-standard has-post-thumbnail hentry category-actividades\">\n\t\t\t<div class=\"elementor-post__card\">\n\t\t\t\t<a class=\"elementor-post__thumbnail__link\" href=\"https:\/\/www.forumsevilla.com\/es\/fiesta-de-navidad-el-17-de-diciembre-de-2025\/\" tabindex=\"-1\" ><div class=\"elementor-post__thumbnail\"><img loading=\"lazy\" decoding=\"async\" width=\"1536\" height=\"2048\" src=\"https:\/\/www.forumsevilla.com\/wp-content\/uploads\/Weihnachtsfeier-17-12-2025-2.jpg\" class=\"attachment-medium size-medium wp-image-3175\" alt=\"\" srcset=\"https:\/\/www.forumsevilla.com\/wp-content\/uploads\/Weihnachtsfeier-17-12-2025-2.jpg 1536w, https:\/\/www.forumsevilla.com\/wp-content\/uploads\/Weihnachtsfeier-17-12-2025-2-768x1024.jpg 768w, https:\/\/www.forumsevilla.com\/wp-content\/uploads\/Weihnachtsfeier-17-12-2025-2-1152x1536.jpg 1152w, https:\/\/www.forumsevilla.com\/wp-content\/uploads\/Weihnachtsfeier-17-12-2025-2-338x450.jpg 338w\" sizes=\"(max-width: 1536px) 100vw, 1536px\" \/><\/div><\/a>\n\t\t\t\t<div class=\"elementor-post__avatar\">\n\t\t\t\t\t<\/div>\n\t\t\t\t<div class=\"elementor-post__text\">\n\t\t\t\t<h3 class=\"elementor-post__title\">\n\t\t\t<a href=\"https:\/\/www.forumsevilla.com\/es\/fiesta-de-navidad-el-17-de-diciembre-de-2025\/\" >\n\t\t\t\tFiesta de Navidad el 17 de diciembre de 2025\t\t\t<\/a>\n\t\t<\/h3>\n\t\t\t\t<div class=\"elementor-post__excerpt\">\n\t\t\t<p>Queridos miembros y amigos del fOrum: Al igual que en el a\u00f1o anterior, en 2025 la fiesta de Navidad del fOrum volvi\u00f3 a celebrarse en<\/p>\n\t\t<\/div>\n\t\t\n\t\t<a class=\"elementor-post__read-more\" href=\"https:\/\/www.forumsevilla.com\/es\/fiesta-de-navidad-el-17-de-diciembre-de-2025\/\" aria-label=\"Read more about Fiesta de Navidad el 17 de diciembre de 2025\" tabindex=\"-1\" >\n\t\t\tLeer m\u00e1s\t\t<\/a>\n\n\t\t\t\t<\/div>\n\t\t\t\t<div class=\"elementor-post__meta-data\">\n\t\t\t\t\t<span class=\"elementor-post-date\">\n\t\t\t17\/12\/2025\t\t<\/span>\n\t\t\t\t<span class=\"elementor-post-avatar\">\n\t\t\tNo hay comentarios\t\t<\/span>\n\t\t\t\t<\/div>\n\t\t\t\t\t<\/div>\n\t\t<\/article>\n\t\t\t\t<article class=\"elementor-post elementor-grid-item post-3188 post type-post status-publish format-standard has-post-thumbnail hentry category-actividades\">\n\t\t\t<div class=\"elementor-post__card\">\n\t\t\t\t<a class=\"elementor-post__thumbnail__link\" href=\"https:\/\/www.forumsevilla.com\/es\/26-11-25-conferencia-taller-escribe-tu-libro-ya-en-espanol-y-ingles\/\" tabindex=\"-1\" ><div class=\"elementor-post__thumbnail\"><img loading=\"lazy\" decoding=\"async\" width=\"1252\" height=\"939\" src=\"https:\/\/www.forumsevilla.com\/wp-content\/uploads\/Workshop-26-11-25.jpg\" class=\"attachment-medium size-medium wp-image-3184\" alt=\"\" srcset=\"https:\/\/www.forumsevilla.com\/wp-content\/uploads\/Workshop-26-11-25.jpg 1252w, https:\/\/www.forumsevilla.com\/wp-content\/uploads\/Workshop-26-11-25-768x576.jpg 768w, https:\/\/www.forumsevilla.com\/wp-content\/uploads\/Workshop-26-11-25-600x450.jpg 600w\" sizes=\"(max-width: 1252px) 100vw, 1252px\" \/><\/div><\/a>\n\t\t\t\t<div class=\"elementor-post__avatar\">\n\t\t\t\t\t<\/div>\n\t\t\t\t<div class=\"elementor-post__text\">\n\t\t\t\t<h3 class=\"elementor-post__title\">\n\t\t\t<a href=\"https:\/\/www.forumsevilla.com\/es\/26-11-25-conferencia-taller-escribe-tu-libro-ya-en-espanol-y-ingles\/\" >\n\t\t\t\t26.11.25: Conferencia-Taller \u2013 \u00a1Escribe tu libro ya! (en espa\u00f1ol y ingl\u00e9s)\t\t\t<\/a>\n\t\t<\/h3>\n\t\t\t\t<div class=\"elementor-post__excerpt\">\n\t\t\t<p>\u201cEscribe la verdad\u201d dice Robert McKee, el gran maestro de escritura a sus alumnos. \u00bfPod\u00e9is imaginar no solo leer un libro, sino tambi\u00e9n escribir uno<\/p>\n\t\t<\/div>\n\t\t\n\t\t<a class=\"elementor-post__read-more\" href=\"https:\/\/www.forumsevilla.com\/es\/26-11-25-conferencia-taller-escribe-tu-libro-ya-en-espanol-y-ingles\/\" aria-label=\"Read more about 26.11.25: Conferencia-Taller \u2013 \u00a1Escribe tu libro ya! (en espa\u00f1ol y ingl\u00e9s)\" tabindex=\"-1\" >\n\t\t\tLeer m\u00e1s\t\t<\/a>\n\n\t\t\t\t<\/div>\n\t\t\t\t<div class=\"elementor-post__meta-data\">\n\t\t\t\t\t<span class=\"elementor-post-date\">\n\t\t\t26\/11\/2025\t\t<\/span>\n\t\t\t\t<span class=\"elementor-post-avatar\">\n\t\t\tNo hay comentarios\t\t<\/span>\n\t\t\t\t<\/div>\n\t\t\t\t\t<\/div>\n\t\t<\/article>\n\t\t\t\t<article class=\"elementor-post elementor-grid-item post-3196 post type-post status-publish format-standard has-post-thumbnail hentry category-actividades\">\n\t\t\t<div class=\"elementor-post__card\">\n\t\t\t\t<a class=\"elementor-post__thumbnail__link\" href=\"https:\/\/www.forumsevilla.com\/es\/13-11-2025-conferencia-espanol-impulso-a-la-innovacion-en-europa-como-aumentar-el-numero-de-startups-exitosas\/\" tabindex=\"-1\" ><div class=\"elementor-post__thumbnail\"><img loading=\"lazy\" decoding=\"async\" width=\"1483\" height=\"1112\" src=\"https:\/\/www.forumsevilla.com\/wp-content\/uploads\/Vortrag-13-11-25.jpg\" class=\"attachment-medium size-medium wp-image-3194\" alt=\"\" srcset=\"https:\/\/www.forumsevilla.com\/wp-content\/uploads\/Vortrag-13-11-25.jpg 1483w, https:\/\/www.forumsevilla.com\/wp-content\/uploads\/Vortrag-13-11-25-768x576.jpg 768w, https:\/\/www.forumsevilla.com\/wp-content\/uploads\/Vortrag-13-11-25-600x450.jpg 600w\" sizes=\"(max-width: 1483px) 100vw, 1483px\" \/><\/div><\/a>\n\t\t\t\t<div class=\"elementor-post__avatar\">\n\t\t\t\t\t<\/div>\n\t\t\t\t<div class=\"elementor-post__text\">\n\t\t\t\t<h3 class=\"elementor-post__title\">\n\t\t\t<a href=\"https:\/\/www.forumsevilla.com\/es\/13-11-2025-conferencia-espanol-impulso-a-la-innovacion-en-europa-como-aumentar-el-numero-de-startups-exitosas\/\" >\n\t\t\t\t13.11.2025 Conferencia (espa\u00f1ol): Impulso a la innovaci\u00f3n en Europa \u2013 C\u00f3mo aumentar el n\u00famero de startups exitosas\t\t\t<\/a>\n\t\t<\/h3>\n\t\t\t\t<div class=\"elementor-post__excerpt\">\n\t\t\t<p>Queridos miembros y amigos del fOrum: \u00bfAlguna vez te has preguntado c\u00f3mo lograr fundar una empresa innovadora, establecerla con \u00e9xito en el mercado y fomentar<\/p>\n\t\t<\/div>\n\t\t\n\t\t<a class=\"elementor-post__read-more\" href=\"https:\/\/www.forumsevilla.com\/es\/13-11-2025-conferencia-espanol-impulso-a-la-innovacion-en-europa-como-aumentar-el-numero-de-startups-exitosas\/\" aria-label=\"Read more about 13.11.2025 Conferencia (espa\u00f1ol): Impulso a la innovaci\u00f3n en Europa \u2013 C\u00f3mo aumentar el n\u00famero de startups exitosas\" tabindex=\"-1\" >\n\t\t\tLeer m\u00e1s\t\t<\/a>\n\n\t\t\t\t<\/div>\n\t\t\t\t<div class=\"elementor-post__meta-data\">\n\t\t\t\t\t<span class=\"elementor-post-date\">\n\t\t\t13\/11\/2025\t\t<\/span>\n\t\t\t\t<span class=\"elementor-post-avatar\">\n\t\t\tNo hay comentarios\t\t<\/span>\n\t\t\t\t<\/div>\n\t\t\t\t\t<\/div>\n\t\t<\/article>\n\t\t\t\t<article class=\"elementor-post elementor-grid-item post-2603 post type-post status-publish format-standard has-post-thumbnail hentry category-actividades\">\n\t\t\t<div class=\"elementor-post__card\">\n\t\t\t\t<a class=\"elementor-post__thumbnail__link\" href=\"https:\/\/www.forumsevilla.com\/es\/7-o-oktoberfest-el-18-de-octubre-de-2025\/\" tabindex=\"-1\" ><div class=\"elementor-post__thumbnail\"><img loading=\"lazy\" decoding=\"async\" width=\"1600\" height=\"1200\" src=\"https:\/\/www.forumsevilla.com\/wp-content\/uploads\/OF-2025.jpg\" class=\"attachment-medium size-medium wp-image-2990\" alt=\"\" srcset=\"https:\/\/www.forumsevilla.com\/wp-content\/uploads\/OF-2025.jpg 1600w, https:\/\/www.forumsevilla.com\/wp-content\/uploads\/OF-2025-768x576.jpg 768w, https:\/\/www.forumsevilla.com\/wp-content\/uploads\/OF-2025-1536x1152.jpg 1536w, https:\/\/www.forumsevilla.com\/wp-content\/uploads\/OF-2025-600x450.jpg 600w\" sizes=\"(max-width: 1600px) 100vw, 1600px\" \/><\/div><\/a>\n\t\t\t\t<div class=\"elementor-post__avatar\">\n\t\t\t\t\t<\/div>\n\t\t\t\t<div class=\"elementor-post__text\">\n\t\t\t\t<h3 class=\"elementor-post__title\">\n\t\t\t<a href=\"https:\/\/www.forumsevilla.com\/es\/7-o-oktoberfest-el-18-de-octubre-de-2025\/\" >\n\t\t\t\t7.\u00ba Oktoberfest el 18 de octubre de 2025\t\t\t<\/a>\n\t\t<\/h3>\n\t\t\t\t<div class=\"elementor-post__excerpt\">\n\t\t\t<p>Queridos miembros y amigos del fOrum: El pasado s\u00e1bado celebramos nuestra tradicional Oktoberfest en el Parque Alamillo. A partir de las 14:00 horas, m\u00e1s de<\/p>\n\t\t<\/div>\n\t\t\n\t\t<a class=\"elementor-post__read-more\" href=\"https:\/\/www.forumsevilla.com\/es\/7-o-oktoberfest-el-18-de-octubre-de-2025\/\" aria-label=\"Read more about 7.\u00ba Oktoberfest el 18 de octubre de 2025\" tabindex=\"-1\" >\n\t\t\tLeer m\u00e1s\t\t<\/a>\n\n\t\t\t\t<\/div>\n\t\t\t\t<div class=\"elementor-post__meta-data\">\n\t\t\t\t\t<span class=\"elementor-post-date\">\n\t\t\t20\/10\/2025\t\t<\/span>\n\t\t\t\t<span class=\"elementor-post-avatar\">\n\t\t\tNo hay comentarios\t\t<\/span>\n\t\t\t\t<\/div>\n\t\t\t\t\t<\/div>\n\t\t<\/article>\n\t\t\t\t<article class=\"elementor-post elementor-grid-item post-2977 post type-post status-publish format-standard has-post-thumbnail hentry category-actividades\">\n\t\t\t<div class=\"elementor-post__card\">\n\t\t\t\t<a class=\"elementor-post__thumbnail__link\" href=\"https:\/\/www.forumsevilla.com\/es\/encuentro-social-en-septiembre-de-2025\/\" tabindex=\"-1\" ><div class=\"elementor-post__thumbnail\"><img loading=\"lazy\" decoding=\"async\" width=\"741\" height=\"1139\" src=\"https:\/\/www.forumsevilla.com\/wp-content\/uploads\/Soziales-Treffen-23-09-25.webp\" class=\"attachment-medium size-medium wp-image-2973\" alt=\"\" srcset=\"https:\/\/www.forumsevilla.com\/wp-content\/uploads\/Soziales-Treffen-23-09-25.webp 741w, https:\/\/www.forumsevilla.com\/wp-content\/uploads\/Soziales-Treffen-23-09-25-293x450.webp 293w\" sizes=\"(max-width: 741px) 100vw, 741px\" \/><\/div><\/a>\n\t\t\t\t<div class=\"elementor-post__avatar\">\n\t\t\t\t\t<\/div>\n\t\t\t\t<div class=\"elementor-post__text\">\n\t\t\t\t<h3 class=\"elementor-post__title\">\n\t\t\t<a href=\"https:\/\/www.forumsevilla.com\/es\/encuentro-social-en-septiembre-de-2025\/\" >\n\t\t\t\tEncuentro social en septiembre de 2025\u00a0\u00a0\t\t\t<\/a>\n\t\t<\/h3>\n\t\t\t\t<div class=\"elementor-post__excerpt\">\n\t\t\t<p>El 23 de septiembre de 2025 invitamos a nuestro primer encuentro social despu\u00e9s de la pausa de verano. En el Parque Buhaira, casi 30 personas<\/p>\n\t\t<\/div>\n\t\t\n\t\t<a class=\"elementor-post__read-more\" href=\"https:\/\/www.forumsevilla.com\/es\/encuentro-social-en-septiembre-de-2025\/\" aria-label=\"Read more about Encuentro social en septiembre de 2025\u00a0\u00a0\" tabindex=\"-1\" >\n\t\t\tLeer m\u00e1s\t\t<\/a>\n\n\t\t\t\t<\/div>\n\t\t\t\t<div class=\"elementor-post__meta-data\">\n\t\t\t\t\t<span class=\"elementor-post-date\">\n\t\t\t16\/10\/2025\t\t<\/span>\n\t\t\t\t<span class=\"elementor-post-avatar\">\n\t\t\tNo hay comentarios\t\t<\/span>\n\t\t\t\t<\/div>\n\t\t\t\t\t<\/div>\n\t\t<\/article>\n\t\t\t\t<article class=\"elementor-post elementor-grid-item post-2599 post type-post status-publish format-standard has-post-thumbnail hentry category-actividades\">\n\t\t\t<div class=\"elementor-post__card\">\n\t\t\t\t<a class=\"elementor-post__thumbnail__link\" href=\"https:\/\/www.forumsevilla.com\/es\/reunion-social-en-junio\/\" tabindex=\"-1\" ><div class=\"elementor-post__thumbnail\"><img loading=\"lazy\" decoding=\"async\" width=\"1055\" height=\"978\" src=\"https:\/\/www.forumsevilla.com\/wp-content\/uploads\/Soziales-Treffen-Juni-2025.jpg\" class=\"attachment-medium size-medium wp-image-2596\" alt=\"\" srcset=\"https:\/\/www.forumsevilla.com\/wp-content\/uploads\/Soziales-Treffen-Juni-2025.jpg 1055w, https:\/\/www.forumsevilla.com\/wp-content\/uploads\/Soziales-Treffen-Juni-2025-768x712.jpg 768w\" sizes=\"(max-width: 1055px) 100vw, 1055px\" \/><\/div><\/a>\n\t\t\t\t<div class=\"elementor-post__avatar\">\n\t\t\t\t\t<\/div>\n\t\t\t\t<div class=\"elementor-post__text\">\n\t\t\t\t<h3 class=\"elementor-post__title\">\n\t\t\t<a href=\"https:\/\/www.forumsevilla.com\/es\/reunion-social-en-junio\/\" >\n\t\t\t\tReuni\u00f3n social en junio\t\t\t<\/a>\n\t\t<\/h3>\n\t\t\t\t<div class=\"elementor-post__excerpt\">\n\t\t\t<p>El viernes 13 de junio, amigos y miembros del fOrum se reunieron para entrar en ambiente vacacional con temperaturas propias de principios de verano. El<\/p>\n\t\t<\/div>\n\t\t\n\t\t<a class=\"elementor-post__read-more\" href=\"https:\/\/www.forumsevilla.com\/es\/reunion-social-en-junio\/\" aria-label=\"Read more about Reuni\u00f3n social en junio\" tabindex=\"-1\" >\n\t\t\tLeer m\u00e1s\t\t<\/a>\n\n\t\t\t\t<\/div>\n\t\t\t\t<div class=\"elementor-post__meta-data\">\n\t\t\t\t\t<span class=\"elementor-post-date\">\n\t\t\t22\/05\/2025\t\t<\/span>\n\t\t\t\t<span class=\"elementor-post-avatar\">\n\t\t\tNo hay comentarios\t\t<\/span>\n\t\t\t\t<\/div>\n\t\t\t\t\t<\/div>\n\t\t<\/article>\n\t\t\t\t<article class=\"elementor-post elementor-grid-item post-2590 post type-post status-publish format-standard has-post-thumbnail hentry category-actividades\">\n\t\t\t<div class=\"elementor-post__card\">\n\t\t\t\t<a class=\"elementor-post__thumbnail__link\" href=\"https:\/\/www.forumsevilla.com\/es\/taller-de-huevos-decorados-2025\/\" tabindex=\"-1\" ><div class=\"elementor-post__thumbnail\"><img loading=\"lazy\" decoding=\"async\" width=\"1649\" height=\"1900\" src=\"https:\/\/www.forumsevilla.com\/wp-content\/uploads\/Ostereiermalen-2025.webp\" class=\"attachment-medium size-medium wp-image-2588\" alt=\"Ostereiermalen 2025\" srcset=\"https:\/\/www.forumsevilla.com\/wp-content\/uploads\/Ostereiermalen-2025.webp 1649w, https:\/\/www.forumsevilla.com\/wp-content\/uploads\/Ostereiermalen-2025-768x885.webp 768w, https:\/\/www.forumsevilla.com\/wp-content\/uploads\/Ostereiermalen-2025-1333x1536.webp 1333w\" sizes=\"(max-width: 1649px) 100vw, 1649px\" \/><\/div><\/a>\n\t\t\t\t<div class=\"elementor-post__avatar\">\n\t\t\t\t\t<\/div>\n\t\t\t\t<div class=\"elementor-post__text\">\n\t\t\t\t<h3 class=\"elementor-post__title\">\n\t\t\t<a href=\"https:\/\/www.forumsevilla.com\/es\/taller-de-huevos-decorados-2025\/\" >\n\t\t\t\tTaller de huevos decorados 2025\t\t\t<\/a>\n\t\t<\/h3>\n\t\t\t\t<div class=\"elementor-post__excerpt\">\n\t\t\t<p>Con motivo de la celebraci\u00f3n de la Pascua de este a\u00f1o, organizamos para el s\u00e1bado 12 de abril de 2025 una actividad de pintura de<\/p>\n\t\t<\/div>\n\t\t\n\t\t<a class=\"elementor-post__read-more\" href=\"https:\/\/www.forumsevilla.com\/es\/taller-de-huevos-decorados-2025\/\" aria-label=\"Read more about Taller de huevos decorados 2025\" tabindex=\"-1\" >\n\t\t\tLeer m\u00e1s\t\t<\/a>\n\n\t\t\t\t<\/div>\n\t\t\t\t<div class=\"elementor-post__meta-data\">\n\t\t\t\t\t<span class=\"elementor-post-date\">\n\t\t\t22\/05\/2025\t\t<\/span>\n\t\t\t\t<span class=\"elementor-post-avatar\">\n\t\t\tNo hay comentarios\t\t<\/span>\n\t\t\t\t<\/div>\n\t\t\t\t\t<\/div>\n\t\t<\/article>\n\t\t\t\t<article class=\"elementor-post elementor-grid-item post-2550 post type-post status-publish format-standard has-post-thumbnail hentry category-actividades\">\n\t\t\t<div class=\"elementor-post__card\">\n\t\t\t\t<a class=\"elementor-post__thumbnail__link\" href=\"https:\/\/www.forumsevilla.com\/es\/conferencia-aleman-sobre-el-tema-hidrogeno-natural-el-10-04-25\/\" tabindex=\"-1\" ><div class=\"elementor-post__thumbnail\"><img loading=\"lazy\" decoding=\"async\" width=\"2560\" height=\"1920\" src=\"https:\/\/www.forumsevilla.com\/wp-content\/uploads\/Wasserstoff-10-04-25-scaled.jpg\" class=\"attachment-medium size-medium wp-image-2547\" alt=\"\" srcset=\"https:\/\/www.forumsevilla.com\/wp-content\/uploads\/Wasserstoff-10-04-25-scaled.jpg 2560w, https:\/\/www.forumsevilla.com\/wp-content\/uploads\/Wasserstoff-10-04-25-768x576.jpg 768w, https:\/\/www.forumsevilla.com\/wp-content\/uploads\/Wasserstoff-10-04-25-1536x1152.jpg 1536w, https:\/\/www.forumsevilla.com\/wp-content\/uploads\/Wasserstoff-10-04-25-2048x1536.jpg 2048w\" sizes=\"(max-width: 2560px) 100vw, 2560px\" \/><\/div><\/a>\n\t\t\t\t<div class=\"elementor-post__avatar\">\n\t\t\t\t\t<\/div>\n\t\t\t\t<div class=\"elementor-post__text\">\n\t\t\t\t<h3 class=\"elementor-post__title\">\n\t\t\t<a href=\"https:\/\/www.forumsevilla.com\/es\/conferencia-aleman-sobre-el-tema-hidrogeno-natural-el-10-04-25\/\" >\n\t\t\t\tConferencia (alem\u00e1n) sobre el tema \u2018Hidr\u00f3geno natural\u2019 el 10.04.25\t\t\t<\/a>\n\t\t<\/h3>\n\t\t\t\t<div class=\"elementor-post__excerpt\">\n\t\t\t<p>En las discusiones sobre la \u2018transici\u00f3n energ\u00e9tica\u2019, se habla mucho sobre el hidr\u00f3geno como posible portador de energ\u00eda en el camino hacia la neutralidad clim\u00e1tica.<\/p>\n\t\t<\/div>\n\t\t\n\t\t<a class=\"elementor-post__read-more\" href=\"https:\/\/www.forumsevilla.com\/es\/conferencia-aleman-sobre-el-tema-hidrogeno-natural-el-10-04-25\/\" aria-label=\"Read more about Conferencia (alem\u00e1n) sobre el tema \u2018Hidr\u00f3geno natural\u2019 el 10.04.25\" tabindex=\"-1\" >\n\t\t\tLeer m\u00e1s\t\t<\/a>\n\n\t\t\t\t<\/div>\n\t\t\t\t<div class=\"elementor-post__meta-data\">\n\t\t\t\t\t<span class=\"elementor-post-date\">\n\t\t\t11\/04\/2025\t\t<\/span>\n\t\t\t\t<span class=\"elementor-post-avatar\">\n\t\t\tNo hay comentarios\t\t<\/span>\n\t\t\t\t<\/div>\n\t\t\t\t\t<\/div>\n\t\t<\/article>\n\t\t\t\t<article class=\"elementor-post elementor-grid-item post-2542 post type-post status-publish format-standard has-post-thumbnail hentry category-actividades\">\n\t\t\t<div class=\"elementor-post__card\">\n\t\t\t\t<a class=\"elementor-post__thumbnail__link\" href=\"https:\/\/www.forumsevilla.com\/es\/forum-va-a-curiosidades-visita-guiada-en-espanol-el-29-03-25\/\" tabindex=\"-1\" ><div class=\"elementor-post__thumbnail\"><img loading=\"lazy\" decoding=\"async\" width=\"2016\" height=\"1512\" src=\"https:\/\/www.forumsevilla.com\/wp-content\/uploads\/fOrum-goes-curios.jpg\" class=\"attachment-medium size-medium wp-image-2540\" alt=\"\" srcset=\"https:\/\/www.forumsevilla.com\/wp-content\/uploads\/fOrum-goes-curios.jpg 2016w, https:\/\/www.forumsevilla.com\/wp-content\/uploads\/fOrum-goes-curios-768x576.jpg 768w, https:\/\/www.forumsevilla.com\/wp-content\/uploads\/fOrum-goes-curios-1536x1152.jpg 1536w\" sizes=\"(max-width: 2016px) 100vw, 2016px\" \/><\/div><\/a>\n\t\t\t\t<div class=\"elementor-post__avatar\">\n\t\t\t\t\t<\/div>\n\t\t\t\t<div class=\"elementor-post__text\">\n\t\t\t\t<h3 class=\"elementor-post__title\">\n\t\t\t<a href=\"https:\/\/www.forumsevilla.com\/es\/forum-va-a-curiosidades-visita-guiada-en-espanol-el-29-03-25\/\" >\n\t\t\t\tfOrum va a curiosidades (Visita guiada en espa\u00f1ol) el 29.03.25\t\t\t<\/a>\n\t\t<\/h3>\n\t\t\t\t<div class=\"elementor-post__excerpt\">\n\t\t\t<p>Para los interesados en la cultura, la historia y lo curioso sobre los expatriados en Andaluc\u00eda, hemos pensado en una experiencia especial: el 29 de<\/p>\n\t\t<\/div>\n\t\t\n\t\t<a class=\"elementor-post__read-more\" href=\"https:\/\/www.forumsevilla.com\/es\/forum-va-a-curiosidades-visita-guiada-en-espanol-el-29-03-25\/\" aria-label=\"Read more about fOrum va a curiosidades (Visita guiada en espa\u00f1ol) el 29.03.25\" tabindex=\"-1\" >\n\t\t\tLeer m\u00e1s\t\t<\/a>\n\n\t\t\t\t<\/div>\n\t\t\t\t<div class=\"elementor-post__meta-data\">\n\t\t\t\t\t<span class=\"elementor-post-date\">\n\t\t\t11\/04\/2025\t\t<\/span>\n\t\t\t\t<span class=\"elementor-post-avatar\">\n\t\t\tNo hay comentarios\t\t<\/span>\n\t\t\t\t<\/div>\n\t\t\t\t\t<\/div>\n\t\t<\/article>\n\t\t\t\t<article class=\"elementor-post elementor-grid-item post-2524 post type-post status-publish format-standard has-post-thumbnail hentry category-actividades\">\n\t\t\t<div class=\"elementor-post__card\">\n\t\t\t\t<a class=\"elementor-post__thumbnail__link\" href=\"https:\/\/www.forumsevilla.com\/es\/forum-va-a-la-feria-2025\/\" tabindex=\"-1\" ><div class=\"elementor-post__thumbnail\"><img loading=\"lazy\" decoding=\"async\" width=\"1600\" height=\"1200\" src=\"https:\/\/www.forumsevilla.com\/wp-content\/uploads\/Feria-2025-2.webp\" class=\"attachment-medium size-medium wp-image-2582\" alt=\"\" srcset=\"https:\/\/www.forumsevilla.com\/wp-content\/uploads\/Feria-2025-2.webp 1600w, https:\/\/www.forumsevilla.com\/wp-content\/uploads\/Feria-2025-2-768x576.webp 768w, https:\/\/www.forumsevilla.com\/wp-content\/uploads\/Feria-2025-2-1536x1152.webp 1536w\" sizes=\"(max-width: 1600px) 100vw, 1600px\" \/><\/div><\/a>\n\t\t\t\t<div class=\"elementor-post__avatar\">\n\t\t\t\t\t<\/div>\n\t\t\t\t<div class=\"elementor-post__text\">\n\t\t\t\t<h3 class=\"elementor-post__title\">\n\t\t\t<a href=\"https:\/\/www.forumsevilla.com\/es\/forum-va-a-la-feria-2025\/\" >\n\t\t\t\tfOrum va a la Feria 2025\t\t\t<\/a>\n\t\t<\/h3>\n\t\t\t\t<div class=\"elementor-post__excerpt\">\n\t\t\t<p>El jueves 8 de mayo a partir de las 19:00 horas, miembros y amigos del fOrum se reunieron para visitar juntos la Feria en la<\/p>\n\t\t<\/div>\n\t\t\n\t\t<a class=\"elementor-post__read-more\" href=\"https:\/\/www.forumsevilla.com\/es\/forum-va-a-la-feria-2025\/\" aria-label=\"Read more about fOrum va a la Feria 2025\" tabindex=\"-1\" >\n\t\t\tLeer m\u00e1s\t\t<\/a>\n\n\t\t\t\t<\/div>\n\t\t\t\t<div class=\"elementor-post__meta-data\">\n\t\t\t\t\t<span class=\"elementor-post-date\">\n\t\t\t11\/04\/2025\t\t<\/span>\n\t\t\t\t<span class=\"elementor-post-avatar\">\n\t\t\tNo hay comentarios\t\t<\/span>\n\t\t\t\t<\/div>\n\t\t\t\t\t<\/div>\n\t\t<\/article>\n\t\t\t\t<article class=\"elementor-post elementor-grid-item post-2508 post type-post status-publish format-standard has-post-thumbnail hentry category-actividades\">\n\t\t\t<div class=\"elementor-post__card\">\n\t\t\t\t<a class=\"elementor-post__thumbnail__link\" href=\"https:\/\/www.forumsevilla.com\/es\/asamblea-de-miembros-el-13-03-25\/\" tabindex=\"-1\" ><div class=\"elementor-post__thumbnail\"><img loading=\"lazy\" decoding=\"async\" width=\"1085\" height=\"814\" src=\"https:\/\/www.forumsevilla.com\/wp-content\/uploads\/Mitgleiderversammlung-13-03-25.webp\" class=\"attachment-medium size-medium wp-image-2506\" alt=\"Mitgliederversammlung am 13.03.25\" srcset=\"https:\/\/www.forumsevilla.com\/wp-content\/uploads\/Mitgleiderversammlung-13-03-25.webp 1085w, https:\/\/www.forumsevilla.com\/wp-content\/uploads\/Mitgleiderversammlung-13-03-25-768x576.webp 768w\" sizes=\"(max-width: 1085px) 100vw, 1085px\" \/><\/div><\/a>\n\t\t\t\t<div class=\"elementor-post__avatar\">\n\t\t\t\t\t<\/div>\n\t\t\t\t<div class=\"elementor-post__text\">\n\t\t\t\t<h3 class=\"elementor-post__title\">\n\t\t\t<a href=\"https:\/\/www.forumsevilla.com\/es\/asamblea-de-miembros-el-13-03-25\/\" >\n\t\t\t\tAsamblea de miembros el 13.03.25\t\t\t<\/a>\n\t\t<\/h3>\n\t\t\t\t<div class=\"elementor-post__excerpt\">\n\t\t\t<p>Queridos miembros y amigos del fOrum, el 13 de marzo de 2025 tuvo lugar nuestra asamblea de miembros en las instalaciones de CLIC. Tras la<\/p>\n\t\t<\/div>\n\t\t\n\t\t<a class=\"elementor-post__read-more\" href=\"https:\/\/www.forumsevilla.com\/es\/asamblea-de-miembros-el-13-03-25\/\" aria-label=\"Read more about Asamblea de miembros el 13.03.25\" tabindex=\"-1\" >\n\t\t\tLeer m\u00e1s\t\t<\/a>\n\n\t\t\t\t<\/div>\n\t\t\t\t<div class=\"elementor-post__meta-data\">\n\t\t\t\t\t<span class=\"elementor-post-date\">\n\t\t\t17\/03\/2025\t\t<\/span>\n\t\t\t\t<span class=\"elementor-post-avatar\">\n\t\t\tNo hay comentarios\t\t<\/span>\n\t\t\t\t<\/div>\n\t\t\t\t\t<\/div>\n\t\t<\/article>\n\t\t\t\t<article class=\"elementor-post elementor-grid-item post-2483 post type-post status-publish format-standard has-post-thumbnail hentry category-actividades\">\n\t\t\t<div class=\"elementor-post__card\">\n\t\t\t\t<a class=\"elementor-post__thumbnail__link\" href=\"https:\/\/www.forumsevilla.com\/es\/reunion-social-en-el-13-de-febrero-2025-en-el-restaurante-el-traga\/\" tabindex=\"-1\" ><div class=\"elementor-post__thumbnail\"><img loading=\"lazy\" decoding=\"async\" width=\"983\" height=\"553\" src=\"https:\/\/www.forumsevilla.com\/wp-content\/uploads\/SozialesTreffen-2025.jpg\" class=\"attachment-medium size-medium wp-image-2481\" alt=\"\" srcset=\"https:\/\/www.forumsevilla.com\/wp-content\/uploads\/SozialesTreffen-2025.jpg 983w, https:\/\/www.forumsevilla.com\/wp-content\/uploads\/SozialesTreffen-2025-768x432.jpg 768w\" sizes=\"(max-width: 983px) 100vw, 983px\" \/><\/div><\/a>\n\t\t\t\t<div class=\"elementor-post__avatar\">\n\t\t\t\t\t<\/div>\n\t\t\t\t<div class=\"elementor-post__text\">\n\t\t\t\t<h3 class=\"elementor-post__title\">\n\t\t\t<a href=\"https:\/\/www.forumsevilla.com\/es\/reunion-social-en-el-13-de-febrero-2025-en-el-restaurante-el-traga\/\" >\n\t\t\t\tReuni\u00f3n social en el 13 de febrero 2025 en el restaurante \u201cEl Traga\u201d\t\t\t<\/a>\n\t\t<\/h3>\n\t\t\t\t<div class=\"elementor-post__excerpt\">\n\t\t\t<p>El 13 de febrero de 2025, tuvo lugar nuestra primera reuni\u00f3n social en el restaurante &#8216;El Traga&#8217;. En un gran grupo, se reunieron miembros y<\/p>\n\t\t<\/div>\n\t\t\n\t\t<a class=\"elementor-post__read-more\" href=\"https:\/\/www.forumsevilla.com\/es\/reunion-social-en-el-13-de-febrero-2025-en-el-restaurante-el-traga\/\" aria-label=\"Read more about Reuni\u00f3n social en el 13 de febrero 2025 en el restaurante \u201cEl Traga\u201d\" tabindex=\"-1\" >\n\t\t\tLeer m\u00e1s\t\t<\/a>\n\n\t\t\t\t<\/div>\n\t\t\t\t<div class=\"elementor-post__meta-data\">\n\t\t\t\t\t<span class=\"elementor-post-date\">\n\t\t\t16\/02\/2025\t\t<\/span>\n\t\t\t\t<span class=\"elementor-post-avatar\">\n\t\t\tNo hay comentarios\t\t<\/span>\n\t\t\t\t<\/div>\n\t\t\t\t\t<\/div>\n\t\t<\/article>\n\t\t\t\t<article class=\"elementor-post elementor-grid-item post-2473 post type-post status-publish format-standard has-post-thumbnail hentry category-actividades\">\n\t\t\t<div class=\"elementor-post__card\">\n\t\t\t\t<a class=\"elementor-post__thumbnail__link\" href=\"https:\/\/www.forumsevilla.com\/es\/visita-espanol-proyecto-cartuja-qanat-06-03-25\/\" tabindex=\"-1\" ><div class=\"elementor-post__thumbnail\"><img loading=\"lazy\" decoding=\"async\" width=\"1074\" height=\"806\" src=\"https:\/\/www.forumsevilla.com\/wp-content\/uploads\/Besuch-Cartuja-Quanat-06-03-25.jpg\" class=\"attachment-medium size-medium wp-image-2489\" alt=\"\" srcset=\"https:\/\/www.forumsevilla.com\/wp-content\/uploads\/Besuch-Cartuja-Quanat-06-03-25.jpg 1074w, https:\/\/www.forumsevilla.com\/wp-content\/uploads\/Besuch-Cartuja-Quanat-06-03-25-768x576.jpg 768w\" sizes=\"(max-width: 1074px) 100vw, 1074px\" \/><\/div><\/a>\n\t\t\t\t<div class=\"elementor-post__avatar\">\n\t\t\t\t\t<\/div>\n\t\t\t\t<div class=\"elementor-post__text\">\n\t\t\t\t<h3 class=\"elementor-post__title\">\n\t\t\t<a href=\"https:\/\/www.forumsevilla.com\/es\/visita-espanol-proyecto-cartuja-qanat-06-03-25\/\" >\n\t\t\t\tVisita (espa\u00f1ol) proyecto \u00abCartuja Qanat\u00bb 06.03.25\t\t\t<\/a>\n\t\t<\/h3>\n\t\t\t\t<div class=\"elementor-post__excerpt\">\n\t\t\t<p>El 06 de marzo de 2025 tuvimos la oportunidad de realizar una visita guiada al mundo de las tecnolog\u00edas innovadoras que contribuyen a hacer de<\/p>\n\t\t<\/div>\n\t\t\n\t\t<a class=\"elementor-post__read-more\" href=\"https:\/\/www.forumsevilla.com\/es\/visita-espanol-proyecto-cartuja-qanat-06-03-25\/\" aria-label=\"Read more about Visita (espa\u00f1ol) proyecto \u00abCartuja Qanat\u00bb 06.03.25\" tabindex=\"-1\" >\n\t\t\tLeer m\u00e1s\t\t<\/a>\n\n\t\t\t\t<\/div>\n\t\t\t\t<div class=\"elementor-post__meta-data\">\n\t\t\t\t\t<span class=\"elementor-post-date\">\n\t\t\t16\/02\/2025\t\t<\/span>\n\t\t\t\t<span class=\"elementor-post-avatar\">\n\t\t\tNo hay comentarios\t\t<\/span>\n\t\t\t\t<\/div>\n\t\t\t\t\t<\/div>\n\t\t<\/article>\n\t\t\t\t<article class=\"elementor-post elementor-grid-item post-2431 post type-post status-publish format-standard has-post-thumbnail hentry category-actividades\">\n\t\t\t<div class=\"elementor-post__card\">\n\t\t\t\t<a class=\"elementor-post__thumbnail__link\" href=\"https:\/\/www.forumsevilla.com\/es\/conferencia-aleman-el-23-de-enero-politica-ambiental-europea-para-promover-leyes-sostenibles\/\" tabindex=\"-1\" ><div class=\"elementor-post__thumbnail\"><img loading=\"lazy\" decoding=\"async\" width=\"2560\" height=\"1920\" src=\"https:\/\/www.forumsevilla.com\/wp-content\/uploads\/23-01-25-Umweltpolitik-scaled.webp\" class=\"attachment-medium size-medium wp-image-2446\" alt=\"\" srcset=\"https:\/\/www.forumsevilla.com\/wp-content\/uploads\/23-01-25-Umweltpolitik-scaled.webp 2560w, https:\/\/www.forumsevilla.com\/wp-content\/uploads\/23-01-25-Umweltpolitik-768x576.webp 768w, https:\/\/www.forumsevilla.com\/wp-content\/uploads\/23-01-25-Umweltpolitik-1536x1152.webp 1536w, https:\/\/www.forumsevilla.com\/wp-content\/uploads\/23-01-25-Umweltpolitik-2048x1536.webp 2048w\" sizes=\"(max-width: 2560px) 100vw, 2560px\" \/><\/div><\/a>\n\t\t\t\t<div class=\"elementor-post__avatar\">\n\t\t\t\t\t<\/div>\n\t\t\t\t<div class=\"elementor-post__text\">\n\t\t\t\t<h3 class=\"elementor-post__title\">\n\t\t\t<a href=\"https:\/\/www.forumsevilla.com\/es\/conferencia-aleman-el-23-de-enero-politica-ambiental-europea-para-promover-leyes-sostenibles\/\" >\n\t\t\t\tConferencia (Alem\u00e1n) el 23 de enero: \u2018Pol\u00edtica ambiental europea para promover leyes sostenibles\u2019\t\t\t<\/a>\n\t\t<\/h3>\n\t\t\t\t<div class=\"elementor-post__excerpt\">\n\t\t\t<p>El a\u00f1o en el foro comenz\u00f3 con una apasionante conferencia (en alem\u00e1n) en la escuela de idiomas Clic (Calle Albareda 19, 41001 Sevilla) el 23<\/p>\n\t\t<\/div>\n\t\t\n\t\t<a class=\"elementor-post__read-more\" href=\"https:\/\/www.forumsevilla.com\/es\/conferencia-aleman-el-23-de-enero-politica-ambiental-europea-para-promover-leyes-sostenibles\/\" aria-label=\"Read more about Conferencia (Alem\u00e1n) el 23 de enero: \u2018Pol\u00edtica ambiental europea para promover leyes sostenibles\u2019\" tabindex=\"-1\" >\n\t\t\tLeer m\u00e1s\t\t<\/a>\n\n\t\t\t\t<\/div>\n\t\t\t\t<div class=\"elementor-post__meta-data\">\n\t\t\t\t\t<span class=\"elementor-post-date\">\n\t\t\t23\/01\/2025\t\t<\/span>\n\t\t\t\t<span class=\"elementor-post-avatar\">\n\t\t\tNo hay comentarios\t\t<\/span>\n\t\t\t\t<\/div>\n\t\t\t\t\t<\/div>\n\t\t<\/article>\n\t\t\t\t<article class=\"elementor-post elementor-grid-item post-2439 post type-post status-publish format-standard has-post-thumbnail hentry category-actividades\">\n\t\t\t<div class=\"elementor-post__card\">\n\t\t\t\t<a class=\"elementor-post__thumbnail__link\" href=\"https:\/\/www.forumsevilla.com\/es\/taller-en-linea-de-tres-partes-en-aleman-sobre-inversion-y-construccion-de-patrimonio\/\" tabindex=\"-1\" ><div class=\"elementor-post__thumbnail\"><img loading=\"lazy\" decoding=\"async\" width=\"1035\" height=\"987\" src=\"https:\/\/www.forumsevilla.com\/wp-content\/uploads\/Finanzworkshop-27-01-2025.jpg\" class=\"attachment-medium size-medium wp-image-2436\" alt=\"\" srcset=\"https:\/\/www.forumsevilla.com\/wp-content\/uploads\/Finanzworkshop-27-01-2025.jpg 1035w, https:\/\/www.forumsevilla.com\/wp-content\/uploads\/Finanzworkshop-27-01-2025-768x732.jpg 768w\" sizes=\"(max-width: 1035px) 100vw, 1035px\" \/><\/div><\/a>\n\t\t\t\t<div class=\"elementor-post__avatar\">\n\t\t\t\t\t<\/div>\n\t\t\t\t<div class=\"elementor-post__text\">\n\t\t\t\t<h3 class=\"elementor-post__title\">\n\t\t\t<a href=\"https:\/\/www.forumsevilla.com\/es\/taller-en-linea-de-tres-partes-en-aleman-sobre-inversion-y-construccion-de-patrimonio\/\" >\n\t\t\t\tTaller en l\u00ednea de tres partes (en alem\u00e1n) sobre inversi\u00f3n y construcci\u00f3n de patrimonio (27.1., 10.2. y 24.2.25)\t\t\t<\/a>\n\t\t<\/h3>\n\t\t\t\t<div class=\"elementor-post__excerpt\">\n\t\t\t<p>Cuando se trata de dinero, hay muchas maneras de informarse. Desafortunadamente, el contenido de la mayor\u00eda de las gu\u00edas termina antes de la recomendaci\u00f3n de<\/p>\n\t\t<\/div>\n\t\t\n\t\t<a class=\"elementor-post__read-more\" href=\"https:\/\/www.forumsevilla.com\/es\/taller-en-linea-de-tres-partes-en-aleman-sobre-inversion-y-construccion-de-patrimonio\/\" aria-label=\"Read more about Taller en l\u00ednea de tres partes (en alem\u00e1n) sobre inversi\u00f3n y construcci\u00f3n de patrimonio (27.1., 10.2. y 24.2.25)\" tabindex=\"-1\" >\n\t\t\tLeer m\u00e1s\t\t<\/a>\n\n\t\t\t\t<\/div>\n\t\t\t\t<div class=\"elementor-post__meta-data\">\n\t\t\t\t\t<span class=\"elementor-post-date\">\n\t\t\t10\/01\/2025\t\t<\/span>\n\t\t\t\t<span class=\"elementor-post-avatar\">\n\t\t\tNo hay comentarios\t\t<\/span>\n\t\t\t\t<\/div>\n\t\t\t\t\t<\/div>\n\t\t<\/article>\n\t\t\t\t<article class=\"elementor-post elementor-grid-item post-2410 post type-post status-publish format-standard has-post-thumbnail hentry category-actividades\">\n\t\t\t<div class=\"elementor-post__card\">\n\t\t\t\t<a class=\"elementor-post__thumbnail__link\" href=\"https:\/\/www.forumsevilla.com\/es\/fiesta-de-navidad\/\" tabindex=\"-1\" ><div class=\"elementor-post__thumbnail\"><img loading=\"lazy\" decoding=\"async\" width=\"2048\" height=\"1536\" src=\"https:\/\/www.forumsevilla.com\/wp-content\/uploads\/Weihnachtsfeier-12.12.24.jpg\" class=\"attachment-medium size-medium wp-image-2411\" alt=\"\" srcset=\"https:\/\/www.forumsevilla.com\/wp-content\/uploads\/Weihnachtsfeier-12.12.24.jpg 2048w, https:\/\/www.forumsevilla.com\/wp-content\/uploads\/Weihnachtsfeier-12.12.24-768x576.jpg 768w, https:\/\/www.forumsevilla.com\/wp-content\/uploads\/Weihnachtsfeier-12.12.24-1536x1152.jpg 1536w\" sizes=\"(max-width: 2048px) 100vw, 2048px\" \/><\/div><\/a>\n\t\t\t\t<div class=\"elementor-post__avatar\">\n\t\t\t\t\t<\/div>\n\t\t\t\t<div class=\"elementor-post__text\">\n\t\t\t\t<h3 class=\"elementor-post__title\">\n\t\t\t<a href=\"https:\/\/www.forumsevilla.com\/es\/fiesta-de-navidad\/\" >\n\t\t\t\tFiesta de Navidad 12.12.24\t\t\t<\/a>\n\t\t<\/h3>\n\t\t\t\t<div class=\"elementor-post__excerpt\">\n\t\t\t<p>El jueves 12 de diciembre de 2024, tuvo lugar nuestra fiesta de Navidad de este a\u00f1o en el restaurante Al Aljibe (Alameda de H\u00e9rcules 51).<\/p>\n\t\t<\/div>\n\t\t\n\t\t<a class=\"elementor-post__read-more\" href=\"https:\/\/www.forumsevilla.com\/es\/fiesta-de-navidad\/\" aria-label=\"Read more about Fiesta de Navidad 12.12.24\" tabindex=\"-1\" >\n\t\t\tLeer m\u00e1s\t\t<\/a>\n\n\t\t\t\t<\/div>\n\t\t\t\t<div class=\"elementor-post__meta-data\">\n\t\t\t\t\t<span class=\"elementor-post-date\">\n\t\t\t20\/12\/2024\t\t<\/span>\n\t\t\t\t<span class=\"elementor-post-avatar\">\n\t\t\tNo hay comentarios\t\t<\/span>\n\t\t\t\t<\/div>\n\t\t\t\t\t<\/div>\n\t\t<\/article>\n\t\t\t\t<article class=\"elementor-post elementor-grid-item post-2390 post type-post status-publish format-standard has-post-thumbnail hentry category-actividades\">\n\t\t\t<div class=\"elementor-post__card\">\n\t\t\t\t<a class=\"elementor-post__thumbnail__link\" href=\"https:\/\/www.forumsevilla.com\/es\/conferencia-sostenibilidad-empresarial\/\" tabindex=\"-1\" ><div class=\"elementor-post__thumbnail\"><img loading=\"lazy\" decoding=\"async\" width=\"1023\" height=\"1106\" src=\"https:\/\/www.forumsevilla.com\/wp-content\/uploads\/Vortrag-21.111.jpeg\" class=\"attachment-medium size-medium wp-image-2384\" alt=\"\" srcset=\"https:\/\/www.forumsevilla.com\/wp-content\/uploads\/Vortrag-21.111.jpeg 1023w, https:\/\/www.forumsevilla.com\/wp-content\/uploads\/Vortrag-21.111-768x830.jpeg 768w\" sizes=\"(max-width: 1023px) 100vw, 1023px\" \/><\/div><\/a>\n\t\t\t\t<div class=\"elementor-post__avatar\">\n\t\t\t\t\t<\/div>\n\t\t\t\t<div class=\"elementor-post__text\">\n\t\t\t\t<h3 class=\"elementor-post__title\">\n\t\t\t<a href=\"https:\/\/www.forumsevilla.com\/es\/conferencia-sostenibilidad-empresarial\/\" >\n\t\t\t\tConferencia Sostenibilidad Empresarial\t\t\t<\/a>\n\t\t<\/h3>\n\t\t\t\t<div class=\"elementor-post__excerpt\">\n\t\t\t<p>El 21 de noviembre, Ernesto Mosquera nos inform\u00f3 sobre la sostenibilidad en las empresas. En su presentaci\u00f3n, explic\u00f3 qu\u00e9 es realmente la sostenibilidad empresarial, cu\u00e1les<\/p>\n\t\t<\/div>\n\t\t\n\t\t<a class=\"elementor-post__read-more\" href=\"https:\/\/www.forumsevilla.com\/es\/conferencia-sostenibilidad-empresarial\/\" aria-label=\"Read more about Conferencia Sostenibilidad Empresarial\" tabindex=\"-1\" >\n\t\t\tLeer m\u00e1s\t\t<\/a>\n\n\t\t\t\t<\/div>\n\t\t\t\t<div class=\"elementor-post__meta-data\">\n\t\t\t\t\t<span class=\"elementor-post-date\">\n\t\t\t06\/11\/2024\t\t<\/span>\n\t\t\t\t<span class=\"elementor-post-avatar\">\n\t\t\tNo hay comentarios\t\t<\/span>\n\t\t\t\t<\/div>\n\t\t\t\t\t<\/div>\n\t\t<\/article>\n\t\t\t\t<article class=\"elementor-post elementor-grid-item post-2263 post type-post status-publish format-standard has-post-thumbnail hentry category-actividades\">\n\t\t\t<div class=\"elementor-post__card\">\n\t\t\t\t<a class=\"elementor-post__thumbnail__link\" href=\"https:\/\/www.forumsevilla.com\/es\/encuentro-social-en-octubre\/\" tabindex=\"-1\" ><div class=\"elementor-post__thumbnail\"><img loading=\"lazy\" decoding=\"async\" width=\"1049\" height=\"801\" src=\"https:\/\/www.forumsevilla.com\/wp-content\/uploads\/Soziales-Treffen-Oktober.jpg\" class=\"attachment-medium size-medium wp-image-2257\" alt=\"\" srcset=\"https:\/\/www.forumsevilla.com\/wp-content\/uploads\/Soziales-Treffen-Oktober.jpg 1049w, https:\/\/www.forumsevilla.com\/wp-content\/uploads\/Soziales-Treffen-Oktober-768x586.jpg 768w\" sizes=\"(max-width: 1049px) 100vw, 1049px\" \/><\/div><\/a>\n\t\t\t\t<div class=\"elementor-post__avatar\">\n\t\t\t\t\t<\/div>\n\t\t\t\t<div class=\"elementor-post__text\">\n\t\t\t\t<h3 class=\"elementor-post__title\">\n\t\t\t<a href=\"https:\/\/www.forumsevilla.com\/es\/encuentro-social-en-octubre\/\" >\n\t\t\t\tReuni\u00f3n social en octubre\t\t\t<\/a>\n\t\t<\/h3>\n\t\t\t\t<div class=\"elementor-post__excerpt\">\n\t\t\t<p>El jueves 17 de octubre. Nuestro encuentro social de octubre se llev\u00f3 a cabo en AL AJIBE (Almeda de H\u00e9rcules 76) de 20:15 a 21:00<\/p>\n\t\t<\/div>\n\t\t\n\t\t<a class=\"elementor-post__read-more\" href=\"https:\/\/www.forumsevilla.com\/es\/encuentro-social-en-octubre\/\" aria-label=\"Read more about Reuni\u00f3n social en octubre\" tabindex=\"-1\" >\n\t\t\tLeer m\u00e1s\t\t<\/a>\n\n\t\t\t\t<\/div>\n\t\t\t\t<div class=\"elementor-post__meta-data\">\n\t\t\t\t\t<span class=\"elementor-post-date\">\n\t\t\t02\/10\/2024\t\t<\/span>\n\t\t\t\t<span class=\"elementor-post-avatar\">\n\t\t\tNo hay comentarios\t\t<\/span>\n\t\t\t\t<\/div>\n\t\t\t\t\t<\/div>\n\t\t<\/article>\n\t\t\t\t<article class=\"elementor-post elementor-grid-item post-2130 post type-post status-publish format-standard has-post-thumbnail hentry category-actividades\">\n\t\t\t<div class=\"elementor-post__card\">\n\t\t\t\t<a class=\"elementor-post__thumbnail__link\" href=\"https:\/\/www.forumsevilla.com\/es\/oktoberfest-2024\/\" tabindex=\"-1\" ><div class=\"elementor-post__thumbnail\"><img loading=\"lazy\" decoding=\"async\" width=\"1502\" height=\"408\" src=\"https:\/\/www.forumsevilla.com\/wp-content\/uploads\/OF-2024.webp\" class=\"attachment-medium size-medium wp-image-2316\" alt=\"Oktoberfest 2024\" srcset=\"https:\/\/www.forumsevilla.com\/wp-content\/uploads\/OF-2024.webp 1502w, https:\/\/www.forumsevilla.com\/wp-content\/uploads\/OF-2024-768x209.webp 768w\" sizes=\"(max-width: 1502px) 100vw, 1502px\" \/><\/div><\/a>\n\t\t\t\t<div class=\"elementor-post__avatar\">\n\t\t\t\t\t<\/div>\n\t\t\t\t<div class=\"elementor-post__text\">\n\t\t\t\t<h3 class=\"elementor-post__title\">\n\t\t\t<a href=\"https:\/\/www.forumsevilla.com\/es\/oktoberfest-2024\/\" >\n\t\t\t\tOktoberfest 2024\t\t\t<\/a>\n\t\t<\/h3>\n\t\t\t\t<div class=\"elementor-post__excerpt\">\n\t\t\t<p>Oktoberfest 2024 &#8211;\u00a0\u00a1Ein Prosit, ein Prosit, der Gem\u00fctlichkeit! (Brindis por la buena vida y el ambiente festivo) El 28 de septiembre tuvo lugar la 6\u00aa<\/p>\n\t\t<\/div>\n\t\t\n\t\t<a class=\"elementor-post__read-more\" href=\"https:\/\/www.forumsevilla.com\/es\/oktoberfest-2024\/\" aria-label=\"Read more about Oktoberfest 2024\" tabindex=\"-1\" >\n\t\t\tLeer m\u00e1s\t\t<\/a>\n\n\t\t\t\t<\/div>\n\t\t\t\t<div class=\"elementor-post__meta-data\">\n\t\t\t\t\t<span class=\"elementor-post-date\">\n\t\t\t28\/09\/2024\t\t<\/span>\n\t\t\t\t<span class=\"elementor-post-avatar\">\n\t\t\tNo hay comentarios\t\t<\/span>\n\t\t\t\t<\/div>\n\t\t\t\t\t<\/div>\n\t\t<\/article>\n\t\t\t\t<article class=\"elementor-post elementor-grid-item post-2647 post type-post status-publish format-standard has-post-thumbnail hentry category-actividades\">\n\t\t\t<div class=\"elementor-post__card\">\n\t\t\t\t<a class=\"elementor-post__thumbnail__link\" href=\"https:\/\/www.forumsevilla.com\/es\/oktoberfest-2024-2\/\" tabindex=\"-1\" ><div class=\"elementor-post__thumbnail\"><img loading=\"lazy\" decoding=\"async\" width=\"1502\" height=\"408\" src=\"https:\/\/www.forumsevilla.com\/wp-content\/uploads\/OF-2024.webp\" class=\"attachment-medium size-medium wp-image-2316\" alt=\"Oktoberfest 2024\" srcset=\"https:\/\/www.forumsevilla.com\/wp-content\/uploads\/OF-2024.webp 1502w, https:\/\/www.forumsevilla.com\/wp-content\/uploads\/OF-2024-768x209.webp 768w\" sizes=\"(max-width: 1502px) 100vw, 1502px\" \/><\/div><\/a>\n\t\t\t\t<div class=\"elementor-post__avatar\">\n\t\t\t\t\t<\/div>\n\t\t\t\t<div class=\"elementor-post__text\">\n\t\t\t\t<h3 class=\"elementor-post__title\">\n\t\t\t<a href=\"https:\/\/www.forumsevilla.com\/es\/oktoberfest-2024-2\/\" >\n\t\t\t\tOktoberfest 2024\t\t\t<\/a>\n\t\t<\/h3>\n\t\t\t\t<div class=\"elementor-post__excerpt\">\n\t\t\t<p>El 28 de septiembre tuvo lugar la 6\u00aa Oktoberfest en el Parque del Alamillo. Casi 200 entusiastas visitantes disfrutaron, bajo un clima espl\u00e9ndido, del ambiente b\u00e1varo.<\/p>\n\t\t<\/div>\n\t\t\n\t\t<a class=\"elementor-post__read-more\" href=\"https:\/\/www.forumsevilla.com\/es\/oktoberfest-2024-2\/\" aria-label=\"Read more about Oktoberfest 2024\" tabindex=\"-1\" >\n\t\t\tLeer m\u00e1s\t\t<\/a>\n\n\t\t\t\t<\/div>\n\t\t\t\t<div class=\"elementor-post__meta-data\">\n\t\t\t\t\t<span class=\"elementor-post-date\">\n\t\t\t28\/09\/2024\t\t<\/span>\n\t\t\t\t<span class=\"elementor-post-avatar\">\n\t\t\tNo hay comentarios\t\t<\/span>\n\t\t\t\t<\/div>\n\t\t\t\t\t<\/div>\n\t\t<\/article>\n\t\t\t\t<article class=\"elementor-post elementor-grid-item post-2118 post type-post status-publish format-standard has-post-thumbnail hentry category-actividades\">\n\t\t\t<div class=\"elementor-post__card\">\n\t\t\t\t<a class=\"elementor-post__thumbnail__link\" href=\"https:\/\/www.forumsevilla.com\/es\/reunion-social\/\" tabindex=\"-1\" ><div class=\"elementor-post__thumbnail\"><img loading=\"lazy\" decoding=\"async\" width=\"1060\" height=\"1068\" src=\"https:\/\/www.forumsevilla.com\/wp-content\/uploads\/soziales-treffen-1.jpg\" class=\"attachment-medium size-medium wp-image-2114\" alt=\"\" srcset=\"https:\/\/www.forumsevilla.com\/wp-content\/uploads\/soziales-treffen-1.jpg 1060w, https:\/\/www.forumsevilla.com\/wp-content\/uploads\/soziales-treffen-1-768x774.jpg 768w\" sizes=\"(max-width: 1060px) 100vw, 1060px\" \/><\/div><\/a>\n\t\t\t\t<div class=\"elementor-post__avatar\">\n\t\t\t\t\t<\/div>\n\t\t\t\t<div class=\"elementor-post__text\">\n\t\t\t\t<h3 class=\"elementor-post__title\">\n\t\t\t<a href=\"https:\/\/www.forumsevilla.com\/es\/reunion-social\/\" >\n\t\t\t\tReuni\u00f3n social\t\t\t<\/a>\n\t\t<\/h3>\n\t\t\t\t<div class=\"elementor-post__excerpt\">\n\t\t\t<p>Una tertulia se llev\u00f3 a cabo el martes 25 de junio de 2024 en el Bar Santa B\u00e1rbara del Parque Buhaira. M\u00e1s de 30 participantes,<\/p>\n\t\t<\/div>\n\t\t\n\t\t<a class=\"elementor-post__read-more\" href=\"https:\/\/www.forumsevilla.com\/es\/reunion-social\/\" aria-label=\"Read more about Reuni\u00f3n social\" tabindex=\"-1\" >\n\t\t\tLeer m\u00e1s\t\t<\/a>\n\n\t\t\t\t<\/div>\n\t\t\t\t<div class=\"elementor-post__meta-data\">\n\t\t\t\t\t<span class=\"elementor-post-date\">\n\t\t\t26\/06\/2024\t\t<\/span>\n\t\t\t\t<span class=\"elementor-post-avatar\">\n\t\t\tNo hay comentarios\t\t<\/span>\n\t\t\t\t<\/div>\n\t\t\t\t\t<\/div>\n\t\t<\/article>\n\t\t\t\t<article class=\"elementor-post elementor-grid-item post-2153 post type-post status-publish format-standard has-post-thumbnail hentry category-actividades\">\n\t\t\t<div class=\"elementor-post__card\">\n\t\t\t\t<a class=\"elementor-post__thumbnail__link\" href=\"https:\/\/www.forumsevilla.com\/es\/recorrido-detras-de-escena-del-teatro-de-la-maestranza-15-06-24\/\" tabindex=\"-1\" ><div class=\"elementor-post__thumbnail\"><img loading=\"lazy\" decoding=\"async\" width=\"1180\" height=\"885\" src=\"https:\/\/www.forumsevilla.com\/wp-content\/uploads\/IMG_0330.webp\" class=\"attachment-medium size-medium wp-image-2141\" alt=\"\" srcset=\"https:\/\/www.forumsevilla.com\/wp-content\/uploads\/IMG_0330.webp 1180w, https:\/\/www.forumsevilla.com\/wp-content\/uploads\/IMG_0330-768x576.webp 768w\" sizes=\"(max-width: 1180px) 100vw, 1180px\" \/><\/div><\/a>\n\t\t\t\t<div class=\"elementor-post__avatar\">\n\t\t\t\t\t<\/div>\n\t\t\t\t<div class=\"elementor-post__text\">\n\t\t\t\t<h3 class=\"elementor-post__title\">\n\t\t\t<a href=\"https:\/\/www.forumsevilla.com\/es\/recorrido-detras-de-escena-del-teatro-de-la-maestranza-15-06-24\/\" >\n\t\t\t\tRecorrido detr\u00e1s de escena del Teatro de la maestranza 15.06.24\t\t\t<\/a>\n\t\t<\/h3>\n\t\t\t\t<div class=\"elementor-post__excerpt\">\n\t\t\t<p>Pensamos que podr\u00eda ser interesante echar un vistazo entre bastidores de un teatro. Por eso organizamos un recorrido (en espa\u00f1ol) por el Teatro Maestranza.El 15<\/p>\n\t\t<\/div>\n\t\t\n\t\t<a class=\"elementor-post__read-more\" href=\"https:\/\/www.forumsevilla.com\/es\/recorrido-detras-de-escena-del-teatro-de-la-maestranza-15-06-24\/\" aria-label=\"Read more about Recorrido detr\u00e1s de escena del Teatro de la maestranza 15.06.24\" tabindex=\"-1\" >\n\t\t\tLeer m\u00e1s\t\t<\/a>\n\n\t\t\t\t<\/div>\n\t\t\t\t<div class=\"elementor-post__meta-data\">\n\t\t\t\t\t<span class=\"elementor-post-date\">\n\t\t\t16\/06\/2024\t\t<\/span>\n\t\t\t\t<span class=\"elementor-post-avatar\">\n\t\t\tNo hay comentarios\t\t<\/span>\n\t\t\t\t<\/div>\n\t\t\t\t\t<\/div>\n\t\t<\/article>\n\t\t\t\t<article class=\"elementor-post elementor-grid-item post-2059 post type-post status-publish format-standard has-post-thumbnail hentry category-actividades\">\n\t\t\t<div class=\"elementor-post__card\">\n\t\t\t\t<a class=\"elementor-post__thumbnail__link\" href=\"https:\/\/www.forumsevilla.com\/es\/photo-walk-07-05-24\/\" tabindex=\"-1\" ><div class=\"elementor-post__thumbnail\"><img loading=\"lazy\" decoding=\"async\" width=\"876\" height=\"658\" src=\"https:\/\/www.forumsevilla.com\/wp-content\/uploads\/Photo-Walk.jpg\" class=\"attachment-medium size-medium wp-image-2056\" alt=\"\" srcset=\"https:\/\/www.forumsevilla.com\/wp-content\/uploads\/Photo-Walk.jpg 876w, https:\/\/www.forumsevilla.com\/wp-content\/uploads\/Photo-Walk-768x577.jpg 768w\" sizes=\"(max-width: 876px) 100vw, 876px\" \/><\/div><\/a>\n\t\t\t\t<div class=\"elementor-post__avatar\">\n\t\t\t\t\t<\/div>\n\t\t\t\t<div class=\"elementor-post__text\">\n\t\t\t\t<h3 class=\"elementor-post__title\">\n\t\t\t<a href=\"https:\/\/www.forumsevilla.com\/es\/photo-walk-07-05-24\/\" >\n\t\t\t\tPhoto Walk 07.05.24\t\t\t<\/a>\n\t\t<\/h3>\n\t\t\t\t<div class=\"elementor-post__excerpt\">\n\t\t\t<p>El martes 7 de mayo de 2024 nos reunimos para un paseo fotogr\u00e1fico con la fot\u00f3grafa Monica Gumm.<\/p>\n\t\t<\/div>\n\t\t\n\t\t<a class=\"elementor-post__read-more\" href=\"https:\/\/www.forumsevilla.com\/es\/photo-walk-07-05-24\/\" aria-label=\"Read more about Photo Walk 07.05.24\" tabindex=\"-1\" >\n\t\t\tLeer m\u00e1s\t\t<\/a>\n\n\t\t\t\t<\/div>\n\t\t\t\t<div class=\"elementor-post__meta-data\">\n\t\t\t\t\t<span class=\"elementor-post-date\">\n\t\t\t07\/05\/2024\t\t<\/span>\n\t\t\t\t<span class=\"elementor-post-avatar\">\n\t\t\tNo hay comentarios\t\t<\/span>\n\t\t\t\t<\/div>\n\t\t\t\t\t<\/div>\n\t\t<\/article>\n\t\t\t\t<article class=\"elementor-post elementor-grid-item post-2014 post type-post status-publish format-standard has-post-thumbnail hentry category-actividades\">\n\t\t\t<div class=\"elementor-post__card\">\n\t\t\t\t<a class=\"elementor-post__thumbnail__link\" href=\"https:\/\/www.forumsevilla.com\/es\/forum-goes-feria-2024\/\" tabindex=\"-1\" ><div class=\"elementor-post__thumbnail\"><img loading=\"lazy\" decoding=\"async\" width=\"1205\" height=\"563\" src=\"https:\/\/www.forumsevilla.com\/wp-content\/uploads\/fOrum-goes-Feria-2024-2.jpg\" class=\"attachment-medium size-medium wp-image-2016\" alt=\"\" srcset=\"https:\/\/www.forumsevilla.com\/wp-content\/uploads\/fOrum-goes-Feria-2024-2.jpg 1205w, https:\/\/www.forumsevilla.com\/wp-content\/uploads\/fOrum-goes-Feria-2024-2-768x359.jpg 768w\" sizes=\"(max-width: 1205px) 100vw, 1205px\" \/><\/div><\/a>\n\t\t\t\t<div class=\"elementor-post__avatar\">\n\t\t\t\t\t<\/div>\n\t\t\t\t<div class=\"elementor-post__text\">\n\t\t\t\t<h3 class=\"elementor-post__title\">\n\t\t\t<a href=\"https:\/\/www.forumsevilla.com\/es\/forum-goes-feria-2024\/\" >\n\t\t\t\tfOrum goes Feria 2024\t\t\t<\/a>\n\t\t<\/h3>\n\t\t\t\t<div class=\"elementor-post__excerpt\">\n\t\t\t<p>Este a\u00f1o volvi\u00f3 a ser ese momento: el foro se convierte en Feria. El 18 de abril nos reunimos en la Caseta del Colegio de<\/p>\n\t\t<\/div>\n\t\t\n\t\t<a class=\"elementor-post__read-more\" href=\"https:\/\/www.forumsevilla.com\/es\/forum-goes-feria-2024\/\" aria-label=\"Read more about fOrum goes Feria 2024\" tabindex=\"-1\" >\n\t\t\tLeer m\u00e1s\t\t<\/a>\n\n\t\t\t\t<\/div>\n\t\t\t\t<div class=\"elementor-post__meta-data\">\n\t\t\t\t\t<span class=\"elementor-post-date\">\n\t\t\t18\/04\/2024\t\t<\/span>\n\t\t\t\t<span class=\"elementor-post-avatar\">\n\t\t\tNo hay comentarios\t\t<\/span>\n\t\t\t\t<\/div>\n\t\t\t\t\t<\/div>\n\t\t<\/article>\n\t\t\t\t<article class=\"elementor-post elementor-grid-item post-2166 post type-post status-publish format-standard has-post-thumbnail hentry category-actividades\">\n\t\t\t<div class=\"elementor-post__card\">\n\t\t\t\t<a class=\"elementor-post__thumbnail__link\" href=\"https:\/\/www.forumsevilla.com\/es\/reunion-social-el-25-01-24\/\" tabindex=\"-1\" ><div class=\"elementor-post__thumbnail\"><img loading=\"lazy\" decoding=\"async\" width=\"1857\" height=\"1229\" src=\"https:\/\/www.forumsevilla.com\/wp-content\/uploads\/Soziales-Treffen-25-01-24.jpg\" class=\"attachment-medium size-medium wp-image-2164\" alt=\"\" srcset=\"https:\/\/www.forumsevilla.com\/wp-content\/uploads\/Soziales-Treffen-25-01-24.jpg 1857w, https:\/\/www.forumsevilla.com\/wp-content\/uploads\/Soziales-Treffen-25-01-24-768x508.jpg 768w, https:\/\/www.forumsevilla.com\/wp-content\/uploads\/Soziales-Treffen-25-01-24-1536x1017.jpg 1536w\" sizes=\"(max-width: 1857px) 100vw, 1857px\" \/><\/div><\/a>\n\t\t\t\t<div class=\"elementor-post__avatar\">\n\t\t\t\t\t<\/div>\n\t\t\t\t<div class=\"elementor-post__text\">\n\t\t\t\t<h3 class=\"elementor-post__title\">\n\t\t\t<a href=\"https:\/\/www.forumsevilla.com\/es\/reunion-social-el-25-01-24\/\" >\n\t\t\t\tReuni\u00f3n social el 25\/01\/24\t\t\t<\/a>\n\t\t<\/h3>\n\t\t\t\t<div class=\"elementor-post__excerpt\">\n\t\t\t<p>A principios de a\u00f1o empezamos con una reuni\u00f3n social en el restaurante Donaire Azabache de la calle Gral, Polavieja. El reencuentro del nuevo a\u00f1o no<\/p>\n\t\t<\/div>\n\t\t\n\t\t<a class=\"elementor-post__read-more\" href=\"https:\/\/www.forumsevilla.com\/es\/reunion-social-el-25-01-24\/\" aria-label=\"Read more about Reuni\u00f3n social el 25\/01\/24\" tabindex=\"-1\" >\n\t\t\tLeer m\u00e1s\t\t<\/a>\n\n\t\t\t\t<\/div>\n\t\t\t\t<div class=\"elementor-post__meta-data\">\n\t\t\t\t\t<span class=\"elementor-post-date\">\n\t\t\t25\/01\/2024\t\t<\/span>\n\t\t\t\t<span class=\"elementor-post-avatar\">\n\t\t\tNo hay comentarios\t\t<\/span>\n\t\t\t\t<\/div>\n\t\t\t\t\t<\/div>\n\t\t<\/article>\n\t\t\t\t<article class=\"elementor-post elementor-grid-item post-2271 post type-post status-publish format-standard has-post-thumbnail hentry category-actividades\">\n\t\t\t<div class=\"elementor-post__card\">\n\t\t\t\t<a class=\"elementor-post__thumbnail__link\" href=\"https:\/\/www.forumsevilla.com\/es\/oktoberfest-2023-fue-genial\/\" tabindex=\"-1\" ><div class=\"elementor-post__thumbnail\"><img loading=\"lazy\" decoding=\"async\" width=\"720\" height=\"1280\" src=\"https:\/\/www.forumsevilla.com\/wp-content\/uploads\/Recuerdo-OF-23-2.webp\" class=\"attachment-medium size-medium wp-image-2268\" alt=\"Oktoberfest 2023\" \/><\/div><\/a>\n\t\t\t\t<div class=\"elementor-post__avatar\">\n\t\t\t\t\t<\/div>\n\t\t\t\t<div class=\"elementor-post__text\">\n\t\t\t\t<h3 class=\"elementor-post__title\">\n\t\t\t<a href=\"https:\/\/www.forumsevilla.com\/es\/oktoberfest-2023-fue-genial\/\" >\n\t\t\t\tOktoberfest 2023 &#8211; \u00a1fue genial!\t\t\t<\/a>\n\t\t<\/h3>\n\t\t\t\t<div class=\"elementor-post__excerpt\">\n\t\t\t<p>El 21 de octubre el 5 Oktoberfest se llev\u00f3 a cabo en el Parque de Alamillo. M\u00e1s de 200 entusiastas visitantes del Oktoberfest disfrutaron del<\/p>\n\t\t<\/div>\n\t\t\n\t\t<a class=\"elementor-post__read-more\" href=\"https:\/\/www.forumsevilla.com\/es\/oktoberfest-2023-fue-genial\/\" aria-label=\"Read more about Oktoberfest 2023 &#8211; \u00a1fue genial!\" tabindex=\"-1\" >\n\t\t\tLeer m\u00e1s\t\t<\/a>\n\n\t\t\t\t<\/div>\n\t\t\t\t<div class=\"elementor-post__meta-data\">\n\t\t\t\t\t<span class=\"elementor-post-date\">\n\t\t\t22\/10\/2023\t\t<\/span>\n\t\t\t\t<span class=\"elementor-post-avatar\">\n\t\t\tNo hay comentarios\t\t<\/span>\n\t\t\t\t<\/div>\n\t\t\t\t\t<\/div>\n\t\t<\/article>\n\t\t\t\t<article class=\"elementor-post elementor-grid-item post-2161 post type-post status-publish format-standard has-post-thumbnail hentry category-actividades\">\n\t\t\t<div class=\"elementor-post__card\">\n\t\t\t\t<a class=\"elementor-post__thumbnail__link\" href=\"https:\/\/www.forumsevilla.com\/es\/ciclo-de-conferencias-finanzas-e-inversion-en-2023\/\" tabindex=\"-1\" ><div class=\"elementor-post__thumbnail\"><img loading=\"lazy\" decoding=\"async\" width=\"1013\" height=\"1519\" src=\"https:\/\/www.forumsevilla.com\/wp-content\/uploads\/Vortrag-Finanzen-1.jpg\" class=\"attachment-medium size-medium wp-image-2158\" alt=\"\" srcset=\"https:\/\/www.forumsevilla.com\/wp-content\/uploads\/Vortrag-Finanzen-1.jpg 1013w, https:\/\/www.forumsevilla.com\/wp-content\/uploads\/Vortrag-Finanzen-1-768x1152.jpg 768w\" sizes=\"(max-width: 1013px) 100vw, 1013px\" \/><\/div><\/a>\n\t\t\t\t<div class=\"elementor-post__avatar\">\n\t\t\t\t\t<\/div>\n\t\t\t\t<div class=\"elementor-post__text\">\n\t\t\t\t<h3 class=\"elementor-post__title\">\n\t\t\t<a href=\"https:\/\/www.forumsevilla.com\/es\/ciclo-de-conferencias-finanzas-e-inversion-en-2023\/\" >\n\t\t\t\tCiclo de conferencias \u201cFinanzas e Inversi\u00f3n\u201d en 2023\t\t\t<\/a>\n\t\t<\/h3>\n\t\t\t\t<div class=\"elementor-post__excerpt\">\n\t\t\t<p>Durante dos noches, concretamente el 19 de septiembre y el 5 de octubre, nuestro miembro Ralf Brach habl\u00f3 sobre contextos empresariales y econ\u00f3micos al invertir<\/p>\n\t\t<\/div>\n\t\t\n\t\t<a class=\"elementor-post__read-more\" href=\"https:\/\/www.forumsevilla.com\/es\/ciclo-de-conferencias-finanzas-e-inversion-en-2023\/\" aria-label=\"Read more about Ciclo de conferencias \u201cFinanzas e Inversi\u00f3n\u201d en 2023\" tabindex=\"-1\" >\n\t\t\tLeer m\u00e1s\t\t<\/a>\n\n\t\t\t\t<\/div>\n\t\t\t\t<div class=\"elementor-post__meta-data\">\n\t\t\t\t\t<span class=\"elementor-post-date\">\n\t\t\t15\/10\/2023\t\t<\/span>\n\t\t\t\t<span class=\"elementor-post-avatar\">\n\t\t\tNo hay comentarios\t\t<\/span>\n\t\t\t\t<\/div>\n\t\t\t\t\t<\/div>\n\t\t<\/article>\n\t\t\t\t<\/div>\n\t\t\t\t\t<span class=\"e-load-more-spinner\">\n\t\t\t\t<i aria-hidden=\"true\" class=\"fas fa-spinner\"><\/i>\t\t\t<\/span>\n\t\t\n\t\t\t\t<\/div>\n\t\t\t\t<\/div>\n\t\t\t\t\t<\/div>\n\t\t<\/div>\n\t\t\t\t\t<\/div>\n\t\t<\/section>\n\t\t\t\t<\/div>\n\t\t","protected":false},"excerpt":{"rendered":"<p>Actividades<\/p>\n","protected":false},"author":1,"featured_media":0,"parent":0,"menu_order":0,"comment_status":"closed","ping_status":"closed","template":"elementor_header_footer","meta":{"footnotes":""},"class_list":["post-1708","page","type-page","status-publish","hentry"],"rankMath":{"parentDomain":"forumsevilla.com","noFollowDomains":[],"noFollowExcludeDomains":[],"noFollowExternalLinks":false,"featuredImageNotice":"La imagen destacada debe tener al menos 200 por 200 p\u00edxeles para que Facebook y otros sitios de redes sociales puedan escogerla.","pluginReviewed":true,"postSettings":{"linkSuggestions":true,"useFocusKeyword":false},"frontEndScore":false,"postName":"ciclo-de-conferencias-finanzas-e-inversion-en-2023","permalinkFormat":"https:\/\/www.forumsevilla.com\/es\/%postname%\/","showLockModifiedDate":true,"assessor":{"focusKeywordLink":"https:\/\/www.forumsevilla.com\/wp-admin\/edit.php?focus_keyword=%focus_keyword%&post_type=%post_type%","hasTOCPlugin":true,"primaryTaxonomy":{"title":"Categor\u00eda","name":"category","singularLabel":"Categor\u00eda","restBase":"categories"},"serpData":{"title":"","description":"","focusKeywords":"","pillarContent":false,"canonicalUrl":"","breadcrumbTitle":"","advancedRobots":{"max-snippet":"-1","max-video-preview":"-1","max-image-preview":"large"},"facebookTitle":"","facebookDescription":"","facebookImage":"","facebookImageID":"","facebookHasOverlay":false,"facebookImageOverlay":"","facebookAuthor":"","twitterCardType":"","twitterUseFacebook":true,"twitterTitle":"","twitterDescription":"","twitterImage":"","twitterImageID":"","twitterHasOverlay":false,"twitterImageOverlay":"","twitterPlayerUrl":"","twitterPlayerSize":"","twitterPlayerStream":"","twitterPlayerStreamCtype":"","twitterAppDescription":"","twitterAppIphoneName":"","twitterAppIphoneID":"","twitterAppIphoneUrl":"","twitterAppIpadName":"","twitterAppIpadID":"","twitterAppIpadUrl":"","twitterAppGoogleplayName":"","twitterAppGoogleplayID":"","twitterAppGoogleplayUrl":"","twitterAppCountry":"","robots":{"index":true},"twitterAuthor":"nombre de usuario","primaryTerm":0,"authorName":"admin","titleTemplate":"%title% %sep% %sitename%","descriptionTemplate":"%excerpt%","showScoreFrontend":true,"lockModifiedDate":false},"powerWords":["incre\u00edble","asombroso","maravilloso","\u00fanico","hermoso","felicidad","brillante","cautivador","carism\u00e1tico","impactante","claro","completamente","confidencial","confianza","significativo","creativo","definitivamente","delicioso","demostrar","apres\u00farate","decidido","digno","din\u00e1mico","impresionante","esencial","inspirador","innovador","intenso","eficaz","m\u00e1gico","magn\u00edfico","hist\u00f3rico","importante","incre\u00edble","indispensable","inolvidable","irresistible","legendario","luminoso","lujo","m\u00e1gico","magn\u00edfico","majestuoso","memorable","maravilloso","milagroso","motivador","necesario","nuevo","oficial","perfecto","apasionado","persuasivo","fenomenal","placer","popular","poder","prestigioso","prodigioso","profundo","pr\u00f3spero","poderoso","calidad","radiante","r\u00e1pido","exitoso","revolucionario","satisfecho","seguridad","sensacional","sereno","suntuoso","espl\u00e9ndido","sublime","sorprendente","talentoso","terror\u00edfico","\u00fanico","valor","vibrante","victorioso","vivo","verdaderamente","celoso","aut\u00e9ntico","aventurero","espectacular","exclusivo","garantizado","extraordinario","fabuloso","fascinante","formidable","genial","grandioso","gratuito","h\u00e1bil","ilimitado","impecable","infalible","infinitamente","influyente","ingenioso","inolvidable","irremplazable","l\u00edder","maestro","notable","novedoso","pionero","poderoso","reconocido","revolucionario","sorprendente","superior","triunfante","ultra","valiente","valioso","vanguardista","vigoroso","visionario","voluntad","vital","triunfo","glorioso","imparable","inigualable","inteligente","invencible","libertad","orgullo","paz","progreso","renovado","sabidur\u00eda","satisfacci\u00f3n","seguro","serenidad","superaci\u00f3n","talento","transcendente","transformador","valent\u00eda","victoria"],"diacritics":{"A":"[\\u0041\\u24B6\\uFF21\\u00C0\\u00C1\\u00C2\\u1EA6\\u1EA4\\u1EAA\\u1EA8\\u00C3\\u0100\\u0102\\u1EB0\\u1EAE\\u1EB4\\u1EB2\\u0226\\u01E0\\u00C4\\u01DE\\u1EA2\\u00C5\\u01FA\\u01CD\\u0200\\u0202\\u1EA0\\u1EAC\\u1EB6\\u1E00\\u0104\\u023A\\u2C6F]","AA":"[\\uA732]","AE":"[\\u00C6\\u01FC\\u01E2]","AO":"[\\uA734]","AU":"[\\uA736]","AV":"[\\uA738\\uA73A]","AY":"[\\uA73C]","B":"[\\u0042\\u24B7\\uFF22\\u1E02\\u1E04\\u1E06\\u0243\\u0182\\u0181]","C":"[\\u0043\\u24B8\\uFF23\\u0106\\u0108\\u010A\\u010C\\u00C7\\u1E08\\u0187\\u023B\\uA73E]","D":"[\\u0044\\u24B9\\uFF24\\u1E0A\\u010E\\u1E0C\\u1E10\\u1E12\\u1E0E\\u0110\\u018B\\u018A\\u0189\\uA779]","DZ":"[\\u01F1\\u01C4]","Dz":"[\\u01F2\\u01C5]","E":"[\\u0045\\u24BA\\uFF25\\u00C8\\u00C9\\u00CA\\u1EC0\\u1EBE\\u1EC4\\u1EC2\\u1EBC\\u0112\\u1E14\\u1E16\\u0114\\u0116\\u00CB\\u1EBA\\u011A\\u0204\\u0206\\u1EB8\\u1EC6\\u0228\\u1E1C\\u0118\\u1E18\\u1E1A\\u0190\\u018E]","F":"[\\u0046\\u24BB\\uFF26\\u1E1E\\u0191\\uA77B]","G":"[\\u0047\\u24BC\\uFF27\\u01F4\\u011C\\u1E20\\u011E\\u0120\\u01E6\\u0122\\u01E4\\u0193\\uA7A0\\uA77D\\uA77E]","H":"[\\u0048\\u24BD\\uFF28\\u0124\\u1E22\\u1E26\\u021E\\u1E24\\u1E28\\u1E2A\\u0126\\u2C67\\u2C75\\uA78D]","I":"[\\u0049\\u24BE\\uFF29\\u00CC\\u00CD\\u00CE\\u0128\\u012A\\u012C\\u0130\\u00CF\\u1E2E\\u1EC8\\u01CF\\u0208\\u020A\\u1ECA\\u012E\\u1E2C\\u0197]","J":"[\\u004A\\u24BF\\uFF2A\\u0134\\u0248]","K":"[\\u004B\\u24C0\\uFF2B\\u1E30\\u01E8\\u1E32\\u0136\\u1E34\\u0198\\u2C69\\uA740\\uA742\\uA744\\uA7A2]","L":"[\\u004C\\u24C1\\uFF2C\\u013F\\u0139\\u013D\\u1E36\\u1E38\\u013B\\u1E3C\\u1E3A\\u0141\\u023D\\u2C62\\u2C60\\uA748\\uA746\\uA780]","LJ":"[\\u01C7]","Lj":"[\\u01C8]","M":"[\\u004D\\u24C2\\uFF2D\\u1E3E\\u1E40\\u1E42\\u2C6E\\u019C]","N":"[\\u004E\\u24C3\\uFF2E\\u01F8\\u0143\\u00D1\\u1E44\\u0147\\u1E46\\u0145\\u1E4A\\u1E48\\u0220\\u019D\\uA790\\uA7A4]","NJ":"[\\u01CA]","Nj":"[\\u01CB]","O":"[\\u004F\\u24C4\\uFF2F\\u00D2\\u00D3\\u00D4\\u1ED2\\u1ED0\\u1ED6\\u1ED4\\u00D5\\u1E4C\\u022C\\u1E4E\\u014C\\u1E50\\u1E52\\u014E\\u022E\\u0230\\u00D6\\u022A\\u1ECE\\u0150\\u01D1\\u020C\\u020E\\u01A0\\u1EDC\\u1EDA\\u1EE0\\u1EDE\\u1EE2\\u1ECC\\u1ED8\\u01EA\\u01EC\\u00D8\\u01FE\\u0186\\u019F\\uA74A\\uA74C]","OI":"[\\u01A2]","OO":"[\\uA74E]","OU":"[\\u0222]","P":"[\\u0050\\u24C5\\uFF30\\u1E54\\u1E56\\u01A4\\u2C63\\uA750\\uA752\\uA754]","Q":"[\\u0051\\u24C6\\uFF31\\uA756\\uA758\\u024A]","R":"[\\u0052\\u24C7\\uFF32\\u0154\\u1E58\\u0158\\u0210\\u0212\\u1E5A\\u1E5C\\u0156\\u1E5E\\u024C\\u2C64\\uA75A\\uA7A6\\uA782]","S":"[\\u0053\\u24C8\\uFF33\\u1E9E\\u015A\\u1E64\\u015C\\u1E60\\u0160\\u1E66\\u1E62\\u1E68\\u0218\\u015E\\u2C7E\\uA7A8\\uA784]","T":"[\\u0054\\u24C9\\uFF34\\u1E6A\\u0164\\u1E6C\\u021A\\u0162\\u1E70\\u1E6E\\u0166\\u01AC\\u01AE\\u023E\\uA786]","TZ":"[\\uA728]","U":"[\\u0055\\u24CA\\uFF35\\u00D9\\u00DA\\u00DB\\u0168\\u1E78\\u016A\\u1E7A\\u016C\\u00DC\\u01DB\\u01D7\\u01D5\\u01D9\\u1EE6\\u016E\\u0170\\u01D3\\u0214\\u0216\\u01AF\\u1EEA\\u1EE8\\u1EEE\\u1EEC\\u1EF0\\u1EE4\\u1E72\\u0172\\u1E76\\u1E74\\u0244]","V":"[\\u0056\\u24CB\\uFF36\\u1E7C\\u1E7E\\u01B2\\uA75E\\u0245]","VY":"[\\uA760]","W":"[\\u0057\\u24CC\\uFF37\\u1E80\\u1E82\\u0174\\u1E86\\u1E84\\u1E88\\u2C72]","X":"[\\u0058\\u24CD\\uFF38\\u1E8A\\u1E8C]","Y":"[\\u0059\\u24CE\\uFF39\\u1EF2\\u00DD\\u0176\\u1EF8\\u0232\\u1E8E\\u0178\\u1EF6\\u1EF4\\u01B3\\u024E\\u1EFE]","Z":"[\\u005A\\u24CF\\uFF3A\\u0179\\u1E90\\u017B\\u017D\\u1E92\\u1E94\\u01B5\\u0224\\u2C7F\\u2C6B\\uA762]","a":"[\\u0061\\u24D0\\uFF41\\u1E9A\\u00E0\\u00E1\\u00E2\\u1EA7\\u1EA5\\u1EAB\\u1EA9\\u00E3\\u0101\\u0103\\u1EB1\\u1EAF\\u1EB5\\u1EB3\\u0227\\u01E1\\u00E4\\u01DF\\u1EA3\\u00E5\\u01FB\\u01CE\\u0201\\u0203\\u1EA1\\u1EAD\\u1EB7\\u1E01\\u0105\\u2C65\\u0250]","aa":"[\\uA733]","ae":"[\\u00E6\\u01FD\\u01E3]","ao":"[\\uA735]","au":"[\\uA737]","av":"[\\uA739\\uA73B]","ay":"[\\uA73D]","b":"[\\u0062\\u24D1\\uFF42\\u1E03\\u1E05\\u1E07\\u0180\\u0183\\u0253]","c":"[\\u0063\\u24D2\\uFF43\\u0107\\u0109\\u010B\\u010D\\u00E7\\u1E09\\u0188\\u023C\\uA73F\\u2184]","d":"[\\u0064\\u24D3\\uFF44\\u1E0B\\u010F\\u1E0D\\u1E11\\u1E13\\u1E0F\\u0111\\u018C\\u0256\\u0257\\uA77A]","dz":"[\\u01F3\\u01C6]","e":"[\\u0065\\u24D4\\uFF45\\u00E8\\u00E9\\u00EA\\u1EC1\\u1EBF\\u1EC5\\u1EC3\\u1EBD\\u0113\\u1E15\\u1E17\\u0115\\u0117\\u00EB\\u1EBB\\u011B\\u0205\\u0207\\u1EB9\\u1EC7\\u0229\\u1E1D\\u0119\\u1E19\\u1E1B\\u0247\\u025B\\u01DD]","f":"[\\u0066\\u24D5\\uFF46\\u1E1F\\u0192\\uA77C]","g":"[\\u0067\\u24D6\\uFF47\\u01F5\\u011D\\u1E21\\u011F\\u0121\\u01E7\\u0123\\u01E5\\u0260\\uA7A1\\u1D79\\uA77F]","h":"[\\u0068\\u24D7\\uFF48\\u0125\\u1E23\\u1E27\\u021F\\u1E25\\u1E29\\u1E2B\\u1E96\\u0127\\u2C68\\u2C76\\u0265]","hv":"[\\u0195]","i":"[\\u0069\\u24D8\\uFF49\\u00EC\\u00ED\\u00EE\\u0129\\u012B\\u012D\\u00EF\\u1E2F\\u1EC9\\u01D0\\u0209\\u020B\\u1ECB\\u012F\\u1E2D\\u0268\\u0131]","j":"[\\u006A\\u24D9\\uFF4A\\u0135\\u01F0\\u0249]","k":"[\\u006B\\u24DA\\uFF4B\\u1E31\\u01E9\\u1E33\\u0137\\u1E35\\u0199\\u2C6A\\uA741\\uA743\\uA745\\uA7A3]","l":"[\\u006C\\u24DB\\uFF4C\\u0140\\u013A\\u013E\\u1E37\\u1E39\\u013C\\u1E3D\\u1E3B\\u017F\\u0142\\u019A\\u026B\\u2C61\\uA749\\uA781\\uA747]","lj":"[\\u01C9]","m":"[\\u006D\\u24DC\\uFF4D\\u1E3F\\u1E41\\u1E43\\u0271\\u026F]","n":"[\\u006E\\u24DD\\uFF4E\\u01F9\\u0144\\u00F1\\u1E45\\u0148\\u1E47\\u0146\\u1E4B\\u1E49\\u019E\\u0272\\u0149\\uA791\\uA7A5]","nj":"[\\u01CC]","o":"[\\u006F\\u24DE\\uFF4F\\u00F2\\u00F3\\u00F4\\u1ED3\\u1ED1\\u1ED7\\u1ED5\\u00F5\\u1E4D\\u022D\\u1E4F\\u014D\\u1E51\\u1E53\\u014F\\u022F\\u0231\\u00F6\\u022B\\u1ECF\\u0151\\u01D2\\u020D\\u020F\\u01A1\\u1EDD\\u1EDB\\u1EE1\\u1EDF\\u1EE3\\u1ECD\\u1ED9\\u01EB\\u01ED\\u00F8\\u01FF\\u0254\\uA74B\\uA74D\\u0275]","oi":"[\\u01A3]","ou":"[\\u0223]","oo":"[\\uA74F]","p":"[\\u0070\\u24DF\\uFF50\\u1E55\\u1E57\\u01A5\\u1D7D\\uA751\\uA753\\uA755]","q":"[\\u0071\\u24E0\\uFF51\\u024B\\uA757\\uA759]","r":"[\\u0072\\u24E1\\uFF52\\u0155\\u1E59\\u0159\\u0211\\u0213\\u1E5B\\u1E5D\\u0157\\u1E5F\\u024D\\u027D\\uA75B\\uA7A7\\uA783]","s":"[\\u0073\\u24E2\\uFF53\\u015B\\u1E65\\u015D\\u1E61\\u0161\\u1E67\\u1E63\\u1E69\\u0219\\u015F\\u023F\\uA7A9\\uA785\\u1E9B]","ss":"[\\u00DF]","t":"[\\u0074\\u24E3\\uFF54\\u1E6B\\u1E97\\u0165\\u1E6D\\u021B\\u0163\\u1E71\\u1E6F\\u0167\\u01AD\\u0288\\u2C66\\uA787]","tz":"[\\uA729]","u":"[\\u0075\\u24E4\\uFF55\\u00F9\\u00FA\\u00FB\\u0169\\u1E79\\u016B\\u1E7B\\u016D\\u00FC\\u01DC\\u01D8\\u01D6\\u01DA\\u1EE7\\u016F\\u0171\\u01D4\\u0215\\u0217\\u01B0\\u1EEB\\u1EE9\\u1EEF\\u1EED\\u1EF1\\u1EE5\\u1E73\\u0173\\u1E77\\u1E75\\u0289]","v":"[\\u0076\\u24E5\\uFF56\\u1E7D\\u1E7F\\u028B\\uA75F\\u028C]","vy":"[\\uA761]","w":"[\\u0077\\u24E6\\uFF57\\u1E81\\u1E83\\u0175\\u1E87\\u1E85\\u1E98\\u1E89\\u2C73]","x":"[\\u0078\\u24E7\\uFF58\\u1E8B\\u1E8D]","y":"[\\u0079\\u24E8\\uFF59\\u1EF3\\u00FD\\u0177\\u1EF9\\u0233\\u1E8F\\u00FF\\u1EF7\\u1E99\\u1EF5\\u01B4\\u024F\\u1EFF]","z":"[\\u007A\\u24E9\\uFF5A\\u017A\\u1E91\\u017C\\u017E\\u1E93\\u1E95\\u01B6\\u0225\\u0240\\u2C6C\\uA763]"},"researchesTests":["contentHasTOC","contentHasShortParagraphs","contentHasAssets","keywordInTitle","keywordInMetaDescription","keywordInPermalink","keywordIn10Percent","keywordInContent","keywordInSubheadings","keywordInImageAlt","keywordDensity","keywordNotUsed","lengthContent","lengthPermalink","linksHasInternal","linksHasExternals","linksNotAllExternals","titleStartWithKeyword","titleSentiment","titleHasPowerWords","titleHasNumber","hasContentAI"],"hasRedirection":false,"hasBreadcrumb":false},"homeUrl":"https:\/\/www.forumsevilla.com\/es\/","objectID":2161,"objectType":"post","locale":"es","localeFull":"es_ES","overlayImages":{"play":{"name":"Icono de reproducci\u00f3n","url":"https:\/\/www.forumsevilla.com\/wp-content\/plugins\/seo-by-rank-math\/assets\/admin\/img\/icon-play.png","path":"\/home\/p262540\/forumsevilla.com\/wp-content\/plugins\/seo-by-rank-math\/assets\/admin\/img\/icon-play.png","position":"middle_center"},"gif":{"name":"Icono GIF","url":"https:\/\/www.forumsevilla.com\/wp-content\/plugins\/seo-by-rank-math\/assets\/admin\/img\/icon-gif.png","path":"\/home\/p262540\/forumsevilla.com\/wp-content\/plugins\/seo-by-rank-math\/assets\/admin\/img\/icon-gif.png","position":"middle_center"}},"defautOgImage":"https:\/\/www.forumsevilla.com\/wp-content\/uploads\/der-vorstand-header1.webp","customPermalinks":true,"isUserRegistered":true,"autoSuggestKeywords":true,"connectSiteUrl":"https:\/\/rankmath.com\/auth?site=https%3A%2F%2Fwww.forumsevilla.com%2Fes%2F&r=https%3A%2F%2Fwww.forumsevilla.com%2Fes%2Fwp-json%2Fwp%2Fv2%2Fpages%2F1708%3Fnonce%3D99643fc1f6&pro=1","maxTags":100,"trendsIcon":"<svg viewBox=\"0 0 610 610\"><path d=\"M18.85,446,174.32,290.48l58.08,58.08L76.93,504a14.54,14.54,0,0,1-20.55,0L18.83,466.48a14.54,14.54,0,0,1,0-20.55Z\" style=\"fill:#4285f4\"\/><path d=\"M242.65,242.66,377.59,377.6l-47.75,47.75a14.54,14.54,0,0,1-20.55,0L174.37,290.43l47.75-47.75A14.52,14.52,0,0,1,242.65,242.66Z\" style=\"fill:#ea4335\"\/><polygon points=\"319.53 319.53 479.26 159.8 537.34 217.88 377.61 377.62 319.53 319.53\" style=\"fill:#fabb05\"\/><path d=\"M594.26,262.73V118.61h0a16.94,16.94,0,0,0-16.94-16.94H433.2a16.94,16.94,0,0,0-12,28.92L565.34,274.71h0a16.94,16.94,0,0,0,28.92-12Z\" style=\"fill:#34a853\"\/><rect width=\"610\" height=\"610\" style=\"fill:none\"\/><\/svg>","showScore":true,"siteFavIcon":"https:\/\/www.forumsevilla.com\/wp-content\/uploads\/favicon1.webp","canUser":{"general":false,"advanced":false,"snippet":false,"social":false,"analysis":false,"analytics":false,"content_ai":false},"isPro":true,"is_front_page":false,"trendsUpgradeLink":"https:\/\/rankmath.com\/pricing\/?utm_source=Plugin&utm_medium=CE%20General%20Tab%20Trends&utm_campaign=WP","trendsUpgradeLabel":"Actualizar","trendsPreviewImage":"https:\/\/www.forumsevilla.com\/wp-content\/plugins\/seo-by-rank-math\/assets\/admin\/img\/trends-preview.jpg","currentEditor":false,"homepageData":{"assessor":{"powerWords":["incre\u00edble","asombroso","maravilloso","\u00fanico","hermoso","felicidad","brillante","cautivador","carism\u00e1tico","impactante","claro","completamente","confidencial","confianza","significativo","creativo","definitivamente","delicioso","demostrar","apres\u00farate","decidido","digno","din\u00e1mico","impresionante","esencial","inspirador","innovador","intenso","eficaz","m\u00e1gico","magn\u00edfico","hist\u00f3rico","importante","incre\u00edble","indispensable","inolvidable","irresistible","legendario","luminoso","lujo","m\u00e1gico","magn\u00edfico","majestuoso","memorable","maravilloso","milagroso","motivador","necesario","nuevo","oficial","perfecto","apasionado","persuasivo","fenomenal","placer","popular","poder","prestigioso","prodigioso","profundo","pr\u00f3spero","poderoso","calidad","radiante","r\u00e1pido","exitoso","revolucionario","satisfecho","seguridad","sensacional","sereno","suntuoso","espl\u00e9ndido","sublime","sorprendente","talentoso","terror\u00edfico","\u00fanico","valor","vibrante","victorioso","vivo","verdaderamente","celoso","aut\u00e9ntico","aventurero","espectacular","exclusivo","garantizado","extraordinario","fabuloso","fascinante","formidable","genial","grandioso","gratuito","h\u00e1bil","ilimitado","impecable","infalible","infinitamente","influyente","ingenioso","inolvidable","irremplazable","l\u00edder","maestro","notable","novedoso","pionero","poderoso","reconocido","revolucionario","sorprendente","superior","triunfante","ultra","valiente","valioso","vanguardista","vigoroso","visionario","voluntad","vital","triunfo","glorioso","imparable","inigualable","inteligente","invencible","libertad","orgullo","paz","progreso","renovado","sabidur\u00eda","satisfacci\u00f3n","seguro","serenidad","superaci\u00f3n","talento","transcendente","transformador","valent\u00eda","victoria"],"diacritics":true,"researchesTests":["contentHasTOC","contentHasShortParagraphs","contentHasAssets","keywordInTitle","keywordInMetaDescription","keywordInPermalink","keywordIn10Percent","keywordInContent","keywordInSubheadings","keywordInImageAlt","keywordDensity","keywordNotUsed","lengthContent","lengthPermalink","linksHasInternal","linksHasExternals","linksNotAllExternals","titleStartWithKeyword","titleSentiment","titleHasPowerWords","titleHasNumber","hasContentAI"],"hasBreadcrumb":false,"serpData":{"title":"%sitename% %page% %sep% %sitedesc%","description":"","titleTemplate":"%sitename% %page% %sep% %sitedesc%","descriptionTemplate":"","focusKeywords":"","breadcrumbTitle":"Home","robots":{"index":true},"advancedRobots":{"max-snippet":"-1","max-video-preview":"-1","max-image-preview":"large"},"facebookTitle":"","facebookDescription":"","facebookImage":"","facebookImageID":""}}},"isAnalyticsConnected":false,"tocTitle":"Table of Contents","tocExcludeHeadings":[],"listStyle":"ul"},"_links":{"self":[{"href":"https:\/\/www.forumsevilla.com\/es\/wp-json\/wp\/v2\/pages\/1708","targetHints":{"allow":["GET"]}}],"collection":[{"href":"https:\/\/www.forumsevilla.com\/es\/wp-json\/wp\/v2\/pages"}],"about":[{"href":"https:\/\/www.forumsevilla.com\/es\/wp-json\/wp\/v2\/types\/page"}],"author":[{"embeddable":true,"href":"https:\/\/www.forumsevilla.com\/es\/wp-json\/wp\/v2\/users\/1"}],"replies":[{"embeddable":true,"href":"https:\/\/www.forumsevilla.com\/es\/wp-json\/wp\/v2\/comments?post=1708"}],"version-history":[{"count":24,"href":"https:\/\/www.forumsevilla.com\/es\/wp-json\/wp\/v2\/pages\/1708\/revisions"}],"predecessor-version":[{"id":2311,"href":"https:\/\/www.forumsevilla.com\/es\/wp-json\/wp\/v2\/pages\/1708\/revisions\/2311"}],"wp:attachment":[{"href":"https:\/\/www.forumsevilla.com\/es\/wp-json\/wp\/v2\/media?parent=1708"}],"curies":[{"name":"wp","href":"https:\/\/api.w.org\/{rel}","templated":true}]}}